{"id":5020,"date":"2022-07-20T14:35:44","date_gmt":"2022-07-20T14:35:44","guid":{"rendered":"https:\/\/miquelperez.com\/project\/el-collar-de-la-coloma-ibn-hazn-cordova-994-1064\/"},"modified":"2026-04-30T08:29:32","modified_gmt":"2026-04-30T08:29:32","slug":"el-collar-de-la-coloma-ibn-hazn-cordova-994-1064","status":"publish","type":"project","link":"https:\/\/miquelperez.com\/en\/project\/el-collar-de-la-coloma-ibn-hazn-cordova-994-1064\/","title":{"rendered":"EL COLLAR DE LA COLOMA Ibn Hazn C\u00f2rdova (994-1064). 2022"},"content":{"rendered":"<p>[et_pb_section fb_built=&#8221;1&#8243; admin_label=&#8221;section&#8221; _builder_version=&#8221;4.16&#8243; global_colors_info=&#8221;{}&#8221;][et_pb_row column_structure=&#8221;1_2,1_2&#8243; admin_label=&#8221;row&#8221; _builder_version=&#8221;4.16&#8243; background_size=&#8221;initial&#8221; background_position=&#8221;top_left&#8221; background_repeat=&#8221;repeat&#8221; global_colors_info=&#8221;{}&#8221;][et_pb_column type=&#8221;1_2&#8243; _builder_version=&#8221;4.16&#8243; custom_padding=&#8221;|||&#8221; global_colors_info=&#8221;{}&#8221; custom_padding__hover=&#8221;|||&#8221;][et_pb_gallery gallery_ids=&#8221;4990&#8243; fullwidth=&#8221;on&#8221; admin_label=&#8221;Galer\u00eda&#8221; _builder_version=&#8221;4.16&#8243; use_border_color=&#8221;off&#8221; border_color=&#8221;#ffffff&#8221; border_style=&#8221;solid&#8221; global_colors_info=&#8221;{}&#8221;][\/et_pb_gallery][et_pb_video src=&#8221;https:\/\/www.youtube.com\/watch?v=ptklP5femOI&#8221; admin_label=&#8221;V\u00eddeo&#8221; _builder_version=&#8221;4.19.5&#8243; custom_margin=&#8221;||8px|||&#8221; global_colors_info=&#8221;{}&#8221;][\/et_pb_video][et_pb_video src=&#8221;https:\/\/www.youtube.com\/watch?v=c5y4AQ5n3Yk&#8221; admin_label=&#8221;V\u00eddeo&#8221; _builder_version=&#8221;4.17.6&#8243; custom_margin=&#8221;||8px|||&#8221; global_colors_info=&#8221;{}&#8221;][\/et_pb_video][et_pb_text _builder_version=&#8221;4.17.6&#8243; _module_preset=&#8221;default&#8221; global_colors_info=&#8221;{}&#8221;]<\/p>\n<p>Poema: \u00abEl jardi m\u2019acull\u00bb \u2013 El Collar de la Coloma (1022)<br \/>Autor: Ibn-Hazm de C\u00f2rdova<br \/>Traducci\u00f3: Antoni Mart\u00ednez<br \/>Rapsode: Vicent Camps<br \/>M\u00fasica Original i guitarra: Miquel P\u00e9rez<br \/>Dansa: Sara Guirado<br \/>Percussi\u00f3: Diego L\u00f3pez<br \/>Lla\u00fct: Tobal Rentero<br \/>Flautes i clarinet: Maria Moreno<br \/>Lloc: Monestir de \u00abSan Miguel de los Reyes\u00bb<br \/>13 de novembre del 2022<\/p>\n<p>[\/et_pb_text][et_pb_image src=&#8221;https:\/\/miquelperez.com\/wp-content\/uploads\/2022\/07\/Miquel-perez-EL-COLLAR-DE-LA-COLOMA-2.jpg&#8221; title_text=&#8221;Miquel-perez-EL-COLLAR-DE-LA-COLOMA-2&#8243; _builder_version=&#8221;4.16&#8243; _module_preset=&#8221;default&#8221; global_colors_info=&#8221;{}&#8221;][\/et_pb_image][et_pb_text admin_label=&#8221;lista de temas&#8221; _builder_version=&#8221;4.19.5&#8243; text_text_color=&#8221;#ffffff&#8221; background_color=&#8221;#d9922c&#8221; background_size=&#8221;initial&#8221; background_position=&#8221;top_left&#8221; background_repeat=&#8221;repeat&#8221; custom_margin=&#8221;||-1px|||&#8221; custom_padding=&#8221;10px|10px|10px|10px&#8221; use_border_color=&#8221;off&#8221; locked=&#8221;off&#8221; global_colors_info=&#8221;{}&#8221;]<\/p>\n<p><strong>REVIEWS IN THE PRESS<\/strong><\/p>\n<p>[\/et_pb_text][et_pb_text _builder_version=&#8221;4.19.5&#8243; _module_preset=&#8221;default&#8221; custom_padding=&#8221;10px|10px|10px|10px|false|false&#8221; border_width_all=&#8221;1px&#8221; border_color_all=&#8221;#E09900&#8243; global_colors_info=&#8221;{}&#8221;]LA MARINA PLAZA<\/p>\n<p class=\"posttitle\"><a href=\"https:\/\/lamarinaplaza.com\/2023\/03\/16\/denia-collar-de-la-coloma-xativa-poesia-musica-dansa-ib-hzam-cordova\/\" target=\"_blank\" rel=\"noopener\">Llega a D\u00e9nia &#8216;El collar de la paloma&#8217;, el espect\u00e1culo de poes\u00eda, m\u00fasica y danza basado en la obra del escritor andalus\u00ed Ib Hzam<\/a><\/p>\n<p class=\"posttitle\"><a href=\"https:\/\/lamarinaplaza.com\/2023\/03\/29\/perez-perello-musicaliza-poesia-arabe-del-siglo-x-en-su-denia-natal\/\" target=\"_blank\" rel=\"noopener\">P\u00e9rez Perell\u00f3 musicaliza poes\u00eda \u00e1rabe del siglo X en su D\u00e9nia natal<\/a><\/p>\n<p>[\/et_pb_text][\/et_pb_column][et_pb_column type=&#8221;1_2&#8243; _builder_version=&#8221;4.16&#8243; custom_padding=&#8221;|||&#8221; global_colors_info=&#8221;{}&#8221; custom_padding__hover=&#8221;|||&#8221;][et_pb_text admin_label=&#8221;Texto CD&#8221; _builder_version=&#8221;4.17.6&#8243; header_2_line_height=&#8221;1.3em&#8221; background_size=&#8221;initial&#8221; background_position=&#8221;top_left&#8221; background_repeat=&#8221;repeat&#8221; use_border_color=&#8221;off&#8221; border_color=&#8221;#ffffff&#8221; border_style=&#8221;solid&#8221; global_colors_info=&#8221;{}&#8221;]<\/p>\n<h2>\u201c\u201cEL COLLAR DE LA COLOMA\u201d Ibn Hazn C\u00f2rdova (994-1064). 2022<\/h2>\n<p style=\"text-align: justify;\">El Collar de la coloma, is a book about the essence of love in Andalusia during the Umayyad dynasty, original by the Arab writer Ibn Hzam, born in C\u00f3rdoba in 994, the work is written in the city \u200b\u200bof X\u00e0tiva a thousand years ago. We have built our work on the conviction that music and the spoken word will make us travel a thousand years back, if the feeling is contextualized, and the art of the 21st century seeks in the art of the 11th century confluence and reason for being, discovering, once again, that poetry was born to be said aloud and if it is wrapped in music, then it is unique and unrepeatable essence, like the verses of Ib Hzam that our group has stripped of anything else. that was not the beauty and the truth, using the experience in the composition and musical interpretation and the rhapsody that contributes each professional of the formation, individually, and that altogether offers the result of a sober and elegant spectacle of music and poetry .<\/p>\n<p>[\/et_pb_text][et_pb_button button_url=&#8221;https:\/\/open.spotify.com\/album\/1BaTIC1ap0Hi6TCRfDBg73?si=FiDnVhgHQEKHoJUSDAH5VQ&#8221; url_new_window=&#8221;on&#8221; button_text=&#8221; Access to the Spotify music list&#8221; _builder_version=&#8221;4.16&#8243; _module_preset=&#8221;default&#8221; global_colors_info=&#8221;{}&#8221;][\/et_pb_button][et_pb_button button_url=&#8221;https:\/\/miquelperez.com\/wp-content\/uploads\/2026\/04\/Dossier-Collar-de-la-Coloma-ok.pdf_compressed.pdf&#8221; url_new_window=&#8221;on&#8221; button_text=&#8221;Hiring and reservation. File in .pdf format&#8221; _builder_version=&#8221;4.27.6&#8243; _module_preset=&#8221;default&#8221; custom_button=&#8221;on&#8221; button_text_size=&#8221;17px&#8221; button_text_color=&#8221;#ffffff&#8221; button_bg_color=&#8221;#e09900&#8243; hover_enabled=&#8221;0&#8243; global_colors_info=&#8221;{}&#8221; sticky_enabled=&#8221;0&#8243;][\/et_pb_button][et_pb_button button_url=&#8221;https:\/\/www.amazon.com\/music\/player\/albums\/B0B4DYD81L&#8221; url_new_window=&#8221;on&#8221; button_text=&#8221;Access to track and record purchase in Amazon&#8221; _builder_version=&#8221;4.17.6&#8243; _module_preset=&#8221;default&#8221; global_colors_info=&#8221;{}&#8221;][\/et_pb_button][et_pb_text admin_label=&#8221;lista de temas&#8221; _builder_version=&#8221;4.16&#8243; text_text_color=&#8221;#ffffff&#8221; background_color=&#8221;#d9922c&#8221; background_size=&#8221;initial&#8221; background_position=&#8221;top_left&#8221; background_repeat=&#8221;repeat&#8221; custom_padding=&#8221;10px|10px|10px|10px&#8221; use_border_color=&#8221;off&#8221; border_color=&#8221;#ffffff&#8221; border_style=&#8221;solid&#8221; global_colors_info=&#8221;{}&#8221;]<\/p>\n<p><strong>CR\u00c9DITO<\/strong><\/p>\n<ol>\n<li style=\"list-style-type: none;\">\n<ol>\n<li><strong>Era el temps .<\/strong> (M\u00fasica: Moaxaja andalus\u00ed. Segle XIV. Adaptaci\u00f3: Miquel P\u00e9rez)<\/li>\n<li><strong>Soc ramader d\u2019estels.<\/strong> (M\u00fasica: Miquel P\u00e9rez Perell\u00f3)<\/li>\n<li><strong>A la fi tots dos<\/strong>. (M\u00fasica: Miquel P\u00e9rez Perell\u00f3)<\/li>\n<li><strong>Els n\u00favols han apr\u00e9s. <\/strong>(M\u00fasica: Miquel P\u00e9rez Perell\u00f3)<\/li>\n<li><strong>No ve d\u2019una hora el gran amor. <\/strong>(M\u00fasica: Miquel P\u00e9rez Perell\u00f3)<\/li>\n<li><strong>Ara vull recordar el seu amor. <\/strong>(M\u00fasica: Pastor de gacelas \/ Ya rai, moaxaja andalus\u00ed de Alepo, Siria. Adaptaci\u00f3: Maria Moreno)<\/li>\n<li><strong>La teua carta amor meu. <\/strong>(M\u00fasica: Miquel P\u00e9rez Perell\u00f3)<\/li>\n<li><strong>La coloma de la pau i de l\u2019amor. <\/strong>(M\u00fasica: Moaxaja andalus\u00ed. Segle XIV. Adaptaci\u00f3: Miquel P\u00e9rez)<\/li>\n<li><strong>Tothom sap que estic enamorat. <\/strong>(M\u00fasica: Miquel P\u00e9rez Perell\u00f3)<\/li>\n<li><strong>M\u2019has robat el cor. <\/strong>(M\u00fasica: Miquel P\u00e9rez Perell\u00f3)<\/li>\n<li><strong>No tractes amb lleugeresa.<\/strong> (M\u00fasica: Tambourin de la Sonata op. 2 n\u00ba 1 &#8220;La Baussan&#8221; de Philbert de Lavigne. Adaptaci\u00f3: Maria Moreno)<\/li>\n<li><strong>Jo voldria amb esmolat coltell. <\/strong>(M\u00fasica: Miquel P\u00e9rez Perell\u00f3)<\/li>\n<li><strong>El jardi m\u2019acull de matinada. <\/strong>(M\u00fasica: Miquel P\u00e9rez Perell\u00f3)<\/li>\n<li><strong>No podr\u00e9 mai saber. <\/strong>(M\u00fasica: Miquel P\u00e9rez Perell\u00f3)<\/li>\n<li><strong> <\/strong><strong>El meu amor s\u2019engrosa. <\/strong>K\u00e2tibim T\u00fcrk\u00fcs\u00fc M\u00fasica: \u00dcsk\u00fcdar&#8217; a Gider\u0130ken) Popular turca. Adaptaci\u00f3: Maria Moreno i Miquel P\u00e9rez)<\/li>\n<li><strong>Ets lluny i vivim el mateix temps<\/strong>. (M\u00fasica: \u201cLa meua xiqueta es l\u2019ama \u201dCan\u00e7\u00f3 de bressol popular valenciana. Adaptaci\u00f3: Miquel P\u00e9rez)<\/li>\n<li><strong>Plor\u00e0vem l\u2019imminent comiat. <\/strong>(M\u00fasica: Miquel P\u00e9rez Perell\u00f3)<\/li>\n<li><strong>El seu consell l\u2019assentiment o reflexi\u00f3.<\/strong> (M\u00fasica: Maria Moreno)<\/li>\n<li><strong> <\/strong><strong>Celat per la mort. <\/strong>(Veu sola)<\/li>\n<li><strong>Celat per la mort (can\u00e7\u00f3).<\/strong>(M\u00fasica: Miquel P\u00e9rez Perell\u00f3)<\/li>\n<li><strong>No vull la disfressa de la v\u00edctima.<\/strong>(M\u00fasica: Miquel P\u00e9rez Perell\u00f3)<\/li>\n<\/ol>\n<\/li>\n<\/ol>\n<p>[\/et_pb_text][et_pb_text admin_label=&#8221;lista de temas&#8221; _builder_version=&#8221;4.16&#8243; text_text_color=&#8221;#ffffff&#8221; background_color=&#8221;#d9922c&#8221; background_size=&#8221;initial&#8221; background_position=&#8221;top_left&#8221; background_repeat=&#8221;repeat&#8221; custom_padding=&#8221;10px|10px|10px|10px&#8221; use_border_color=&#8221;off&#8221; border_color=&#8221;#ffffff&#8221; border_style=&#8221;solid&#8221; global_colors_info=&#8221;{}&#8221;]<\/p>\n<p><strong>Maria Moreno: Flauta, clarinet i veu<\/strong><\/p>\n<p><strong>Diego L\u00f3pez: Percussi\u00f3 mediterr\u00e1nea<\/strong><\/p>\n<p><strong>Guitarra, lla\u00fct i veu: Miquel P\u00e9rez Perell\u00f3<\/strong><\/p>\n<p><strong>Harm\u00f2nica en *No vull la disfresa: Carlos Sanch\u00eds<\/strong><\/p>\n<p><strong>Baix el\u00e8ctric en *Celat per la mort: Carlos Maeso<\/strong><\/p>\n<p><strong>Mescla i masteritzaci\u00f3: TahirDurkalic<\/strong><\/p>\n<p>[\/et_pb_text][\/et_pb_column][\/et_pb_row][et_pb_row column_structure=&#8221;1_2,1_2&#8243; admin_label=&#8221;Fila&#8221; _builder_version=&#8221;4.16&#8243; background_size=&#8221;initial&#8221; background_position=&#8221;top_left&#8221; background_repeat=&#8221;repeat&#8221; global_colors_info=&#8221;{}&#8221;][et_pb_column type=&#8221;1_2&#8243; _builder_version=&#8221;4.16&#8243; custom_padding=&#8221;|||&#8221; global_colors_info=&#8221;{}&#8221; custom_padding__hover=&#8221;|||&#8221;][et_pb_image src=&#8221;https:\/\/miquelperez.com\/wp-content\/uploads\/2022\/07\/Miquel-perez-EL-COLLAR-DE-LA-COLOMA-3.jpg&#8221; title_text=&#8221;Miquel-perez-EL-COLLAR-DE-LA-COLOMA-3&#8243; _builder_version=&#8221;4.16&#8243; _module_preset=&#8221;default&#8221; global_colors_info=&#8221;{}&#8221;][\/et_pb_image][\/et_pb_column][et_pb_column type=&#8221;1_2&#8243; _builder_version=&#8221;4.16&#8243; custom_padding=&#8221;|||&#8221; global_colors_info=&#8221;{}&#8221; custom_padding__hover=&#8221;|||&#8221;][et_pb_image src=&#8221;https:\/\/miquelperez.com\/wp-content\/uploads\/2022\/07\/Miquel-perez-EL-COLLAR-DE-LA-COLOMA-4.jpg&#8221; title_text=&#8221;Miquel-perez-EL-COLLAR-DE-LA-COLOMA-4&#8243; _builder_version=&#8221;4.16&#8243; _module_preset=&#8221;default&#8221; global_colors_info=&#8221;{}&#8221;][\/et_pb_image][\/et_pb_column][\/et_pb_row][\/et_pb_section][et_pb_section fb_built=&#8221;1&#8243; fullwidth=&#8221;on&#8221; admin_label=&#8221;Secci\u00f3n&#8221; _builder_version=&#8221;4.16&#8243; global_colors_info=&#8221;{}&#8221;][et_pb_fullwidth_header title=&#8221;Discograf\u00eda&#8221; content_max_width=&#8221;none&#8221; title_font_color=&#8221;#ffffff&#8221; admin_label=&#8221;T\u00edtulo discografia&#8221; _builder_version=&#8221;4.16&#8243; title_text_color=&#8221;#ffffff&#8221; background_layout=&#8221;light&#8221; custom_css_main_element=&#8221;padding:10px 0;&#8221; button_one_letter_spacing_hover=&#8221;0&#8243; button_two_letter_spacing_hover=&#8221;0&#8243; global_colors_info=&#8221;{}&#8221; button_one_text_size__hover_enabled=&#8221;off&#8221; button_two_text_size__hover_enabled=&#8221;off&#8221; button_one_text_color__hover_enabled=&#8221;off&#8221; button_two_text_color__hover_enabled=&#8221;off&#8221; button_one_border_width__hover_enabled=&#8221;off&#8221; button_two_border_width__hover_enabled=&#8221;off&#8221; button_one_border_color__hover_enabled=&#8221;off&#8221; button_two_border_color__hover_enabled=&#8221;off&#8221; button_one_border_radius__hover_enabled=&#8221;off&#8221; button_two_border_radius__hover_enabled=&#8221;off&#8221; button_one_letter_spacing__hover_enabled=&#8221;on&#8221; button_one_letter_spacing__hover=&#8221;0&#8243; button_two_letter_spacing__hover_enabled=&#8221;on&#8221; button_two_letter_spacing__hover=&#8221;0&#8243; button_one_bg_color__hover_enabled=&#8221;off&#8221; button_two_bg_color__hover_enabled=&#8221;off&#8221;][\/et_pb_fullwidth_header][et_pb_fullwidth_portfolio include_categories=&#8221;39,41,40,38&#8243; show_date=&#8221;off&#8221; admin_label=&#8221;Carrusel discografia&#8221; _builder_version=&#8221;4.16&#8243; background_size=&#8221;initial&#8221; background_position=&#8221;top_left&#8221; background_repeat=&#8221;repeat&#8221; auto=&#8221;on&#8221; use_border_color=&#8221;off&#8221; border_color=&#8221;#ffffff&#8221; border_style=&#8221;solid&#8221; global_colors_info=&#8221;{}&#8221;][\/et_pb_fullwidth_portfolio][\/et_pb_section]<\/p>\n","protected":false},"excerpt":{"rendered":"<p>El Collar de la Coloma is a book about the essence of love for \u00c0ndalus during the Omeian dynasty, original by the Arab writer Ib Hzam,<\/p>\n","protected":false},"author":1,"featured_media":8610,"comment_status":"open","ping_status":"closed","template":"","meta":{"_et_pb_use_builder":"on","_et_pb_old_content":"","_et_gb_content_width":"","footnotes":"","_links_to":"","_links_to_target":""},"project_category":[433,432,104,103],"project_tag":[],"class_list":["post-5020","project","type-project","status-publish","has-post-thumbnail","hentry","project_category-music-and-literature","project_category-musica-i-literatura","project_category-own-projects","project_category-projectes-de-creacio-propia"],"_links":{"self":[{"href":"https:\/\/miquelperez.com\/en\/wp-json\/wp\/v2\/project\/5020","targetHints":{"allow":["GET"]}}],"collection":[{"href":"https:\/\/miquelperez.com\/en\/wp-json\/wp\/v2\/project"}],"about":[{"href":"https:\/\/miquelperez.com\/en\/wp-json\/wp\/v2\/types\/project"}],"author":[{"embeddable":true,"href":"https:\/\/miquelperez.com\/en\/wp-json\/wp\/v2\/users\/1"}],"replies":[{"embeddable":true,"href":"https:\/\/miquelperez.com\/en\/wp-json\/wp\/v2\/comments?post=5020"}],"version-history":[{"count":1,"href":"https:\/\/miquelperez.com\/en\/wp-json\/wp\/v2\/project\/5020\/revisions"}],"predecessor-version":[{"id":8847,"href":"https:\/\/miquelperez.com\/en\/wp-json\/wp\/v2\/project\/5020\/revisions\/8847"}],"wp:featuredmedia":[{"embeddable":true,"href":"https:\/\/miquelperez.com\/en\/wp-json\/wp\/v2\/media\/8610"}],"wp:attachment":[{"href":"https:\/\/miquelperez.com\/en\/wp-json\/wp\/v2\/media?parent=5020"}],"wp:term":[{"taxonomy":"project_category","embeddable":true,"href":"https:\/\/miquelperez.com\/en\/wp-json\/wp\/v2\/project_category?post=5020"},{"taxonomy":"project_tag","embeddable":true,"href":"https:\/\/miquelperez.com\/en\/wp-json\/wp\/v2\/project_tag?post=5020"}],"curies":[{"name":"wp","href":"https:\/\/api.w.org\/{rel}","templated":true}]}}