{"id":3081,"date":"2018-12-07T08:06:21","date_gmt":"2018-12-07T08:06:21","guid":{"rendered":"http:\/\/miquelperez.com\/project\/sense-meta-ni-rumb-miquel-perez-i-maria-moreno\/"},"modified":"2026-04-30T08:19:13","modified_gmt":"2026-04-30T08:19:13","slug":"sense-meta-ni-rumb-miquel-perez-i-maria-moreno","status":"publish","type":"project","link":"https:\/\/miquelperez.com\/en\/project\/sense-meta-ni-rumb-miquel-perez-i-maria-moreno\/","title":{"rendered":"Sense meta ni rumb. Miquel P\u00e9rez i Mar\u00eda Moreno."},"content":{"rendered":"<p>[et_pb_section fb_built=&#8221;1&#8243; admin_label=&#8221;section&#8221; _builder_version=&#8221;4.16&#8243; global_colors_info=&#8221;{}&#8221;][et_pb_row column_structure=&#8221;1_2,1_2&#8243; admin_label=&#8221;row&#8221; _builder_version=&#8221;4.16&#8243; background_size=&#8221;initial&#8221; background_position=&#8221;top_left&#8221; background_repeat=&#8221;repeat&#8221; global_colors_info=&#8221;{}&#8221;][et_pb_column type=&#8221;1_2&#8243; _builder_version=&#8221;4.16&#8243; custom_padding=&#8221;|||&#8221; global_colors_info=&#8221;{}&#8221; custom_padding__hover=&#8221;|||&#8221;][et_pb_gallery gallery_ids=&#8221;3068,3065&#8243; fullwidth=&#8221;on&#8221; _builder_version=&#8221;4.16&#8243; use_border_color=&#8221;off&#8221; border_color=&#8221;#ffffff&#8221; border_style=&#8221;solid&#8221; global_colors_info=&#8221;{}&#8221;][\/et_pb_gallery][et_pb_text admin_label=&#8221;C\u00f3digo lista de audio&#8221; _builder_version=&#8221;4.16&#8243; text_text_color=&#8221;#ffffff&#8221; background_color=&#8221;#d9922c&#8221; custom_padding=&#8221;10px|10px|10px|10px&#8221; use_border_color=&#8221;off&#8221; border_color=&#8221;#ffffff&#8221; border_style=&#8221;solid&#8221; global_colors_info=&#8221;{}&#8221;]<div class=\"cue-playlist-container\">\n<div class=\"cue-playlist cue-theme-default\" itemscope itemtype=\"http:\/\/schema.org\/MusicPlaylist\">\n\t\n\t<meta itemprop=\"numTracks\" content=\"3\" \/>\n\n\t<audio src=\"http:\/\/miquelperez.com\/wp-content\/uploads\/2018\/12\/ABSENCIA_01.mp3\" controls preload=\"none\" class=\"cue-audio\" style=\"width: 100%; height: auto\"><\/audio>\n\n\t<ol class=\"cue-tracks\">\n\t\t\t\t\t<li class=\"cue-track\" itemprop=\"track\" itemscope itemtype=\"http:\/\/schema.org\/MusicRecording\">\n\t\t\t\t\n\t\t\t\t<span class=\"cue-track-details cue-track-cell\">\n\t\t\t\t\t<span class=\"cue-track-title\" itemprop=\"name\">ABSENCIA<\/span>\n\t\t\t\t\t<span class=\"cue-track-artist\" itemprop=\"byArtist\">Miquel P\u00e9rez i Mar\u00eda Moreno<\/span>\n\t\t\t\t<\/span>\n\n\t\t\t\t\n\t\t\t\t<span class=\"cue-track-length cue-track-cell\">4:58<\/span>\n\n\t\t\t\t\t\t\t<\/li>\n\t\t\t\t\t<li class=\"cue-track\" itemprop=\"track\" itemscope itemtype=\"http:\/\/schema.org\/MusicRecording\">\n\t\t\t\t\n\t\t\t\t<span class=\"cue-track-details cue-track-cell\">\n\t\t\t\t\t<span class=\"cue-track-title\" itemprop=\"name\">EL SILENCI ES LLEN\u00c7<\/span>\n\t\t\t\t\t<span class=\"cue-track-artist\" itemprop=\"byArtist\">Miquel P\u00e9rez i Mar\u00eda Moreno<\/span>\n\t\t\t\t<\/span>\n\n\t\t\t\t\n\t\t\t\t<span class=\"cue-track-length cue-track-cell\">3:33<\/span>\n\n\t\t\t\t\t\t\t<\/li>\n\t\t\t\t\t<li class=\"cue-track\" itemprop=\"track\" itemscope itemtype=\"http:\/\/schema.org\/MusicRecording\">\n\t\t\t\t\n\t\t\t\t<span class=\"cue-track-details cue-track-cell\">\n\t\t\t\t\t<span class=\"cue-track-title\" itemprop=\"name\">LA FIRA DEL MON<\/span>\n\t\t\t\t\t<span class=\"cue-track-artist\" itemprop=\"byArtist\">Miquel P\u00e9rez i Mar\u00eda Moreno<\/span>\n\t\t\t\t<\/span>\n\n\t\t\t\t\n\t\t\t\t<span class=\"cue-track-length cue-track-cell\">4:46<\/span>\n\n\t\t\t\t\t\t\t<\/li>\n\t\t\t<\/ol>\n\n\t<\/div>\n\t\t<script type=\"application\/json\" class=\"cue-playlist-data\">{\"embed_link\":\"https:\\\/\\\/miquelperez.com\\\/en\\\/?cue_embed=sense-meta-ni-rumb&cue_theme=default\",\"permalink\":\"https:\\\/\\\/miquelperez.com\\\/en\\\/?cue_playlist=sense-meta-ni-rumb\",\"skin\":\"cue-skin-default\",\"thumbnail\":\"https:\\\/\\\/miquelperez.com\\\/wp-content\\\/uploads\\\/2018\\\/12\\\/Sense-meta-ni-rumb-portada-400x400.jpg\",\"tracks\":[{\"artist\":\"Miquel P\\u00e9rez i Mar\\u00eda Moreno\",\"artworkId\":0,\"artworkUrl\":\"\",\"audioId\":3070,\"audioUrl\":\"http:\\\/\\\/miquelperez.com\\\/wp-content\\\/uploads\\\/2018\\\/12\\\/ABSENCIA_01.mp3\",\"format\":\"mp3\",\"length\":\"4:58\",\"title\":\"ABSENCIA\",\"order\":0,\"mp3\":\"http:\\\/\\\/miquelperez.com\\\/wp-content\\\/uploads\\\/2018\\\/12\\\/ABSENCIA_01.mp3\",\"meta\":{\"artist\":\"Miquel P\\u00e9rez i Mar\\u00eda Moreno\",\"length_formatted\":\"4:58\"},\"src\":\"http:\\\/\\\/miquelperez.com\\\/wp-content\\\/uploads\\\/2018\\\/12\\\/ABSENCIA_01.mp3\",\"thumb\":{\"src\":\"\"}},{\"artist\":\"Miquel P\\u00e9rez i Mar\\u00eda Moreno\",\"artworkId\":0,\"artworkUrl\":\"\",\"audioId\":3073,\"audioUrl\":\"http:\\\/\\\/miquelperez.com\\\/wp-content\\\/uploads\\\/2018\\\/12\\\/EL-SILENCI-ES-LLEN\\u00c7_01.mp3\",\"format\":\"mp3\",\"length\":\"3:33\",\"title\":\"EL SILENCI ES LLEN\\u00c7\",\"order\":1,\"mp3\":\"http:\\\/\\\/miquelperez.com\\\/wp-content\\\/uploads\\\/2018\\\/12\\\/EL-SILENCI-ES-LLEN\\u00c7_01.mp3\",\"meta\":{\"artist\":\"Miquel P\\u00e9rez i Mar\\u00eda Moreno\",\"length_formatted\":\"3:33\"},\"src\":\"http:\\\/\\\/miquelperez.com\\\/wp-content\\\/uploads\\\/2018\\\/12\\\/EL-SILENCI-ES-LLEN\\u00c7_01.mp3\",\"thumb\":{\"src\":\"\"}},{\"artist\":\"Miquel P\\u00e9rez i Mar\\u00eda Moreno\",\"artworkId\":0,\"artworkUrl\":\"\",\"audioId\":3076,\"audioUrl\":\"http:\\\/\\\/miquelperez.com\\\/wp-content\\\/uploads\\\/2018\\\/12\\\/LA-FIRA-DEL-MON_01.mp3\",\"format\":\"mp3\",\"length\":\"4:46\",\"title\":\"LA FIRA DEL MON\",\"order\":2,\"mp3\":\"http:\\\/\\\/miquelperez.com\\\/wp-content\\\/uploads\\\/2018\\\/12\\\/LA-FIRA-DEL-MON_01.mp3\",\"meta\":{\"artist\":\"Miquel P\\u00e9rez i Mar\\u00eda Moreno\",\"length_formatted\":\"4:46\"},\"src\":\"http:\\\/\\\/miquelperez.com\\\/wp-content\\\/uploads\\\/2018\\\/12\\\/LA-FIRA-DEL-MON_01.mp3\",\"thumb\":{\"src\":\"\"}}]}<\/script>\n\t\t<\/div><br \/>\n[\/et_pb_text][et_pb_video src=&#8221;https:\/\/www.youtube.com\/watch?v=fOKAEKb2rNA&#8221; _builder_version=&#8221;4.16&#8243; global_colors_info=&#8221;{}&#8221;][\/et_pb_video][et_pb_video src=&#8221;https:\/\/www.youtube.com\/watch?v=qKm1DB25Q_4&#8243; _builder_version=&#8221;4.17.6&#8243; global_colors_info=&#8221;{}&#8221;][\/et_pb_video][\/et_pb_column][et_pb_column type=&#8221;1_2&#8243; _builder_version=&#8221;4.16&#8243; custom_padding=&#8221;|||&#8221; global_colors_info=&#8221;{}&#8221; custom_padding__hover=&#8221;|||&#8221;][et_pb_text admin_label=&#8221;Texto CD&#8221; _builder_version=&#8221;4.16&#8243; use_border_color=&#8221;off&#8221; border_color=&#8221;#ffffff&#8221; border_style=&#8221;solid&#8221; global_colors_info=&#8221;{}&#8221;]<\/p>\n<h2>Sense meta ni rumb. 2018<\/h2>\n<p>\u00abMaria y Miquel presentan un proyecto con registros muy variados, que han arreglado de manera cuidada y que alcanza una amplia diversidad de estilos.<\/p>\n<p>El trabajo cuenta con siete poemas de poetas valencianos que Miquel ha hecho canci\u00f3n.<br \/>Los poetas elegidos sue\u00f1o Ausias March, Vicent Andr\u00e9s Estell\u00e9s, Maria Ibars, Josep Piera, Abu Bakr al-Turtux\u00ed de Tortosa, Maria Josep Escriv\u00e0 y Tom\u00e0s Llopis, que incluye a banda ocho temas propios.<\/p>\n<p>La mezcla de estilos que se presentan, hacen de \u00e9l un recorrido por la bossanova, la canci\u00f3n tradicional el pop, la m\u00fasica mediterr\u00e1nea, el tango y la canci\u00f3n de autor.<\/p>\n<p>[\/et_pb_text][et_pb_button button_url=&#8221;https:\/\/miquelperez.com\/contratacion\/&#8221; url_new_window=&#8221;on&#8221; button_text=&#8221;Contrataci\u00f3n y reserva.&#8221; _builder_version=&#8221;4.17.6&#8243; _module_preset=&#8221;default&#8221; custom_button=&#8221;on&#8221; button_text_color=&#8221;#ffffff&#8221; button_bg_color=&#8221;#e09900&#8243; global_colors_info=&#8221;{}&#8221;][\/et_pb_button][et_pb_button button_url=&#8221;https:\/\/open.spotify.com\/album\/08V7T6MTHcST4pWXSTp2Hu?si=1O_4A5umTtiEbLzrDQvsvg&#8221; url_new_window=&#8221;on&#8221; button_text=&#8221;Acceso al disco en Spotify&#8221; _builder_version=&#8221;4.17.6&#8243; _module_preset=&#8221;default&#8221; global_colors_info=&#8221;{}&#8221;][\/et_pb_button][et_pb_button button_url=&#8221;https:\/\/www.amazon.com\/music\/player\/albums\/B07L77ZX5H&#8221; url_new_window=&#8221;on&#8221; button_text=&#8221;Acceso a compra de tracks y disco en Amaz\u00f3n&#8221; _builder_version=&#8221;4.17.6&#8243; _module_preset=&#8221;default&#8221; global_colors_info=&#8221;{}&#8221;][\/et_pb_button][et_pb_text admin_label=&#8221;lista de temas&#8221; _builder_version=&#8221;4.16&#8243; text_text_color=&#8221;#ffffff&#8221; background_color=&#8221;#d9922c&#8221; custom_padding=&#8221;10px|10px|10px|10px&#8221; use_border_color=&#8221;off&#8221; border_color=&#8221;#ffffff&#8221; border_style=&#8221;solid&#8221; global_colors_info=&#8221;{}&#8221;]<strong>Sense meta ni rumb. Miquel P\u00e9rez &amp;Maria Moreno<\/strong><\/p>\n<ol>\n<li>Terra de mar entre muntanyes. Lletrai m\u00fasica Miquel P\u00e9rez<\/li>\n<li>Foscos amants.Poema deVicent Andr\u00e9s Estell\u00e9s.<\/li>\n<li>Jo so molttrist. Poema d\u2019Ausi\u00e0sMarch.<\/li>\n<li>Olor de terrahumida. Poema de Tom\u00e0sLlopis<\/li>\n<li>El silenci\u00e9s el llen\u00e7. Lletra i m\u00fasica Miquel P\u00e9rez.<\/li>\n<li>La fira del m\u00f3n. Lletra i m\u00fasica Miquel P\u00e9rez.<\/li>\n<li>Il\u2022lusi\u00f3. Poema de MariaIbars.<\/li>\n<li>Abs\u00e8ncia. Poema de Abu Bakr al-Turtux\u00ed de Tortosa (Josep Piera)<\/li>\n<li>No t\u2019heperdut. Poema de Josep Piera.<\/li>\n<li>Silenci de fanals. Poema de Maria Josep Escriv\u00e0<\/li>\n<li>Can\u00e7\u00f3 per a Emma. Lletra i m\u00fasica Miquel P\u00e9rez. ( Can\u00e7\u00f3 de Bressol)<\/li>\n<li>Obrir\u00e9 totes les portes. Lletra i m\u00fasica Miquel P\u00e9rez.<\/li>\n<li>Cap pena avui. Lletra i m\u00fasica Miquel P\u00e9rez.<\/li>\n<\/ol>\n<p>[\/et_pb_text][et_pb_video src=&#8221;https:\/\/www.youtube.com\/watch?v=BM41Scqh9L4&#8243; _builder_version=&#8221;4.16&#8243; global_colors_info=&#8221;{}&#8221;][\/et_pb_video][et_pb_video src=&#8221;https:\/\/www.youtube.com\/watch?v=nL9kOYv7VtM&#8221; _builder_version=&#8221;4.17.6&#8243; global_colors_info=&#8221;{}&#8221;][\/et_pb_video][\/et_pb_column][\/et_pb_row][et_pb_row _builder_version=&#8221;4.16&#8243; background_size=&#8221;initial&#8221; background_position=&#8221;top_left&#8221; background_repeat=&#8221;repeat&#8221; global_colors_info=&#8221;{}&#8221;][et_pb_column type=&#8221;4_4&#8243; _builder_version=&#8221;4.16&#8243; custom_padding=&#8221;|||&#8221; global_colors_info=&#8221;{}&#8221; custom_padding__hover=&#8221;|||&#8221;][et_pb_text admin_label=&#8221;Galeria fotos&#8221; _builder_version=&#8221;4.16&#8243; use_border_color=&#8221;off&#8221; border_color=&#8221;#ffffff&#8221; border_style=&#8221;solid&#8221; global_colors_info=&#8221;{}&#8221;][\/et_pb_text][\/et_pb_column][\/et_pb_row][\/et_pb_section][et_pb_section fb_built=&#8221;1&#8243; fullwidth=&#8221;on&#8221; _builder_version=&#8221;4.16&#8243; global_colors_info=&#8221;{}&#8221;][et_pb_fullwidth_header title=&#8221;Discograf\u00eda&#8221; content_max_width=&#8221;none&#8221; title_font_color=&#8221;#ffffff&#8221; admin_label=&#8221;T\u00edtulo discografia&#8221; _builder_version=&#8221;4.16&#8243; title_text_color=&#8221;#ffffff&#8221; background_layout=&#8221;light&#8221; custom_css_main_element=&#8221;padding:10px 0;&#8221; button_one_letter_spacing_hover=&#8221;0&#8243; button_two_letter_spacing_hover=&#8221;0&#8243; global_colors_info=&#8221;{}&#8221; button_one_text_size__hover_enabled=&#8221;off&#8221; button_one_text_size__hover=&#8221;null&#8221; button_two_text_size__hover_enabled=&#8221;off&#8221; button_two_text_size__hover=&#8221;null&#8221; button_one_text_color__hover_enabled=&#8221;off&#8221; button_one_text_color__hover=&#8221;null&#8221; button_two_text_color__hover_enabled=&#8221;off&#8221; button_two_text_color__hover=&#8221;null&#8221; button_one_border_width__hover_enabled=&#8221;off&#8221; button_one_border_width__hover=&#8221;null&#8221; button_two_border_width__hover_enabled=&#8221;off&#8221; button_two_border_width__hover=&#8221;null&#8221; button_one_border_color__hover_enabled=&#8221;off&#8221; button_one_border_color__hover=&#8221;null&#8221; button_two_border_color__hover_enabled=&#8221;off&#8221; button_two_border_color__hover=&#8221;null&#8221; button_one_border_radius__hover_enabled=&#8221;off&#8221; button_one_border_radius__hover=&#8221;null&#8221; button_two_border_radius__hover_enabled=&#8221;off&#8221; button_two_border_radius__hover=&#8221;null&#8221; button_one_letter_spacing__hover_enabled=&#8221;on&#8221; button_one_letter_spacing__hover=&#8221;0&#8243; button_two_letter_spacing__hover_enabled=&#8221;on&#8221; button_two_letter_spacing__hover=&#8221;0&#8243; button_one_bg_color__hover_enabled=&#8221;off&#8221; button_one_bg_color__hover=&#8221;null&#8221; button_two_bg_color__hover_enabled=&#8221;off&#8221; button_two_bg_color__hover=&#8221;null&#8221;][\/et_pb_fullwidth_header][et_pb_fullwidth_portfolio include_categories=&#8221;39,41,40,38&#8243; show_date=&#8221;off&#8221; admin_label=&#8221;Carrusel discografia&#8221; _builder_version=&#8221;4.16&#8243; background_size=&#8221;initial&#8221; background_position=&#8221;top_left&#8221; background_repeat=&#8221;repeat&#8221; auto=&#8221;on&#8221; use_border_color=&#8221;off&#8221; border_color=&#8221;#ffffff&#8221; border_style=&#8221;solid&#8221; global_colors_info=&#8221;{}&#8221;][\/et_pb_fullwidth_portfolio][\/et_pb_section]<\/p>\n","protected":false},"excerpt":{"rendered":"<p>Un recorregut per la bossanova, can\u00e7\u00f3 tradicional, pop, m\u00fasica mediterr\u00e0nia, tango i can\u00e7\u00f3 d&#8217;autor. Amb set poemes de poetes valencians que Miquel ha fet can\u00e7\u00f3. <\/p>\n","protected":false},"author":1,"featured_media":3068,"comment_status":"open","ping_status":"closed","template":"","meta":{"_et_pb_use_builder":"on","_et_pb_old_content":"","_et_gb_content_width":"","footnotes":"","_links_to":"","_links_to_target":""},"project_category":[96,104,452],"project_tag":[343,344,345],"class_list":["post-3081","project","type-project","status-publish","has-post-thumbnail","hentry","project_category-author-song","project_category-own-projects","project_category-song","project_tag-maria-moreno-en","project_tag-miquel-perez-en","project_tag-sense-meta-ni-rumb-en"],"_links":{"self":[{"href":"https:\/\/miquelperez.com\/en\/wp-json\/wp\/v2\/project\/3081","targetHints":{"allow":["GET"]}}],"collection":[{"href":"https:\/\/miquelperez.com\/en\/wp-json\/wp\/v2\/project"}],"about":[{"href":"https:\/\/miquelperez.com\/en\/wp-json\/wp\/v2\/types\/project"}],"author":[{"embeddable":true,"href":"https:\/\/miquelperez.com\/en\/wp-json\/wp\/v2\/users\/1"}],"replies":[{"embeddable":true,"href":"https:\/\/miquelperez.com\/en\/wp-json\/wp\/v2\/comments?post=3081"}],"version-history":[{"count":2,"href":"https:\/\/miquelperez.com\/en\/wp-json\/wp\/v2\/project\/3081\/revisions"}],"predecessor-version":[{"id":8841,"href":"https:\/\/miquelperez.com\/en\/wp-json\/wp\/v2\/project\/3081\/revisions\/8841"}],"wp:featuredmedia":[{"embeddable":true,"href":"https:\/\/miquelperez.com\/en\/wp-json\/wp\/v2\/media\/3068"}],"wp:attachment":[{"href":"https:\/\/miquelperez.com\/en\/wp-json\/wp\/v2\/media?parent=3081"}],"wp:term":[{"taxonomy":"project_category","embeddable":true,"href":"https:\/\/miquelperez.com\/en\/wp-json\/wp\/v2\/project_category?post=3081"},{"taxonomy":"project_tag","embeddable":true,"href":"https:\/\/miquelperez.com\/en\/wp-json\/wp\/v2\/project_tag?post=3081"}],"curies":[{"name":"wp","href":"https:\/\/api.w.org\/{rel}","templated":true}]}}