{"id":4055,"date":"2020-12-11T16:58:01","date_gmt":"2020-12-11T16:58:01","guid":{"rendered":"https:\/\/miquelperez.com\/project\/el-dia-que-me-quieras\/"},"modified":"2023-05-23T09:21:01","modified_gmt":"2023-05-23T09:21:01","slug":"el-dia-que-me-quieras","status":"publish","type":"project","link":"https:\/\/miquelperez.com\/ca\/project\/el-dia-que-me-quieras\/","title":{"rendered":"El d\u00eda que me quieras"},"content":{"rendered":"<p>[et_pb_section fb_built=&#8221;1&#8243; admin_label=&#8221;section&#8221; _builder_version=&#8221;4.16&#8243; global_colors_info=&#8221;{}&#8221;][et_pb_row column_structure=&#8221;1_2,1_2&#8243; admin_label=&#8221;row&#8221; _builder_version=&#8221;4.16&#8243; background_size=&#8221;initial&#8221; background_position=&#8221;top_left&#8221; background_repeat=&#8221;repeat&#8221; global_colors_info=&#8221;{}&#8221;][et_pb_column type=&#8221;1_2&#8243; _builder_version=&#8221;4.16&#8243; custom_padding=&#8221;|||&#8221; global_colors_info=&#8221;{}&#8221; custom_padding__hover=&#8221;|||&#8221;][et_pb_gallery gallery_ids=&#8221;4039&#8243; fullwidth=&#8221;on&#8221; admin_label=&#8221;Galer\u00eda&#8221; _builder_version=&#8221;4.16&#8243; use_border_color=&#8221;off&#8221; border_color=&#8221;#ffffff&#8221; border_style=&#8221;solid&#8221; global_colors_info=&#8221;{}&#8221;][\/et_pb_gallery][et_pb_text admin_label=&#8221;C\u00f3digo lista de audio&#8221; _builder_version=&#8221;4.16&#8243; text_text_color=&#8221;#ffffff&#8221; background_color=&#8221;#d9922c&#8221; background_size=&#8221;initial&#8221; background_position=&#8221;top_left&#8221; background_repeat=&#8221;repeat&#8221; custom_padding=&#8221;10px|10px|10px|10px&#8221; use_border_color=&#8221;off&#8221; border_color=&#8221;#ffffff&#8221; border_style=&#8221;solid&#8221; global_colors_info=&#8221;{}&#8221;]<div class=\"cue-playlist-container\">\n<div class=\"cue-playlist cue-theme-default\" itemscope itemtype=\"http:\/\/schema.org\/MusicPlaylist\">\n\t\n\t<meta itemprop=\"numTracks\" content=\"2\" \/>\n\n\t<audio src=\"https:\/\/miquelperez.com\/wp-content\/uploads\/2020\/12\/1.-Por-una-cabeza.mp3\" controls preload=\"none\" class=\"cue-audio\" style=\"width: 100%; height: auto\"><\/audio>\n\n\t<ol class=\"cue-tracks\">\n\t\t\t\t\t<li class=\"cue-track\" itemprop=\"track\" itemscope itemtype=\"http:\/\/schema.org\/MusicRecording\">\n\t\t\t\t\n\t\t\t\t<span class=\"cue-track-details cue-track-cell\">\n\t\t\t\t\t<span class=\"cue-track-title\" itemprop=\"name\">1. Por una cabeza<\/span>\n\t\t\t\t\t<span class=\"cue-track-artist\" itemprop=\"byArtist\">Miquel P\u00e9rez<\/span>\n\t\t\t\t<\/span>\n\n\t\t\t\t\n\t\t\t\t<span class=\"cue-track-length cue-track-cell\">0:48<\/span>\n\n\t\t\t\t\t\t\t<\/li>\n\t\t\t\t\t<li class=\"cue-track\" itemprop=\"track\" itemscope itemtype=\"http:\/\/schema.org\/MusicRecording\">\n\t\t\t\t\n\t\t\t\t<span class=\"cue-track-details cue-track-cell\">\n\t\t\t\t\t<span class=\"cue-track-title\" itemprop=\"name\">2. El dia que me quieras<\/span>\n\t\t\t\t\t<span class=\"cue-track-artist\" itemprop=\"byArtist\">Miquel P\u00e9rez<\/span>\n\t\t\t\t<\/span>\n\n\t\t\t\t\n\t\t\t\t<span class=\"cue-track-length cue-track-cell\">1:18<\/span>\n\n\t\t\t\t\t\t\t<\/li>\n\t\t\t<\/ol>\n\n\t<\/div>\n\t\t<script type=\"application\/json\" class=\"cue-playlist-data\">{\"embed_link\":\"https:\\\/\\\/miquelperez.com\\\/ca\\\/?cue_embed=el-dia-que-me-quieras&cue_theme=default\",\"permalink\":\"https:\\\/\\\/miquelperez.com\\\/ca\\\/?cue_playlist=el-dia-que-me-quieras\",\"skin\":\"cue-skin-default\",\"thumbnail\":\"https:\\\/\\\/miquelperez.com\\\/wp-content\\\/uploads\\\/2020\\\/12\\\/Portada-El-dia-que-me-quieras-Miquel-Perez-400x400.jpg\",\"tracks\":[{\"artist\":\"Miquel P\\u00e9rez\",\"artworkId\":0,\"artworkUrl\":\"\",\"audioId\":4043,\"audioUrl\":\"https:\\\/\\\/miquelperez.com\\\/wp-content\\\/uploads\\\/2020\\\/12\\\/1.-Por-una-cabeza.mp3\",\"format\":\"mp3\",\"length\":\"0:48\",\"title\":\"1. Por una cabeza\",\"order\":0,\"mp3\":\"https:\\\/\\\/miquelperez.com\\\/wp-content\\\/uploads\\\/2020\\\/12\\\/1.-Por-una-cabeza.mp3\",\"meta\":{\"artist\":\"Miquel P\\u00e9rez\",\"length_formatted\":\"0:48\"},\"src\":\"https:\\\/\\\/miquelperez.com\\\/wp-content\\\/uploads\\\/2020\\\/12\\\/1.-Por-una-cabeza.mp3\",\"thumb\":{\"src\":\"\"}},{\"artist\":\"Miquel P\\u00e9rez\",\"artworkId\":0,\"artworkUrl\":\"\",\"audioId\":4046,\"audioUrl\":\"https:\\\/\\\/miquelperez.com\\\/wp-content\\\/uploads\\\/2020\\\/12\\\/2.-El-dia-que-me-quieras.mp3\",\"format\":\"mp3\",\"length\":\"1:18\",\"title\":\"2. El dia que me quieras\",\"order\":1,\"mp3\":\"https:\\\/\\\/miquelperez.com\\\/wp-content\\\/uploads\\\/2020\\\/12\\\/2.-El-dia-que-me-quieras.mp3\",\"meta\":{\"artist\":\"Miquel P\\u00e9rez\",\"length_formatted\":\"1:18\"},\"src\":\"https:\\\/\\\/miquelperez.com\\\/wp-content\\\/uploads\\\/2020\\\/12\\\/2.-El-dia-que-me-quieras.mp3\",\"thumb\":{\"src\":\"\"}}]}<\/script>\n\t\t<\/div>[\/et_pb_text][et_pb_video src=&#8221;https:\/\/www.youtube.com\/watch?v=UTg5sAbVd9k&#8221; admin_label=&#8221;V\u00eddeo&#8221; _builder_version=&#8221;4.16&#8243; global_colors_info=&#8221;{}&#8221;][\/et_pb_video][et_pb_video src=&#8221;https:\/\/www.youtube.com\/watch?v=TzpNYslOH0s&#8221; admin_label=&#8221;V\u00eddeo&#8221; _builder_version=&#8221;4.16&#8243; global_colors_info=&#8221;{}&#8221;][\/et_pb_video][\/et_pb_column][et_pb_column type=&#8221;1_2&#8243; _builder_version=&#8221;4.16&#8243; custom_padding=&#8221;|||&#8221; global_colors_info=&#8221;{}&#8221; custom_padding__hover=&#8221;|||&#8221;][et_pb_text admin_label=&#8221;Texto CD&#8221; _builder_version=&#8221;4.16&#8243; background_size=&#8221;initial&#8221; background_position=&#8221;top_left&#8221; background_repeat=&#8221;repeat&#8221; use_border_color=&#8221;off&#8221; border_color=&#8221;#ffffff&#8221; border_style=&#8221;solid&#8221; global_colors_info=&#8221;{}&#8221;]<\/p>\n<h2>El d\u00eda que me quieras. 2020<\/h2>\n<p style=\"text-align: justify;\">Disponible en totes les plataformes, aquest nou enregistrament &#8220;El d\u00eda que me quieras&#8221;. <br \/>Est\u00e0 compost d&#8217;arranjaments propis de tangos dels que cantava Carlos Gardel i una pe\u00e7a de Isolina Carrillo.<\/p>\n<p>[\/et_pb_text][et_pb_button button_url=&#8221;https:\/\/miquelperez.com\/wp-content\/uploads\/2021\/05\/Miquel-Perez-Perello-Dossier-web.pdf&#8221; url_new_window=&#8221;on&#8221; button_text=&#8221; Contractaci\u00f3 i reserva. dossier&#8221; _builder_version=&#8221;4.16&#8243; _module_preset=&#8221;default&#8221; custom_button=&#8221;on&#8221; button_text_color=&#8221;#ffffff&#8221; button_bg_color=&#8221;#e09900&#8243; global_colors_info=&#8221;{}&#8221;][\/et_pb_button][et_pb_button button_url=&#8221;https:\/\/miquelperez.com\/ca\/producto\/coleccio-arranjaments-tangos-carlos-gardel-miquel-perez\/&#8221; url_new_window=&#8221;on&#8221; button_text=&#8221;Comprar partitures&#8221; _builder_version=&#8221;4.16&#8243; _module_preset=&#8221;default&#8221; global_colors_info=&#8221;{}&#8221;][\/et_pb_button][et_pb_button button_url=&#8221;https:\/\/www.amazon.com\/-\/es\/Miquel-P%C3%A9rez-Perell%C3%B3\/dp\/B08PW4ZYLR&#8221; url_new_window=&#8221;on&#8221; button_text=&#8221; Acc\u00e9s a compra de tracks i disc en Amazon&#8221; _builder_version=&#8221;4.16&#8243; _module_preset=&#8221;default&#8221; global_colors_info=&#8221;{}&#8221;][\/et_pb_button][et_pb_button button_url=&#8221;https:\/\/open.spotify.com\/album\/5D1jvI06JMmgSWJjYXlgeI?si=dtehqqhQT_K5gBfYNzQD3A&#8221; url_new_window=&#8221;on&#8221; button_text=&#8221;Acc\u00e9s a el disc a Spotify&#8221; _builder_version=&#8221;4.16&#8243; _module_preset=&#8221;default&#8221; global_colors_info=&#8221;{}&#8221;][\/et_pb_button][et_pb_text admin_label=&#8221;lista de temas&#8221; _builder_version=&#8221;4.16&#8243; text_text_color=&#8221;#ffffff&#8221; background_color=&#8221;#d9922c&#8221; background_size=&#8221;initial&#8221; background_position=&#8221;top_left&#8221; background_repeat=&#8221;repeat&#8221; custom_padding=&#8221;10px|10px|10px|10px&#8221; use_border_color=&#8221;off&#8221; border_color=&#8221;#ffffff&#8221; border_style=&#8221;solid&#8221; global_colors_info=&#8221;{}&#8221;]<\/p>\n<p><strong>TEMES DEL DISC<\/strong><\/p>\n<ol>\n<li>Por una cabeza<\/li>\n<li>El d\u00eda que me quieras<\/li>\n<li>Volver<\/li>\n<li>Tomo y obligo<\/li>\n<li>Dos gardenias<\/li>\n<li>Soledad<\/li>\n<li>Cuesta abajo<\/li>\n<li>Caminito<\/li>\n<li>Noche de Montmartre<\/li>\n<li>Cuando t\u00fa no est\u00e1s<\/li>\n<li>Rubias de New York<\/li>\n<li>En los campos en flor<\/li>\n<\/ol>\n<p>[\/et_pb_text][et_pb_video src=&#8221;https:\/\/www.youtube.com\/watch?v=8W4GjK4ZkIU&#8221; admin_label=&#8221;V\u00eddeo&#8221; _builder_version=&#8221;4.16&#8243; global_colors_info=&#8221;{}&#8221;][\/et_pb_video][et_pb_video src=&#8221;https:\/\/www.youtube.com\/watch?v=UTg5sAbVd9k&#8221; admin_label=&#8221;V\u00eddeo&#8221; _builder_version=&#8221;4.16&#8243; global_colors_info=&#8221;{}&#8221; src_webm__hover_enabled=&#8221;on|desktop&#8221;][\/et_pb_video][et_pb_video src=&#8221;https:\/\/www.youtube.com\/watch?v=3dcqUFCJOzc&#8221; admin_label=&#8221;V\u00eddeo&#8221; _builder_version=&#8221;4.16&#8243; global_colors_info=&#8221;{}&#8221; src_webm__hover_enabled=&#8221;on|desktop&#8221;][\/et_pb_video][\/et_pb_column][\/et_pb_row][et_pb_row admin_label=&#8221;Fila&#8221; _builder_version=&#8221;4.16&#8243; background_size=&#8221;initial&#8221; background_position=&#8221;top_left&#8221; background_repeat=&#8221;repeat&#8221; global_colors_info=&#8221;{}&#8221;][et_pb_column type=&#8221;4_4&#8243; _builder_version=&#8221;4.16&#8243; custom_padding=&#8221;|||&#8221; global_colors_info=&#8221;{}&#8221; custom_padding__hover=&#8221;|||&#8221;][\/et_pb_column][\/et_pb_row][\/et_pb_section][et_pb_section fb_built=&#8221;1&#8243; fullwidth=&#8221;on&#8221; admin_label=&#8221;Secci\u00f3n&#8221; _builder_version=&#8221;4.16&#8243; global_colors_info=&#8221;{}&#8221;][et_pb_fullwidth_header title=&#8221;Discograf\u00eda&#8221; content_max_width=&#8221;none&#8221; title_font_color=&#8221;#ffffff&#8221; admin_label=&#8221;T\u00edtulo discografia&#8221; _builder_version=&#8221;4.16&#8243; title_text_color=&#8221;#ffffff&#8221; background_layout=&#8221;light&#8221; custom_css_main_element=&#8221;padding:10px 0;&#8221; button_one_letter_spacing_hover=&#8221;0&#8243; button_two_letter_spacing_hover=&#8221;0&#8243; global_colors_info=&#8221;{}&#8221; button_one_text_size__hover_enabled=&#8221;off&#8221; button_two_text_size__hover_enabled=&#8221;off&#8221; button_one_text_color__hover_enabled=&#8221;off&#8221; button_two_text_color__hover_enabled=&#8221;off&#8221; button_one_border_width__hover_enabled=&#8221;off&#8221; button_two_border_width__hover_enabled=&#8221;off&#8221; button_one_border_color__hover_enabled=&#8221;off&#8221; button_two_border_color__hover_enabled=&#8221;off&#8221; button_one_border_radius__hover_enabled=&#8221;off&#8221; button_two_border_radius__hover_enabled=&#8221;off&#8221; button_one_letter_spacing__hover_enabled=&#8221;on&#8221; button_one_letter_spacing__hover=&#8221;0&#8243; button_two_letter_spacing__hover_enabled=&#8221;on&#8221; button_two_letter_spacing__hover=&#8221;0&#8243; button_one_bg_color__hover_enabled=&#8221;off&#8221; button_two_bg_color__hover_enabled=&#8221;off&#8221;][\/et_pb_fullwidth_header][et_pb_fullwidth_portfolio include_categories=&#8221;39,41,40,38&#8243; show_date=&#8221;off&#8221; admin_label=&#8221;Carrusel discografia&#8221; _builder_version=&#8221;4.16&#8243; background_size=&#8221;initial&#8221; background_position=&#8221;top_left&#8221; background_repeat=&#8221;repeat&#8221; auto=&#8221;on&#8221; use_border_color=&#8221;off&#8221; border_color=&#8221;#ffffff&#8221; border_style=&#8221;solid&#8221; global_colors_info=&#8221;{}&#8221;][\/et_pb_fullwidth_portfolio][\/et_pb_section]<\/p>\n","protected":false},"excerpt":{"rendered":"<p>Disponible a totes les plataformes, aquest nou enregistrament \u00abEl dia que em vulguis\u00bb.<br \/>\nEst\u00e0 compost d&#8217;arranjaments propis de tangos de qu\u00e8 cantava Carlos Gardel i una pe\u00e7a d&#8217;Isolina Carrillo.<\/p>\n","protected":false},"author":1,"featured_media":8595,"comment_status":"open","ping_status":"closed","template":"","meta":{"_et_pb_use_builder":"on","_et_pb_old_content":"","_et_gb_content_width":"","footnotes":"","_links_to":"","_links_to_target":""},"project_category":[455,99,103],"project_tag":[],"class_list":["post-4055","project","type-project","status-publish","has-post-thumbnail","hentry","project_category-guitarra-ca","project_category-guitarra-classica","project_category-projectes-de-creacio-propia"],"_links":{"self":[{"href":"https:\/\/miquelperez.com\/ca\/wp-json\/wp\/v2\/project\/4055","targetHints":{"allow":["GET"]}}],"collection":[{"href":"https:\/\/miquelperez.com\/ca\/wp-json\/wp\/v2\/project"}],"about":[{"href":"https:\/\/miquelperez.com\/ca\/wp-json\/wp\/v2\/types\/project"}],"author":[{"embeddable":true,"href":"https:\/\/miquelperez.com\/ca\/wp-json\/wp\/v2\/users\/1"}],"replies":[{"embeddable":true,"href":"https:\/\/miquelperez.com\/ca\/wp-json\/wp\/v2\/comments?post=4055"}],"version-history":[{"count":0,"href":"https:\/\/miquelperez.com\/ca\/wp-json\/wp\/v2\/project\/4055\/revisions"}],"wp:featuredmedia":[{"embeddable":true,"href":"https:\/\/miquelperez.com\/ca\/wp-json\/wp\/v2\/media\/8595"}],"wp:attachment":[{"href":"https:\/\/miquelperez.com\/ca\/wp-json\/wp\/v2\/media?parent=4055"}],"wp:term":[{"taxonomy":"project_category","embeddable":true,"href":"https:\/\/miquelperez.com\/ca\/wp-json\/wp\/v2\/project_category?post=4055"},{"taxonomy":"project_tag","embeddable":true,"href":"https:\/\/miquelperez.com\/ca\/wp-json\/wp\/v2\/project_tag?post=4055"}],"curies":[{"name":"wp","href":"https:\/\/api.w.org\/{rel}","templated":true}]}}