{"id":3080,"date":"2018-12-07T08:06:21","date_gmt":"2018-12-07T08:06:21","guid":{"rendered":"http:\/\/miquelperez.com\/project\/sense-meta-ni-rumb-miquel-perez-i-maria-moreno\/"},"modified":"2023-05-23T08:28:02","modified_gmt":"2023-05-23T08:28:02","slug":"sense-meta-ni-rumb-miquel-perez-i-maria-moreno","status":"publish","type":"project","link":"https:\/\/miquelperez.com\/ca\/project\/sense-meta-ni-rumb-miquel-perez-i-maria-moreno\/","title":{"rendered":"Sense meta ni rumb. Miquel P\u00e9rez i Mar\u00eda Moreno. 2018"},"content":{"rendered":"<p>[et_pb_section fb_built=&#8221;1&#8243; admin_label=&#8221;section&#8221; _builder_version=&#8221;4.16&#8243; global_colors_info=&#8221;{}&#8221;][et_pb_row column_structure=&#8221;1_2,1_2&#8243; admin_label=&#8221;row&#8221; _builder_version=&#8221;4.16&#8243; background_size=&#8221;initial&#8221; background_position=&#8221;top_left&#8221; background_repeat=&#8221;repeat&#8221; global_colors_info=&#8221;{}&#8221;][et_pb_column type=&#8221;1_2&#8243; _builder_version=&#8221;4.16&#8243; custom_padding=&#8221;|||&#8221; global_colors_info=&#8221;{}&#8221; custom_padding__hover=&#8221;|||&#8221;][et_pb_gallery gallery_ids=&#8221;3067,3064&#8243; fullwidth=&#8221;on&#8221; _builder_version=&#8221;4.16&#8243; use_border_color=&#8221;off&#8221; border_color=&#8221;#ffffff&#8221; border_style=&#8221;solid&#8221; global_colors_info=&#8221;{}&#8221;][\/et_pb_gallery][et_pb_text admin_label=&#8221;C\u00f3digo lista de audio&#8221; _builder_version=&#8221;4.16&#8243; text_text_color=&#8221;#ffffff&#8221; background_color=&#8221;#d9922c&#8221; custom_padding=&#8221;10px|10px|10px|10px&#8221; use_border_color=&#8221;off&#8221; border_color=&#8221;#ffffff&#8221; border_style=&#8221;solid&#8221; global_colors_info=&#8221;{}&#8221;]<div class=\"cue-playlist-container\">\n<div class=\"cue-playlist cue-theme-default\" itemscope itemtype=\"http:\/\/schema.org\/MusicPlaylist\">\n\t\n\t<meta itemprop=\"numTracks\" content=\"3\" \/>\n\n\t<audio src=\"http:\/\/miquelperez.com\/wp-content\/uploads\/2018\/12\/ABSENCIA_01.mp3\" controls preload=\"none\" class=\"cue-audio\" style=\"width: 100%; height: auto\"><\/audio>\n\n\t<ol class=\"cue-tracks\">\n\t\t\t\t\t<li class=\"cue-track\" itemprop=\"track\" itemscope itemtype=\"http:\/\/schema.org\/MusicRecording\">\n\t\t\t\t\n\t\t\t\t<span class=\"cue-track-details cue-track-cell\">\n\t\t\t\t\t<span class=\"cue-track-title\" itemprop=\"name\">ABSENCIA<\/span>\n\t\t\t\t\t<span class=\"cue-track-artist\" itemprop=\"byArtist\">Miquel P\u00e9rez i Mar\u00eda Moreno<\/span>\n\t\t\t\t<\/span>\n\n\t\t\t\t\n\t\t\t\t<span class=\"cue-track-length cue-track-cell\">4:58<\/span>\n\n\t\t\t\t\t\t\t<\/li>\n\t\t\t\t\t<li class=\"cue-track\" itemprop=\"track\" itemscope itemtype=\"http:\/\/schema.org\/MusicRecording\">\n\t\t\t\t\n\t\t\t\t<span class=\"cue-track-details cue-track-cell\">\n\t\t\t\t\t<span class=\"cue-track-title\" itemprop=\"name\">EL SILENCI ES LLEN\u00c7<\/span>\n\t\t\t\t\t<span class=\"cue-track-artist\" itemprop=\"byArtist\">Miquel P\u00e9rez i Mar\u00eda Moreno<\/span>\n\t\t\t\t<\/span>\n\n\t\t\t\t\n\t\t\t\t<span class=\"cue-track-length cue-track-cell\">3:33<\/span>\n\n\t\t\t\t\t\t\t<\/li>\n\t\t\t\t\t<li class=\"cue-track\" itemprop=\"track\" itemscope itemtype=\"http:\/\/schema.org\/MusicRecording\">\n\t\t\t\t\n\t\t\t\t<span class=\"cue-track-details cue-track-cell\">\n\t\t\t\t\t<span class=\"cue-track-title\" itemprop=\"name\">LA FIRA DEL MON<\/span>\n\t\t\t\t\t<span class=\"cue-track-artist\" itemprop=\"byArtist\">Miquel P\u00e9rez i Mar\u00eda Moreno<\/span>\n\t\t\t\t<\/span>\n\n\t\t\t\t\n\t\t\t\t<span class=\"cue-track-length cue-track-cell\">4:46<\/span>\n\n\t\t\t\t\t\t\t<\/li>\n\t\t\t<\/ol>\n\n\t<\/div>\n\t\t<script type=\"application\/json\" class=\"cue-playlist-data\">{\"embed_link\":\"https:\\\/\\\/miquelperez.com\\\/ca\\\/?cue_embed=sense-meta-ni-rumb&cue_theme=default\",\"permalink\":\"https:\\\/\\\/miquelperez.com\\\/ca\\\/?cue_playlist=sense-meta-ni-rumb\",\"skin\":\"cue-skin-default\",\"thumbnail\":\"https:\\\/\\\/miquelperez.com\\\/wp-content\\\/uploads\\\/2018\\\/12\\\/Sense-meta-ni-rumb-portada-400x400.jpg\",\"tracks\":[{\"artist\":\"Miquel P\\u00e9rez i Mar\\u00eda Moreno\",\"artworkId\":0,\"artworkUrl\":\"\",\"audioId\":3070,\"audioUrl\":\"http:\\\/\\\/miquelperez.com\\\/wp-content\\\/uploads\\\/2018\\\/12\\\/ABSENCIA_01.mp3\",\"format\":\"mp3\",\"length\":\"4:58\",\"title\":\"ABSENCIA\",\"order\":0,\"mp3\":\"http:\\\/\\\/miquelperez.com\\\/wp-content\\\/uploads\\\/2018\\\/12\\\/ABSENCIA_01.mp3\",\"meta\":{\"artist\":\"Miquel P\\u00e9rez i Mar\\u00eda Moreno\",\"length_formatted\":\"4:58\"},\"src\":\"http:\\\/\\\/miquelperez.com\\\/wp-content\\\/uploads\\\/2018\\\/12\\\/ABSENCIA_01.mp3\",\"thumb\":{\"src\":\"\"}},{\"artist\":\"Miquel P\\u00e9rez i Mar\\u00eda Moreno\",\"artworkId\":0,\"artworkUrl\":\"\",\"audioId\":3073,\"audioUrl\":\"http:\\\/\\\/miquelperez.com\\\/wp-content\\\/uploads\\\/2018\\\/12\\\/EL-SILENCI-ES-LLEN\\u00c7_01.mp3\",\"format\":\"mp3\",\"length\":\"3:33\",\"title\":\"EL SILENCI ES LLEN\\u00c7\",\"order\":1,\"mp3\":\"http:\\\/\\\/miquelperez.com\\\/wp-content\\\/uploads\\\/2018\\\/12\\\/EL-SILENCI-ES-LLEN\\u00c7_01.mp3\",\"meta\":{\"artist\":\"Miquel P\\u00e9rez i Mar\\u00eda Moreno\",\"length_formatted\":\"3:33\"},\"src\":\"http:\\\/\\\/miquelperez.com\\\/wp-content\\\/uploads\\\/2018\\\/12\\\/EL-SILENCI-ES-LLEN\\u00c7_01.mp3\",\"thumb\":{\"src\":\"\"}},{\"artist\":\"Miquel P\\u00e9rez i Mar\\u00eda Moreno\",\"artworkId\":0,\"artworkUrl\":\"\",\"audioId\":3076,\"audioUrl\":\"http:\\\/\\\/miquelperez.com\\\/wp-content\\\/uploads\\\/2018\\\/12\\\/LA-FIRA-DEL-MON_01.mp3\",\"format\":\"mp3\",\"length\":\"4:46\",\"title\":\"LA FIRA DEL MON\",\"order\":2,\"mp3\":\"http:\\\/\\\/miquelperez.com\\\/wp-content\\\/uploads\\\/2018\\\/12\\\/LA-FIRA-DEL-MON_01.mp3\",\"meta\":{\"artist\":\"Miquel P\\u00e9rez i Mar\\u00eda Moreno\",\"length_formatted\":\"4:46\"},\"src\":\"http:\\\/\\\/miquelperez.com\\\/wp-content\\\/uploads\\\/2018\\\/12\\\/LA-FIRA-DEL-MON_01.mp3\",\"thumb\":{\"src\":\"\"}}]}<\/script>\n\t\t<\/div><br \/>\n[\/et_pb_text][et_pb_video src=&#8221;https:\/\/www.youtube.com\/watch?v=fOKAEKb2rNA&#8221; _builder_version=&#8221;4.16&#8243; global_colors_info=&#8221;{}&#8221;][\/et_pb_video][et_pb_video src=&#8221;https:\/\/www.youtube.com\/watch?v=qKm1DB25Q_4&#8243; _builder_version=&#8221;4.17.6&#8243; global_colors_info=&#8221;{}&#8221;][\/et_pb_video][\/et_pb_column][et_pb_column type=&#8221;1_2&#8243; _builder_version=&#8221;4.16&#8243; custom_padding=&#8221;|||&#8221; global_colors_info=&#8221;{}&#8221; custom_padding__hover=&#8221;|||&#8221;][et_pb_text admin_label=&#8221;Texto CD&#8221; _builder_version=&#8221;4.16&#8243; use_border_color=&#8221;off&#8221; border_color=&#8221;#ffffff&#8221; border_style=&#8221;solid&#8221; global_colors_info=&#8221;{}&#8221;]<\/p>\n<h2>Sense meta ni rumb. 2018<\/h2>\n<p>\u00abMaria i Miquel presenten un projecte amb registres molt variats, que han arranjat de manera cuidada i que abasta una \u00e0mplia diversitat d\u2019estils.<\/p>\n<p>El treball compta amb set poemes de poetes valencians que Miquel ha fet can\u00e7\u00f3.<\/p>\n<p>Els poetes elegits son Ausias March, Vicent Andr\u00e9s Estell\u00e9s, Maria Ibars, Josep Piera, Abu Bakr al-Turtux\u00ed de Tortosa, Maria Josep Escriv\u00e0 i Tom\u00e0s Llopis, que inclou a banda vuit temes propis.<\/p>\n<p>La barreja d\u2019estils que es presenten, fan d\u2019ell un recorregut per la bossanova, la can\u00e7\u00f3 tradicional el pop, la m\u00fasica mediterr\u00e0nia, el tango i la can\u00e7\u00f3 d\u2019autor.<\/p>\n<p>[\/et_pb_text][et_pb_text admin_label=&#8221;lista de temas&#8221; _builder_version=&#8221;4.16&#8243; text_text_color=&#8221;#ffffff&#8221; background_color=&#8221;#d9922c&#8221; custom_padding=&#8221;10px|10px|10px|10px&#8221; use_border_color=&#8221;off&#8221; border_color=&#8221;#ffffff&#8221; border_style=&#8221;solid&#8221; global_colors_info=&#8221;{}&#8221;]<strong>Sense meta ni rumb. Miquel P\u00e9rez &amp;Maria Moreno<\/strong><\/p>\n<ol>\n<li>Terra de mar entre muntanyes. Lletrai m\u00fasica Miquel P\u00e9rez<\/li>\n<li>Foscos amants.Poema deVicent Andr\u00e9s Estell\u00e9s.<\/li>\n<li>Jo so molttrist. Poema d\u2019Ausi\u00e0sMarch.<\/li>\n<li>Olor de terrahumida. Poema de Tom\u00e0sLlopis<\/li>\n<li>El silenci\u00e9s el llen\u00e7. Lletra i m\u00fasica Miquel P\u00e9rez.<\/li>\n<li>La fira del m\u00f3n. Lletra i m\u00fasica Miquel P\u00e9rez.<\/li>\n<li>Il\u2022lusi\u00f3. Poema de MariaIbars.<\/li>\n<li>Abs\u00e8ncia. Poema de Abu Bakr al-Turtux\u00ed de Tortosa (Josep Piera)<\/li>\n<li>No t\u2019heperdut. Poema de Josep Piera.<\/li>\n<li>Silenci de fanals. Poema de Maria Josep Escriv\u00e0<\/li>\n<li>Can\u00e7\u00f3 per a Emma. Lletra i m\u00fasica Miquel P\u00e9rez. ( Can\u00e7\u00f3 de Bressol)<\/li>\n<li>Obrir\u00e9 totes les portes. Lletra i m\u00fasica Miquel P\u00e9rez.<\/li>\n<li>Cap pena avui. Lletra i m\u00fasica Miquel P\u00e9rez.<\/li>\n<\/ol>\n<p>[\/et_pb_text][et_pb_video src=&#8221;https:\/\/www.youtube.com\/watch?v=BM41Scqh9L4&#8243; _builder_version=&#8221;4.16&#8243; global_colors_info=&#8221;{}&#8221;][\/et_pb_video][et_pb_video src=&#8221;https:\/\/www.youtube.com\/watch?v=nL9kOYv7VtM&#8221; _builder_version=&#8221;4.17.6&#8243; global_colors_info=&#8221;{}&#8221;][\/et_pb_video][\/et_pb_column][\/et_pb_row][et_pb_row _builder_version=&#8221;4.16&#8243; background_size=&#8221;initial&#8221; background_position=&#8221;top_left&#8221; background_repeat=&#8221;repeat&#8221; global_colors_info=&#8221;{}&#8221;][et_pb_column type=&#8221;4_4&#8243; _builder_version=&#8221;4.16&#8243; custom_padding=&#8221;|||&#8221; global_colors_info=&#8221;{}&#8221; custom_padding__hover=&#8221;|||&#8221;][et_pb_text admin_label=&#8221;Galeria fotos&#8221; _builder_version=&#8221;4.16&#8243; use_border_color=&#8221;off&#8221; border_color=&#8221;#ffffff&#8221; border_style=&#8221;solid&#8221; global_colors_info=&#8221;{}&#8221;][\/et_pb_text][\/et_pb_column][\/et_pb_row][\/et_pb_section][et_pb_section fb_built=&#8221;1&#8243; fullwidth=&#8221;on&#8221; _builder_version=&#8221;4.16&#8243; global_colors_info=&#8221;{}&#8221;][et_pb_fullwidth_header title=&#8221;Discograf\u00eda&#8221; content_max_width=&#8221;none&#8221; title_font_color=&#8221;#ffffff&#8221; admin_label=&#8221;T\u00edtulo discografia&#8221; _builder_version=&#8221;4.16&#8243; title_text_color=&#8221;#ffffff&#8221; background_layout=&#8221;light&#8221; custom_css_main_element=&#8221;padding:10px 0;&#8221; button_one_letter_spacing_hover=&#8221;0&#8243; button_two_letter_spacing_hover=&#8221;0&#8243; global_colors_info=&#8221;{}&#8221; button_one_text_size__hover_enabled=&#8221;off&#8221; button_one_text_size__hover=&#8221;null&#8221; button_two_text_size__hover_enabled=&#8221;off&#8221; button_two_text_size__hover=&#8221;null&#8221; button_one_text_color__hover_enabled=&#8221;off&#8221; button_one_text_color__hover=&#8221;null&#8221; button_two_text_color__hover_enabled=&#8221;off&#8221; button_two_text_color__hover=&#8221;null&#8221; button_one_border_width__hover_enabled=&#8221;off&#8221; button_one_border_width__hover=&#8221;null&#8221; button_two_border_width__hover_enabled=&#8221;off&#8221; button_two_border_width__hover=&#8221;null&#8221; button_one_border_color__hover_enabled=&#8221;off&#8221; button_one_border_color__hover=&#8221;null&#8221; button_two_border_color__hover_enabled=&#8221;off&#8221; button_two_border_color__hover=&#8221;null&#8221; button_one_border_radius__hover_enabled=&#8221;off&#8221; button_one_border_radius__hover=&#8221;null&#8221; button_two_border_radius__hover_enabled=&#8221;off&#8221; button_two_border_radius__hover=&#8221;null&#8221; button_one_letter_spacing__hover_enabled=&#8221;on&#8221; button_one_letter_spacing__hover=&#8221;0&#8243; button_two_letter_spacing__hover_enabled=&#8221;on&#8221; button_two_letter_spacing__hover=&#8221;0&#8243; button_one_bg_color__hover_enabled=&#8221;off&#8221; button_one_bg_color__hover=&#8221;null&#8221; button_two_bg_color__hover_enabled=&#8221;off&#8221; button_two_bg_color__hover=&#8221;null&#8221;][\/et_pb_fullwidth_header][et_pb_fullwidth_portfolio include_categories=&#8221;39,41,40,38&#8243; show_date=&#8221;off&#8221; admin_label=&#8221;Carrusel discografia&#8221; _builder_version=&#8221;4.16&#8243; background_size=&#8221;initial&#8221; background_position=&#8221;top_left&#8221; background_repeat=&#8221;repeat&#8221; auto=&#8221;on&#8221; use_border_color=&#8221;off&#8221; border_color=&#8221;#ffffff&#8221; border_style=&#8221;solid&#8221; global_colors_info=&#8221;{}&#8221;][\/et_pb_fullwidth_portfolio][\/et_pb_section]<\/p>\n","protected":false},"excerpt":{"rendered":"<p>Un recorregut per la bossanova, can\u00e7\u00f3 tradicional, pop, m\u00fasica mediterr\u00e0nia, tango i can\u00e7\u00f3 d&#8217;autor. Amb set poemes de poetes valencians que Miquel ha fet can\u00e7\u00f3.<\/p>\n","protected":false},"author":1,"featured_media":3067,"comment_status":"open","ping_status":"closed","template":"","meta":{"_et_pb_use_builder":"on","_et_pb_old_content":"","_et_gb_content_width":"","footnotes":"","_links_to":"","_links_to_target":""},"project_category":[453,95,432,103],"project_tag":[340,341,342],"class_list":["post-3080","project","type-project","status-publish","has-post-thumbnail","hentry","project_category-canco","project_category-canco-dautor","project_category-musica-i-literatura","project_category-projectes-de-creacio-propia","project_tag-maria-moreno-ca","project_tag-miquel-perez-ca","project_tag-sense-meta-ni-rumb-ca"],"_links":{"self":[{"href":"https:\/\/miquelperez.com\/ca\/wp-json\/wp\/v2\/project\/3080","targetHints":{"allow":["GET"]}}],"collection":[{"href":"https:\/\/miquelperez.com\/ca\/wp-json\/wp\/v2\/project"}],"about":[{"href":"https:\/\/miquelperez.com\/ca\/wp-json\/wp\/v2\/types\/project"}],"author":[{"embeddable":true,"href":"https:\/\/miquelperez.com\/ca\/wp-json\/wp\/v2\/users\/1"}],"replies":[{"embeddable":true,"href":"https:\/\/miquelperez.com\/ca\/wp-json\/wp\/v2\/comments?post=3080"}],"version-history":[{"count":0,"href":"https:\/\/miquelperez.com\/ca\/wp-json\/wp\/v2\/project\/3080\/revisions"}],"wp:featuredmedia":[{"embeddable":true,"href":"https:\/\/miquelperez.com\/ca\/wp-json\/wp\/v2\/media\/3067"}],"wp:attachment":[{"href":"https:\/\/miquelperez.com\/ca\/wp-json\/wp\/v2\/media?parent=3080"}],"wp:term":[{"taxonomy":"project_category","embeddable":true,"href":"https:\/\/miquelperez.com\/ca\/wp-json\/wp\/v2\/project_category?post=3080"},{"taxonomy":"project_tag","embeddable":true,"href":"https:\/\/miquelperez.com\/ca\/wp-json\/wp\/v2\/project_tag?post=3080"}],"curies":[{"name":"wp","href":"https:\/\/api.w.org\/{rel}","templated":true}]}}