{"id":2896,"date":"2018-10-17T07:59:25","date_gmt":"2018-10-17T07:59:25","guid":{"rendered":"http:\/\/miquelperez.com\/project\/homer-the-odissey\/"},"modified":"2023-05-23T10:10:06","modified_gmt":"2023-05-23T10:10:06","slug":"homer-the-odissey","status":"publish","type":"project","link":"https:\/\/miquelperez.com\/ca\/project\/homer-the-odissey\/","title":{"rendered":"Homer: The Odissey. (V.O. angl\u00e8s)"},"content":{"rendered":"<p>[et_pb_section fb_built=&#8221;1&#8243; admin_label=&#8221;section&#8221; _builder_version=&#8221;4.16&#8243; global_colors_info=&#8221;{}&#8221;][et_pb_row column_structure=&#8221;1_2,1_2&#8243; admin_label=&#8221;row&#8221; _builder_version=&#8221;4.16&#8243; background_size=&#8221;initial&#8221; background_position=&#8221;top_left&#8221; background_repeat=&#8221;repeat&#8221; global_colors_info=&#8221;{}&#8221;][et_pb_column type=&#8221;1_2&#8243; _builder_version=&#8221;4.16&#8243; custom_padding=&#8221;|||&#8221; global_colors_info=&#8221;{}&#8221; custom_padding__hover=&#8221;|||&#8221;][et_pb_gallery gallery_ids=&#8221;2882,2834&#8243; fullwidth=&#8221;on&#8221; _builder_version=&#8221;4.16&#8243; use_border_color=&#8221;off&#8221; border_color=&#8221;#ffffff&#8221; border_style=&#8221;solid&#8221; global_colors_info=&#8221;{}&#8221;][\/et_pb_gallery][et_pb_text admin_label=&#8221;botones a otro idioma&#8221; _builder_version=&#8221;4.16&#8243; text_text_color=&#8221;#383838&#8243; background_size=&#8221;initial&#8221; background_position=&#8221;top_left&#8221; background_repeat=&#8221;repeat&#8221; custom_padding=&#8221;10px|10px|10px|10px&#8221; border_width_all=&#8221;2px&#8221; border_color_all=&#8221;#d9922c&#8221; use_border_color=&#8221;off&#8221; border_color=&#8221;#ffffff&#8221; border_style=&#8221;solid&#8221; saved_tabs=&#8221;all&#8221; global_colors_info=&#8221;{}&#8221;]<\/p>\n<p><strong>El CD \/ DVD i l&#8217;espectacle s&#8217;ofereix en versions originals en diferents idiomes. V.O. Valenci\u00e0, V.O. Castell\u00e0 i V.O. Angl\u00e8s<\/strong><\/p>\n<p><div class='one_half'>\r\n\t\t\t\t\t<a href='https:\/\/miquelperez.com\/ca\/project\/homero-la-odisea\/' class='small-button smallorange'>Veure projecte V.O. Castellano<\/a>\r\n\t\t\t\t<\/div><div class='one_half'>\r\n\t\t\t\t\t\r\n\t\t\t\t<\/div><a href='https:\/\/miquelperez.com\/ca\/project\/homer-lodissea\/' class='small-button smallorange'>Veure projecte V.O. Valenci\u00e0<\/a><div class='one_half et_column_last'>\r\n\t\t\t\t\t\r\n\t\t\t\t<\/div><div class='clear'><\/div><br \/>\n[\/et_pb_text][et_pb_text admin_label=&#8221;C\u00f3digo lista de audio&#8221; _builder_version=&#8221;4.16&#8243; text_text_color=&#8221;#ffffff&#8221; background_color=&#8221;#d9922c&#8221; background_size=&#8221;initial&#8221; background_position=&#8221;top_left&#8221; background_repeat=&#8221;repeat&#8221; custom_padding=&#8221;10px|10px|10px|10px&#8221; use_border_color=&#8221;off&#8221; global_colors_info=&#8221;{}&#8221;]<div class=\"cue-playlist-container\">\n<div class=\"cue-playlist cue-theme-default\" itemscope itemtype=\"http:\/\/schema.org\/MusicPlaylist\">\n\t\n\t<meta itemprop=\"numTracks\" content=\"3\" \/>\n\n\t<audio src=\"http:\/\/miquelperez.com\/wp-content\/uploads\/2018\/10\/01-the-odissey-introduction.mp3\" controls preload=\"none\" class=\"cue-audio\" style=\"width: 100%; height: auto\"><\/audio>\n\n\t<ol class=\"cue-tracks\">\n\t\t\t\t\t<li class=\"cue-track\" itemprop=\"track\" itemscope itemtype=\"http:\/\/schema.org\/MusicRecording\">\n\t\t\t\t\n\t\t\t\t<span class=\"cue-track-details cue-track-cell\">\n\t\t\t\t\t<span class=\"cue-track-title\" itemprop=\"name\">Introduction. Homer: The Odissey<\/span>\n\t\t\t\t\t<span class=\"cue-track-artist\" itemprop=\"byArtist\">Melodemodomies<\/span>\n\t\t\t\t<\/span>\n\n\t\t\t\t\n\t\t\t\t<span class=\"cue-track-length cue-track-cell\">3:53<\/span>\n\n\t\t\t\t\t\t\t<\/li>\n\t\t\t\t\t<li class=\"cue-track\" itemprop=\"track\" itemscope itemtype=\"http:\/\/schema.org\/MusicRecording\">\n\t\t\t\t\n\t\t\t\t<span class=\"cue-track-details cue-track-cell\">\n\t\t\t\t\t<span class=\"cue-track-title\" itemprop=\"name\">Cyclops. Homer: The Odissey<\/span>\n\t\t\t\t\t<span class=\"cue-track-artist\" itemprop=\"byArtist\">. Homer: The Odissey<\/span>\n\t\t\t\t<\/span>\n\n\t\t\t\t\n\t\t\t\t<span class=\"cue-track-length cue-track-cell\">3:54<\/span>\n\n\t\t\t\t\t\t\t<\/li>\n\t\t\t\t\t<li class=\"cue-track\" itemprop=\"track\" itemscope itemtype=\"http:\/\/schema.org\/MusicRecording\">\n\t\t\t\t\n\t\t\t\t<span class=\"cue-track-details cue-track-cell\">\n\t\t\t\t\t<span class=\"cue-track-title\" itemprop=\"name\">The Syrens. Homer: The Odissey<\/span>\n\t\t\t\t\t<span class=\"cue-track-artist\" itemprop=\"byArtist\">. Homer: The Odissey<\/span>\n\t\t\t\t<\/span>\n\n\t\t\t\t\n\t\t\t\t<span class=\"cue-track-length cue-track-cell\">6:00<\/span>\n\n\t\t\t\t\t\t\t<\/li>\n\t\t\t<\/ol>\n\n\t<\/div>\n\t\t<script type=\"application\/json\" class=\"cue-playlist-data\">{\"embed_link\":\"https:\\\/\\\/miquelperez.com\\\/ca\\\/?cue_embed=homer-the-odissey&cue_theme=default\",\"permalink\":\"https:\\\/\\\/miquelperez.com\\\/ca\\\/?cue_playlist=homer-the-odissey\",\"skin\":\"cue-skin-default\",\"thumbnail\":\"https:\\\/\\\/miquelperez.com\\\/wp-content\\\/uploads\\\/2018\\\/10\\\/homer-the-odyssey-400x400.jpg\",\"tracks\":[{\"artist\":\"Melodemodomies\",\"artworkId\":0,\"artworkUrl\":\"\",\"audioId\":2886,\"audioUrl\":\"http:\\\/\\\/miquelperez.com\\\/wp-content\\\/uploads\\\/2018\\\/10\\\/01-the-odissey-introduction.mp3\",\"format\":\"mp3\",\"length\":\"3:53\",\"title\":\"Introduction. Homer: The Odissey\",\"order\":0,\"mp3\":\"http:\\\/\\\/miquelperez.com\\\/wp-content\\\/uploads\\\/2018\\\/10\\\/01-the-odissey-introduction.mp3\",\"meta\":{\"artist\":\"Melodemodomies\",\"length_formatted\":\"3:53\"},\"src\":\"http:\\\/\\\/miquelperez.com\\\/wp-content\\\/uploads\\\/2018\\\/10\\\/01-the-odissey-introduction.mp3\",\"thumb\":{\"src\":\"\"}},{\"artist\":\". Homer: The Odissey\",\"artworkId\":0,\"artworkUrl\":\"\",\"audioId\":2889,\"audioUrl\":\"http:\\\/\\\/miquelperez.com\\\/wp-content\\\/uploads\\\/2018\\\/10\\\/05-the-odissey-cyclops.mp3\",\"format\":\"mp3\",\"length\":\"3:54\",\"title\":\"Cyclops. Homer: The Odissey\",\"order\":1,\"mp3\":\"http:\\\/\\\/miquelperez.com\\\/wp-content\\\/uploads\\\/2018\\\/10\\\/05-the-odissey-cyclops.mp3\",\"meta\":{\"artist\":\". Homer: The Odissey\",\"length_formatted\":\"3:54\"},\"src\":\"http:\\\/\\\/miquelperez.com\\\/wp-content\\\/uploads\\\/2018\\\/10\\\/05-the-odissey-cyclops.mp3\",\"thumb\":{\"src\":\"\"}},{\"artist\":\". Homer: The Odissey\",\"artworkId\":0,\"artworkUrl\":\"\",\"audioId\":2892,\"audioUrl\":\"http:\\\/\\\/miquelperez.com\\\/wp-content\\\/uploads\\\/2018\\\/10\\\/07-the-odissey-the-syrens.mp3\",\"format\":\"mp3\",\"length\":\"6:00\",\"title\":\"The Syrens. Homer: The Odissey\",\"order\":2,\"mp3\":\"http:\\\/\\\/miquelperez.com\\\/wp-content\\\/uploads\\\/2018\\\/10\\\/07-the-odissey-the-syrens.mp3\",\"meta\":{\"artist\":\". Homer: The Odissey\",\"length_formatted\":\"6:00\"},\"src\":\"http:\\\/\\\/miquelperez.com\\\/wp-content\\\/uploads\\\/2018\\\/10\\\/07-the-odissey-the-syrens.mp3\",\"thumb\":{\"src\":\"\"}}]}<\/script>\n\t\t<\/div><br \/>\n[\/et_pb_text][et_pb_video src=&#8221;https:\/\/www.youtube.com\/watch?v=-tnezuHMdws&#8221; _builder_version=&#8221;4.17.6&#8243; _module_preset=&#8221;default&#8221; global_colors_info=&#8221;{}&#8221;][\/et_pb_video][et_pb_video src=&#8221;https:\/\/www.youtube.com\/watch?v=qmyyciJTBJI&#8221; _builder_version=&#8221;4.17.6&#8243; _module_preset=&#8221;default&#8221; global_colors_info=&#8221;{}&#8221;][\/et_pb_video][\/et_pb_column][et_pb_column type=&#8221;1_2&#8243; _builder_version=&#8221;4.16&#8243; custom_padding=&#8221;|||&#8221; global_colors_info=&#8221;{}&#8221; custom_padding__hover=&#8221;|||&#8221;][et_pb_text admin_label=&#8221;Texto CD&#8221; _builder_version=&#8221;4.16&#8243; background_size=&#8221;initial&#8221; background_position=&#8221;top_left&#8221; background_repeat=&#8221;repeat&#8221; use_border_color=&#8221;off&#8221; global_colors_info=&#8221;{}&#8221;]<\/p>\n<h2>Homer: The Odissey. (V.O. angl\u00e8s). 2017<\/h2>\n<p>(Versi\u00f3 en angl\u00e8s)<br \/>\u201cHomer: L&#8217;Odissea\u201d \u00e9s una recreaci\u00f3 on diverses manifestacions art\u00edstiques es conjuminen per donar forma al fam\u00f3s viatge d&#8217;Ulisses i la seva tornada a casa. \u00cdtaca met\u00e0fora universal i polivalent del viatge intern, vital i personal de cadascun.<br \/>Es tracta d&#8217;un espectacle po\u00e8tic-musical il\u2022lustrat amb la projecci\u00f3 de dibuixos de Joan Castej\u00f3n i dirigit a un p\u00fablic de totes les edats.<\/p>\n<p>&nbsp;<\/p>\n<p>[\/et_pb_text][et_pb_button button_url=&#8221;https:\/\/open.spotify.com\/album\/0sY7srjFBt4Q9CUYd0dfcd&#8221; url_new_window=&#8221;on&#8221; button_text=&#8221;Acc\u00e9s al disc a Spotify&#8221; _builder_version=&#8221;4.17.6&#8243; _module_preset=&#8221;default&#8221; global_colors_info=&#8221;{}&#8221;][\/et_pb_button][et_pb_button button_url=&#8221;https:\/\/miquelperez.com\/ca\/contratacion\/&#8221; url_new_window=&#8221;on&#8221; button_text=&#8221;Contractaci\u00f3 i reserva.&#8221; _builder_version=&#8221;4.17.6&#8243; _module_preset=&#8221;default&#8221; custom_button=&#8221;on&#8221; button_text_color=&#8221;#ffffff&#8221; button_bg_color=&#8221;#e09900&#8243; global_colors_info=&#8221;{}&#8221;][\/et_pb_button][et_pb_button button_url=&#8221;https:\/\/www.amazon.com\/music\/player\/albums\/B07LFQ1KW9&#8243; url_new_window=&#8221;on&#8221; button_text=&#8221;Acc\u00e9s a compra de tracks i disc a Amaz\u00f3n&#8221; _builder_version=&#8221;4.17.6&#8243; _module_preset=&#8221;default&#8221; global_colors_info=&#8221;{}&#8221;][\/et_pb_button][et_pb_text admin_label=&#8221;Texto CD&#8221; _builder_version=&#8221;4.16&#8243; background_size=&#8221;initial&#8221; background_position=&#8221;top_left&#8221; background_repeat=&#8221;repeat&#8221; use_border_color=&#8221;off&#8221; global_colors_info=&#8221;{}&#8221;]<\/p>\n<p><strong>Melodemodomies:<br \/><\/strong><br \/><strong>Rapsode: Lee Walker<br \/>M\u00fasica original: Miquel P\u00e9rez Perell\u00f3<br \/>Clarinet, veu, ocean drum i sirena: Maria Jes\u00fas Moreno Marqu\u00e9s<br \/>Viol\u00ed i sirena: Sandra Alfonso<br \/>Piano: Francisco P\u00e9rez Perell\u00f3<br \/>Guitarra: Miquel P\u00e9rez Perell\u00f3<br \/>Il\u00b7lustracions: Joan Castej\u00f3n<br \/>Animaci\u00f3: TheTakataka Group<br \/>Direcci\u00f3 t\u00e8cnica, so i imatge en directe: Ambr\u00f3s Carri\u00f3<br \/><\/strong><\/p>\n<p>[\/et_pb_text][et_pb_text admin_label=&#8221;lista de temas&#8221; _builder_version=&#8221;4.16&#8243; text_text_color=&#8221;#ffffff&#8221; background_color=&#8221;#d9922c&#8221; background_size=&#8221;initial&#8221; background_position=&#8221;top_left&#8221; background_repeat=&#8221;repeat&#8221; custom_padding=&#8221;10px|10px|10px|10px&#8221; use_border_color=&#8221;off&#8221; global_colors_info=&#8221;{}&#8221;]<strong>TEMES. CD\/DVD<\/strong><\/p>\n<table border=\"0\" width=\"100%\">\n<tbody>\n<tr>\n<td>\n<div align=\"right\">1<\/div>\n<\/td>\n<td>Introduction to the Odyssey<\/td>\n<td>\n<div align=\"right\">03:56<\/div>\n<\/td>\n<td><\/td>\n<\/tr>\n<tr>\n<td>\n<div align=\"right\">2<\/div>\n<\/td>\n<td>Telemachus in search of Odysseus<\/td>\n<td>\n<div align=\"right\">07:22<\/div>\n<\/td>\n<td><\/td>\n<\/tr>\n<tr>\n<td>\n<div align=\"right\">3<\/div>\n<\/td>\n<td>Calypso<\/td>\n<td>\n<div align=\"right\">10:31<\/div>\n<\/td>\n<td><\/td>\n<\/tr>\n<tr>\n<td>\n<div align=\"right\">4<\/div>\n<\/td>\n<td>Meeting Nausica<\/td>\n<td>\n<div align=\"right\">09:18<\/div>\n<\/td>\n<td><\/td>\n<\/tr>\n<tr>\n<td>\n<div align=\"right\">5<\/div>\n<\/td>\n<td>Cyclops<\/td>\n<td>\n<div align=\"right\">03:51<\/div>\n<\/td>\n<td><\/td>\n<\/tr>\n<tr>\n<td>\n<div align=\"right\">6<\/div>\n<\/td>\n<td>Scylla and Charybdis<\/td>\n<td>\n<div align=\"right\">08:16<\/div>\n<\/td>\n<td><\/td>\n<\/tr>\n<tr>\n<td>\n<div align=\"right\">7<\/div>\n<\/td>\n<td>The Sirens<\/td>\n<td>\n<div align=\"right\">06:19<\/div>\n<\/td>\n<td><\/td>\n<\/tr>\n<tr>\n<td>\n<div align=\"right\">8<\/div>\n<\/td>\n<td>The anouncement of Odysseus\u2019 Arrival<\/td>\n<td>\n<div align=\"right\">01:08<\/div>\n<\/td>\n<td><\/td>\n<\/tr>\n<tr>\n<td>\n<div align=\"right\">9<\/div>\n<\/td>\n<td>Odysseusseeshishouse.<\/td>\n<td>\n<div align=\"right\">00:24<\/div>\n<\/td>\n<td><\/td>\n<\/tr>\n<tr>\n<td>\n<div align=\"right\">10<\/div>\n<\/td>\n<td>&nbsp;Argos<\/td>\n<td>\n<div align=\"right\">02:08<\/div>\n<\/td>\n<td><\/td>\n<\/tr>\n<tr>\n<td>\n<div align=\"right\">11<\/div>\n<\/td>\n<td>Euriclea washes Odysseus\u2019 feet<\/td>\n<td>\n<div align=\"right\">03:57<\/div>\n<\/td>\n<td><\/td>\n<\/tr>\n<tr>\n<td>\n<div align=\"right\">12<\/div>\n<\/td>\n<td>Penelopespeaks to hersuitors<\/td>\n<td>\n<div align=\"right\">01:51<\/div>\n<\/td>\n<td><\/td>\n<\/tr>\n<tr>\n<td>\n<div align=\"right\">13<\/div>\n<\/td>\n<td>The death of Antinous<\/td>\n<td>\n<div align=\"right\">03:57<\/div>\n<\/td>\n<td><\/td>\n<\/tr>\n<tr>\n<td>\n<div align=\"right\">14<\/div>\n<\/td>\n<td>Penelope and Odysseus recognize each other<\/td>\n<td>\n<div align=\"right\">04:09<\/div>\n<\/td>\n<td><\/td>\n<\/tr>\n<\/tbody>\n<\/table>\n<p>[\/et_pb_text][\/et_pb_column][\/et_pb_row][\/et_pb_section][et_pb_section fb_built=&#8221;1&#8243; _builder_version=&#8221;4.16&#8243; custom_padding=&#8221;|0px||0px&#8221; custom_css_main_element=&#8221;width:100%;||padding-left: 40px!important;&#8221; transparent_background=&#8221;off&#8221; make_fullwidth=&#8221;off&#8221; use_custom_width=&#8221;off&#8221; width_unit=&#8221;on&#8221; global_colors_info=&#8221;{}&#8221;][et_pb_row _builder_version=&#8221;4.16&#8243; background_size=&#8221;initial&#8221; background_position=&#8221;top_left&#8221; background_repeat=&#8221;repeat&#8221; width=&#8221;100%&#8221; max_width=&#8221;100%&#8221; custom_css_main_element=&#8221;width:100%!important;&#8221; make_fullwidth=&#8221;on&#8221; use_custom_width=&#8221;on&#8221; width_unit=&#8221;off&#8221; custom_width_percent=&#8221;100%&#8221; global_colors_info=&#8221;{}&#8221;][et_pb_column type=&#8221;4_4&#8243; _builder_version=&#8221;4.16&#8243; custom_padding=&#8221;|0px||0px&#8221; global_colors_info=&#8221;{}&#8221; custom_padding__hover=&#8221;|||&#8221;][et_pb_text _builder_version=&#8221;4.16&#8243; global_colors_info=&#8221;{}&#8221;]Im\u00e1genes correspondientes al espect\u00e1culo en valenciano<br \/>\n[\/et_pb_text][et_pb_text admin_label=&#8221;Galeria fotos&#8221; _builder_version=&#8221;4.16&#8243; background_size=&#8221;initial&#8221; background_position=&#8221;top_left&#8221; background_repeat=&#8221;repeat&#8221; use_border_color=&#8221;off&#8221; border_color=&#8221;#ffffff&#8221; border_style=&#8221;solid&#8221; global_colors_info=&#8221;{}&#8221;][photo_gallery_wp id=&#8221;3&#8243;]<br \/>\n[\/et_pb_text][\/et_pb_column][\/et_pb_row][\/et_pb_section][et_pb_section fb_built=&#8221;1&#8243; fullwidth=&#8221;on&#8221; _builder_version=&#8221;4.16&#8243; global_colors_info=&#8221;{}&#8221;][et_pb_fullwidth_header title=&#8221;Discograf\u00eda&#8221; content_max_width=&#8221;none&#8221; title_font_color=&#8221;#ffffff&#8221; admin_label=&#8221;T\u00edtulo discografia&#8221; _builder_version=&#8221;4.16&#8243; title_text_color=&#8221;#ffffff&#8221; background_layout=&#8221;light&#8221; custom_css_main_element=&#8221;padding:10px 0;&#8221; button_one_letter_spacing_hover=&#8221;0&#8243; button_two_letter_spacing_hover=&#8221;0&#8243; global_colors_info=&#8221;{}&#8221; button_one_text_size__hover_enabled=&#8221;off&#8221; button_one_text_size__hover=&#8221;null&#8221; button_two_text_size__hover_enabled=&#8221;off&#8221; button_two_text_size__hover=&#8221;null&#8221; button_one_text_color__hover_enabled=&#8221;off&#8221; button_one_text_color__hover=&#8221;null&#8221; button_two_text_color__hover_enabled=&#8221;off&#8221; button_two_text_color__hover=&#8221;null&#8221; button_one_border_width__hover_enabled=&#8221;off&#8221; button_one_border_width__hover=&#8221;null&#8221; button_two_border_width__hover_enabled=&#8221;off&#8221; button_two_border_width__hover=&#8221;null&#8221; button_one_border_color__hover_enabled=&#8221;off&#8221; button_one_border_color__hover=&#8221;null&#8221; button_two_border_color__hover_enabled=&#8221;off&#8221; button_two_border_color__hover=&#8221;null&#8221; button_one_border_radius__hover_enabled=&#8221;off&#8221; button_one_border_radius__hover=&#8221;null&#8221; button_two_border_radius__hover_enabled=&#8221;off&#8221; button_two_border_radius__hover=&#8221;null&#8221; button_one_letter_spacing__hover_enabled=&#8221;on&#8221; button_one_letter_spacing__hover=&#8221;0&#8243; button_two_letter_spacing__hover_enabled=&#8221;on&#8221; button_two_letter_spacing__hover=&#8221;0&#8243; button_one_bg_color__hover_enabled=&#8221;off&#8221; button_one_bg_color__hover=&#8221;null&#8221; button_two_bg_color__hover_enabled=&#8221;off&#8221; button_two_bg_color__hover=&#8221;null&#8221;][\/et_pb_fullwidth_header][et_pb_fullwidth_portfolio include_categories=&#8221;39,41,40,38&#8243; show_date=&#8221;off&#8221; admin_label=&#8221;Carrusel discografia&#8221; _builder_version=&#8221;4.16&#8243; background_size=&#8221;initial&#8221; background_position=&#8221;top_left&#8221; background_repeat=&#8221;repeat&#8221; auto=&#8221;on&#8221; use_border_color=&#8221;off&#8221; border_color=&#8221;#ffffff&#8221; border_style=&#8221;solid&#8221; global_colors_info=&#8221;{}&#8221;][\/et_pb_fullwidth_portfolio][\/et_pb_section]<\/p>\n","protected":false},"excerpt":{"rendered":"<p>(V.O. English) &#8220;Homer: The Odyssey&#8221; is a recreation where various artistic manifestations come together to shape the famous journey of Ulysses and his return home. It is a poetic-musical show illustrated with the projection of drawings by Joan Castej\u00f3n and aimed at an audience of all ages.<\/p>\n","protected":false},"author":2,"featured_media":2882,"comment_status":"open","ping_status":"closed","template":"","meta":{"_et_pb_use_builder":"on","_et_pb_old_content":"","_et_gb_content_width":"","footnotes":"","_links_to":"","_links_to_target":""},"project_category":[432,456,103],"project_tag":[],"class_list":["post-2896","project","type-project","status-publish","has-post-thumbnail","hentry","project_category-musica-i-literatura","project_category-musica-i-media","project_category-projectes-de-creacio-propia"],"_links":{"self":[{"href":"https:\/\/miquelperez.com\/ca\/wp-json\/wp\/v2\/project\/2896","targetHints":{"allow":["GET"]}}],"collection":[{"href":"https:\/\/miquelperez.com\/ca\/wp-json\/wp\/v2\/project"}],"about":[{"href":"https:\/\/miquelperez.com\/ca\/wp-json\/wp\/v2\/types\/project"}],"author":[{"embeddable":true,"href":"https:\/\/miquelperez.com\/ca\/wp-json\/wp\/v2\/users\/2"}],"replies":[{"embeddable":true,"href":"https:\/\/miquelperez.com\/ca\/wp-json\/wp\/v2\/comments?post=2896"}],"version-history":[{"count":0,"href":"https:\/\/miquelperez.com\/ca\/wp-json\/wp\/v2\/project\/2896\/revisions"}],"wp:featuredmedia":[{"embeddable":true,"href":"https:\/\/miquelperez.com\/ca\/wp-json\/wp\/v2\/media\/2882"}],"wp:attachment":[{"href":"https:\/\/miquelperez.com\/ca\/wp-json\/wp\/v2\/media?parent=2896"}],"wp:term":[{"taxonomy":"project_category","embeddable":true,"href":"https:\/\/miquelperez.com\/ca\/wp-json\/wp\/v2\/project_category?post=2896"},{"taxonomy":"project_tag","embeddable":true,"href":"https:\/\/miquelperez.com\/ca\/wp-json\/wp\/v2\/project_tag?post=2896"}],"curies":[{"name":"wp","href":"https:\/\/api.w.org\/{rel}","templated":true}]}}