{"id":1239,"date":"2017-06-02T11:02:46","date_gmt":"2017-06-02T11:02:46","guid":{"rendered":"http:\/\/miquelperez.com\/project\/homer-lodissea\/"},"modified":"2023-05-23T10:12:32","modified_gmt":"2023-05-23T10:12:32","slug":"homer-lodissea","status":"publish","type":"project","link":"https:\/\/miquelperez.com\/ca\/project\/homer-lodissea\/","title":{"rendered":"Homer: L\u2019Odissea. (V.O. en valenci\u00e0)"},"content":{"rendered":"<p>[et_pb_section fb_built=&#8221;1&#8243; admin_label=&#8221;section&#8221; _builder_version=&#8221;4.16&#8243; global_colors_info=&#8221;{}&#8221;][et_pb_row admin_label=&#8221;row&#8221; _builder_version=&#8221;4.16&#8243; background_size=&#8221;initial&#8221; background_position=&#8221;top_left&#8221; background_repeat=&#8221;repeat&#8221; global_colors_info=&#8221;{}&#8221; column_structure=&#8221;1_2,1_2&#8243;][et_pb_column type=&#8221;1_2&#8243; _builder_version=&#8221;4.16&#8243; custom_padding=&#8221;|||&#8221; global_colors_info=&#8221;{}&#8221; custom_padding__hover=&#8221;|||&#8221;][et_pb_gallery gallery_ids=&#8221;492,731&#8243; fullwidth=&#8221;on&#8221; _builder_version=&#8221;4.16&#8243; use_border_color=&#8221;off&#8221; border_color=&#8221;#ffffff&#8221; border_style=&#8221;solid&#8221; global_colors_info=&#8221;{}&#8221;][\/et_pb_gallery][et_pb_text admin_label=&#8221;botones a otro idioma&#8221; _builder_version=&#8221;4.16&#8243; text_text_color=&#8221;#383838&#8243; background_size=&#8221;initial&#8221; background_position=&#8221;top_left&#8221; background_repeat=&#8221;repeat&#8221; custom_padding=&#8221;10px|10px|10px|10px&#8221; border_width_all=&#8221;2px&#8221; border_color_all=&#8221;#d9922c&#8221; use_border_color=&#8221;off&#8221; border_color=&#8221;#ffffff&#8221; border_style=&#8221;solid&#8221; saved_tabs=&#8221;all&#8221; global_colors_info=&#8221;{}&#8221;]<\/p>\n<p><strong>El CD \/ DVD i l&#8217;espectacle s&#8217;ofereix en versions originals en diferents idiomes. V.O. Valenci\u00e0, V.O. Castell\u00e0 i V.O. Angl\u00e8s<\/strong><\/p>\n<p><div class='one_half'>\r\n\t\t\t\t\t<a href='https:\/\/miquelperez.com\/ca\/project\/homero-la-odisea\/' class='small-button smallorange'>Veure projecte V.O. Castellano<\/a>\r\n\t\t\t\t<\/div><div class='one_half'>\r\n\t\t\t\t\t\r\n\t\t\t\t<\/div><a href='https:\/\/miquelperez.com\/ca\/project\/homer-the-odissey\/' class='small-button smallorange'>Veure projecte V.O. Ingl\u00e9s<\/a><div class='one_half et_column_last'>\r\n\t\t\t\t\t\r\n\t\t\t\t<\/div><div class='clear'><\/div><br \/>\n[\/et_pb_text][et_pb_text admin_label=&#8221;C\u00f3digo lista de audio&#8221; _builder_version=&#8221;4.16&#8243; text_text_color=&#8221;#ffffff&#8221; background_color=&#8221;#d9922c&#8221; background_size=&#8221;initial&#8221; background_position=&#8221;top_left&#8221; background_repeat=&#8221;repeat&#8221; custom_padding=&#8221;10px|10px|10px|10px&#8221; use_border_color=&#8221;off&#8221; border_color=&#8221;#ffffff&#8221; border_style=&#8221;solid&#8221; global_colors_info=&#8221;{}&#8221;]<\/p>\n<div class=\"cue-playlist-container\">\n<div class=\"cue-playlist cue-theme-default\" itemscope itemtype=\"http:\/\/schema.org\/MusicPlaylist\">\n\t\n\t<meta itemprop=\"numTracks\" content=\"3\" \/>\n\n\t<audio src=\"http:\/\/miquelperez.com\/wp-content\/uploads\/2017\/06\/homer_ciclops.mp3\" controls preload=\"none\" class=\"cue-audio\" style=\"width: 100%; height: auto\"><\/audio>\n\n\t<ol class=\"cue-tracks\">\n\t\t\t\t\t<li class=\"cue-track\" itemprop=\"track\" itemscope itemtype=\"http:\/\/schema.org\/MusicRecording\">\n\t\t\t\t\n\t\t\t\t<span class=\"cue-track-details cue-track-cell\">\n\t\t\t\t\t<span class=\"cue-track-title\" itemprop=\"name\">Ciclops<\/span>\n\t\t\t\t\t<span class=\"cue-track-artist\" itemprop=\"byArtist\">Melodemodomies<\/span>\n\t\t\t\t<\/span>\n\n\t\t\t\t\n\t\t\t\t<span class=\"cue-track-length cue-track-cell\">3:49<\/span>\n\n\t\t\t\t\t\t\t<\/li>\n\t\t\t\t\t<li class=\"cue-track\" itemprop=\"track\" itemscope itemtype=\"http:\/\/schema.org\/MusicRecording\">\n\t\t\t\t\n\t\t\t\t<span class=\"cue-track-details cue-track-cell\">\n\t\t\t\t\t<span class=\"cue-track-title\" itemprop=\"name\">Introducci\u00f3 a l\u2019Odissea<\/span>\n\t\t\t\t\t<span class=\"cue-track-artist\" itemprop=\"byArtist\">Melodemodomies<\/span>\n\t\t\t\t<\/span>\n\n\t\t\t\t\n\t\t\t\t<span class=\"cue-track-length cue-track-cell\">7:48<\/span>\n\n\t\t\t\t\t\t\t<\/li>\n\t\t\t\t\t<li class=\"cue-track\" itemprop=\"track\" itemscope itemtype=\"http:\/\/schema.org\/MusicRecording\">\n\t\t\t\t\n\t\t\t\t<span class=\"cue-track-details cue-track-cell\">\n\t\t\t\t\t<span class=\"cue-track-title\" itemprop=\"name\">Sirenes<\/span>\n\t\t\t\t\t<span class=\"cue-track-artist\" itemprop=\"byArtist\">Melodemodomies<\/span>\n\t\t\t\t<\/span>\n\n\t\t\t\t\n\t\t\t\t<span class=\"cue-track-length cue-track-cell\">6:19<\/span>\n\n\t\t\t\t\t\t\t<\/li>\n\t\t\t<\/ol>\n\n\t<\/div>\n\t\t<script type=\"application\/json\" class=\"cue-playlist-data\">{\"embed_link\":\"https:\\\/\\\/miquelperez.com\\\/ca\\\/?cue_embed=homer-lodissea&cue_theme=default\",\"permalink\":\"https:\\\/\\\/miquelperez.com\\\/ca\\\/?cue_playlist=homer-lodissea\",\"skin\":\"cue-skin-default\",\"thumbnail\":\"https:\\\/\\\/miquelperez.com\\\/wp-content\\\/uploads\\\/2017\\\/06\\\/portadacdgrande_homer-400x400.jpg\",\"tracks\":[{\"artist\":\"Melodemodomies\",\"artworkId\":0,\"artworkUrl\":\"\",\"audioId\":756,\"audioUrl\":\"http:\\\/\\\/miquelperez.com\\\/wp-content\\\/uploads\\\/2017\\\/06\\\/homer_ciclops.mp3\",\"format\":\"mp3\",\"length\":\"3:49\",\"title\":\"Ciclops\",\"order\":0,\"mp3\":\"http:\\\/\\\/miquelperez.com\\\/wp-content\\\/uploads\\\/2017\\\/06\\\/homer_ciclops.mp3\",\"meta\":{\"artist\":\"Melodemodomies\",\"length_formatted\":\"3:49\"},\"src\":\"http:\\\/\\\/miquelperez.com\\\/wp-content\\\/uploads\\\/2017\\\/06\\\/homer_ciclops.mp3\",\"thumb\":{\"src\":\"\"}},{\"artist\":\"Melodemodomies\",\"artworkId\":0,\"artworkUrl\":\"\",\"audioId\":759,\"audioUrl\":\"http:\\\/\\\/miquelperez.com\\\/wp-content\\\/uploads\\\/2017\\\/06\\\/homer_intro.mp3\",\"format\":\"mp3\",\"length\":\"7:48\",\"title\":\"Introducci\\u00f3 a l\\u2019Odissea\",\"order\":1,\"mp3\":\"http:\\\/\\\/miquelperez.com\\\/wp-content\\\/uploads\\\/2017\\\/06\\\/homer_intro.mp3\",\"meta\":{\"artist\":\"Melodemodomies\",\"length_formatted\":\"7:48\"},\"src\":\"http:\\\/\\\/miquelperez.com\\\/wp-content\\\/uploads\\\/2017\\\/06\\\/homer_intro.mp3\",\"thumb\":{\"src\":\"\"}},{\"artist\":\"Melodemodomies\",\"artworkId\":0,\"artworkUrl\":\"\",\"audioId\":762,\"audioUrl\":\"http:\\\/\\\/miquelperez.com\\\/wp-content\\\/uploads\\\/2017\\\/06\\\/homer_sirenas.mp3\",\"format\":\"mp3\",\"length\":\"6:19\",\"title\":\"Sirenes\",\"order\":2,\"mp3\":\"http:\\\/\\\/miquelperez.com\\\/wp-content\\\/uploads\\\/2017\\\/06\\\/homer_sirenas.mp3\",\"meta\":{\"artist\":\"Melodemodomies\",\"length_formatted\":\"6:19\"},\"src\":\"http:\\\/\\\/miquelperez.com\\\/wp-content\\\/uploads\\\/2017\\\/06\\\/homer_sirenas.mp3\",\"thumb\":{\"src\":\"\"}}]}<\/script>\n\t\t<\/div>\n<p>[\/et_pb_text][et_pb_text admin_label=&#8221;lista de temas&#8221; _builder_version=&#8221;4.17.6&#8243; text_text_color=&#8221;#ffffff&#8221; background_color=&#8221;#d9922c&#8221; background_size=&#8221;initial&#8221; background_position=&#8221;top_left&#8221; background_repeat=&#8221;repeat&#8221; custom_margin=&#8221;||-1px|||&#8221; custom_padding=&#8221;10px|10px|10px|10px&#8221; hover_enabled=&#8221;0&#8243; use_border_color=&#8221;off&#8221; global_colors_info=&#8221;{}&#8221; theme_builder_area=&#8221;post_content&#8221; sticky_enabled=&#8221;0&#8243;]<strong>CR\u00cdTIQUES A LA PREMSA<\/strong>[\/et_pb_text][et_pb_text _builder_version=&#8221;4.17.6&#8243; _module_preset=&#8221;default&#8221; custom_padding=&#8221;10px|10px|10px|10px|true|true&#8221; border_width_all=&#8221;2px&#8221; border_color_all=&#8221;#E09900&#8243; hover_enabled=&#8221;0&#8243; sticky_enabled=&#8221;0&#8243;]<\/p>\n<ul>\n<li class=\"title\"><strong>LA MARINA PLAZA<br \/>\n<\/strong><a href=\"https:\/\/lamarinaplaza.com\/2016\/10\/21\/se-presenta-en-el-palau-de-valencia-homer-lodissea-el-espectaculo-con-musica-de-miquel-perez-perello-y-dibujos-de-castejon\/\" target=\"_blank\" rel=\"noopener\">https:\/\/lamarinaplaza.com\/2016\/10\/21\/se-presenta-en-el-palau-de-valencia-homer-lodissea-el-espectaculo-con-musica-de-miquel-perez-perello-y-dibujos-de-castejon\/<\/a><\/li>\n<li class=\"title\"><strong>A LA SOMBRA DEL PARNASO<br \/>\n<\/strong><a href=\"https:\/\/alasombradelparnaso.blogspot.com\/2015\/01\/la-odisea-una-propuesta.html\" target=\"_blank\" rel=\"noopener\">https:\/\/alasombradelparnaso.blogspot.com\/2015\/01\/la-odisea-una-propuesta.html<\/a><\/li>\n<li class=\"title\"><strong>DIARI LA VEU<br \/>\n<\/strong><a href=\"https:\/\/www.diarilaveu.com\/columnista\/37331\/homer\" target=\"_blank\" rel=\"noopener\">https:\/\/www.diarilaveu.com\/columnista\/37331\/homer<\/a><\/li>\n<li class=\"title\"><strong>DIARI LA VEU<\/strong><a href=\"https:\/\/www.diarilaveu.com\/noticia\/22745\/una-odissea-genuina-viatja-cap-a-un-palau-obert\" target=\"_blank\" rel=\"noopener\"><br \/>\nhttps:\/\/www.diarilaveu.com\/noticia\/22745\/una-odissea-genuina-viatja-cap-a-un-palau-obert<\/a><\/li>\n<\/ul>\n<p>[\/et_pb_text][et_pb_video src=&#8221;https:\/\/www.youtube.com\/watch?v=jTCcTruinDk&#8221; _builder_version=&#8221;4.16&#8243; global_colors_info=&#8221;{}&#8221;][\/et_pb_video][et_pb_video src=&#8221;https:\/\/www.youtube.com\/watch?v=Tc6dKNRGf98&#8243; _builder_version=&#8221;4.16&#8243; global_colors_info=&#8221;{}&#8221;][\/et_pb_video][\/et_pb_column][et_pb_column type=&#8221;1_2&#8243; _builder_version=&#8221;4.16&#8243; custom_padding=&#8221;|||&#8221; global_colors_info=&#8221;{}&#8221; custom_padding__hover=&#8221;|||&#8221;][et_pb_text admin_label=&#8221;Texto CD&#8221; _builder_version=&#8221;4.17.6&#8243; background_size=&#8221;initial&#8221; background_position=&#8221;top_left&#8221; background_repeat=&#8221;repeat&#8221; hover_enabled=&#8221;0&#8243; use_border_color=&#8221;off&#8221; global_colors_info=&#8221;{}&#8221; sticky_enabled=&#8221;0&#8243;]<\/p>\n<h2>Homer: L\u2019Odissea. (V.O. en valenci\u00e0) 2014<\/h2>\n<p style=\"text-align: justify;\">(V.O. Valenci\u00e0)<br \/>\nMelodemodomies \u00e9s un nom de fusi\u00f3, en el m\u00e9s estricte sentit musical. Seguint la tradici\u00f3, la melodia de la lira acompany\u00e0 el rapsode Dem\u00f2doc quan, al cant VIII de l\u2019Odissea, va recitar primer la hist\u00f2ria dels amors d\u2019Ares i Afrodita i despr\u00e9s la destrucci\u00f3 de Troia mentre \u201cUlisses es consumia, i el plor, des dels ulls, li mullava les galtes.\u201d (VIII, 521-522).<br \/>\n\u201cHomer: L\u2019Odissea\u201d \u00e9s una recreaci\u00f3 on diverses manifestacions art\u00edstiques es conjuminen per donar forma al fam\u00f3s viatge d\u2019Ulisses i la seva tornada a casa. \u00cdtaca met\u00e0fora universal i polivalent del viatge intern, vital i personal de cadascun.<br \/>\nEs tracta d\u2019un espectacle po\u00e8tic-musical il\u2022lustrat amb la projecci\u00f3 de dibuixos de Joan Castej\u00f3n i dirigit a un p\u00fablic de totes les edats.<\/p>\n<p>[\/et_pb_text][et_pb_button button_url=&#8221;https:\/\/www.amazon.com\/music\/player\/albums\/B07M92WMJ6&#8243; url_new_window=&#8221;on&#8221; button_text=&#8221;Acceso al disco en Spotify&#8221; _builder_version=&#8221;4.17.6&#8243; _module_preset=&#8221;default&#8221; hover_enabled=&#8221;0&#8243; global_colors_info=&#8221;{}&#8221; theme_builder_area=&#8221;post_content&#8221; sticky_enabled=&#8221;0&#8243;][\/et_pb_button][et_pb_button button_url=&#8221;https:\/\/miquelperez.com\/ca\/contratacion\/&#8221; url_new_window=&#8221;on&#8221; button_text=&#8221;Contrataci\u00f3n y reserva.&#8221; _builder_version=&#8221;4.17.6&#8243; _module_preset=&#8221;default&#8221; custom_button=&#8221;on&#8221; button_text_color=&#8221;#ffffff&#8221; button_bg_color=&#8221;#e09900&#8243; hover_enabled=&#8221;0&#8243; global_colors_info=&#8221;{}&#8221; theme_builder_area=&#8221;post_content&#8221; sticky_enabled=&#8221;0&#8243;][\/et_pb_button][et_pb_button button_url=&#8221;https:\/\/www.amazon.com\/music\/player\/albums\/B07M92WMJ6&#8243; url_new_window=&#8221;on&#8221; button_text=&#8221;Acceso a compra de tracks y disco en Amaz\u00f3n&#8221; _builder_version=&#8221;4.17.6&#8243; _module_preset=&#8221;default&#8221; hover_enabled=&#8221;0&#8243; global_colors_info=&#8221;{}&#8221; theme_builder_area=&#8221;post_content&#8221; sticky_enabled=&#8221;0&#8243;][\/et_pb_button][et_pb_text admin_label=&#8221;Texto CD&#8221; _builder_version=&#8221;4.16&#8243; background_size=&#8221;initial&#8221; background_position=&#8221;top_left&#8221; background_repeat=&#8221;repeat&#8221; use_border_color=&#8221;off&#8221; global_colors_info=&#8221;{}&#8221;]<\/p>\n<p><strong>Grup Melodemodomies:<\/strong><br \/>\nM\u00fasica original i Guitarra: Miquel P\u00e9rez Perell\u00f3.<br \/>\nRapsode i selecci\u00f3 de textos: Tom\u00e0s Llopis.<br \/>\nClarinet, veu, ocean drum i sirena: Maria Jes\u00fas Moreno.<br \/>\nViol\u00ed i sirena: Sandra Alfonso.<br \/>\nPiano: Francisco Jos\u00e9 P\u00e9rez.<br \/>\nIl.lustracions: Joan Castej\u00f3n<br \/>\nAnimaci\u00f3: Eltakataka<br \/>\nDirecci\u00f3 t\u00e9cnica, so i imatge en directe: Ambr\u00f3s Carri\u00f3<\/p>\n<p>[\/et_pb_text][et_pb_text admin_label=&#8221;lista de temas&#8221; _builder_version=&#8221;4.16&#8243; text_text_color=&#8221;#ffffff&#8221; background_color=&#8221;#d9922c&#8221; background_size=&#8221;initial&#8221; background_position=&#8221;top_left&#8221; background_repeat=&#8221;repeat&#8221; custom_padding=&#8221;10px|10px|10px|10px&#8221; use_border_color=&#8221;off&#8221; global_colors_info=&#8221;{}&#8221;]<strong>TEMES DEL DISC. CD\/DVD<\/strong><\/p>\n<table border=\"0\" width=\"100%\">\n<tbody>\n<tr>\n<td>\n<div align=\"right\">1<\/div>\n<\/td>\n<td>Introducci\u00f3 a l\u2019Odissea<\/td>\n<td>\n<div align=\"right\">03:56<\/div>\n<\/td>\n<td><\/td>\n<\/tr>\n<tr>\n<td>\n<div align=\"right\">2<\/div>\n<\/td>\n<td>Tel\u00e8mac va a cercar Ulisses<\/td>\n<td>\n<div align=\"right\">07:22<\/div>\n<\/td>\n<td><\/td>\n<\/tr>\n<tr>\n<td>\n<div align=\"right\">3<\/div>\n<\/td>\n<td>Calipso<\/td>\n<td>\n<div align=\"right\">10:31<\/div>\n<\/td>\n<td><\/td>\n<\/tr>\n<tr>\n<td>\n<div align=\"right\">4<\/div>\n<\/td>\n<td>Encontre amb Nausica<\/td>\n<td>\n<div align=\"right\">09:18<\/div>\n<\/td>\n<td><\/td>\n<\/tr>\n<tr>\n<td>\n<div align=\"right\">5<\/div>\n<\/td>\n<td>Ciclops<\/td>\n<td>\n<div align=\"right\">03:51<\/div>\n<\/td>\n<td><\/td>\n<\/tr>\n<tr>\n<td>\n<div align=\"right\">6<\/div>\n<\/td>\n<td>Escil\u2022la i Caribdis<\/td>\n<td>\n<div align=\"right\">08:16<\/div>\n<\/td>\n<td><\/td>\n<\/tr>\n<tr>\n<td>\n<div align=\"right\">7<\/div>\n<\/td>\n<td>Sirenes<\/td>\n<td>\n<div align=\"right\">06:19<\/div>\n<\/td>\n<td><\/td>\n<\/tr>\n<tr>\n<td>\n<div align=\"right\">8<\/div>\n<\/td>\n<td>Anunci de l\u2019arribada d\u2019Ulisses<\/td>\n<td>\n<div align=\"right\">01:08<\/div>\n<\/td>\n<td><\/td>\n<\/tr>\n<tr>\n<td>\n<div align=\"right\">9<\/div>\n<\/td>\n<td>Ulisses veu sa casa<\/td>\n<td>\n<div align=\"right\">00:24<\/div>\n<\/td>\n<td><\/td>\n<\/tr>\n<tr>\n<td>\n<div align=\"right\">10<\/div>\n<\/td>\n<td>Argos<\/td>\n<td>\n<div align=\"right\">02:08<\/div>\n<\/td>\n<td><\/td>\n<\/tr>\n<tr>\n<td>\n<div align=\"right\">11<\/div>\n<\/td>\n<td>Euriclea renta els peus a Ulisses<\/td>\n<td>\n<div align=\"right\">03:57<\/div>\n<\/td>\n<td><\/td>\n<\/tr>\n<tr>\n<td>\n<div align=\"right\">12<\/div>\n<\/td>\n<td>Pen\u00e8lope s\u2019adre\u00e7a als pretendents<\/td>\n<td>\n<div align=\"right\">01:51<\/div>\n<\/td>\n<td><\/td>\n<\/tr>\n<tr>\n<td>\n<div align=\"right\">13<\/div>\n<\/td>\n<td>Mort d\u2019Ant\u00ednous<\/td>\n<td>\n<div align=\"right\">03:57<\/div>\n<\/td>\n<td><\/td>\n<\/tr>\n<tr>\n<td>\n<div align=\"right\">14<\/div>\n<\/td>\n<td>Pen\u00e8lope i Ulisses es reconeixen<\/td>\n<td>\n<div align=\"right\">04:09<\/div>\n<\/td>\n<td><\/td>\n<\/tr>\n<\/tbody>\n<\/table>\n<p>[\/et_pb_text][et_pb_video src=&#8221;https:\/\/www.youtube.com\/watch?v=q5PQixc4rEA&#8221; _builder_version=&#8221;4.16&#8243; global_colors_info=&#8221;{}&#8221;][\/et_pb_video][et_pb_video src=&#8221;https:\/\/www.youtube.com\/watch?v=ZHlMv6jVvEc&#8221; _builder_version=&#8221;4.16&#8243; global_colors_info=&#8221;{}&#8221;][\/et_pb_video][\/et_pb_column][\/et_pb_row][\/et_pb_section][et_pb_section fb_built=&#8221;1&#8243; _builder_version=&#8221;4.16&#8243; custom_padding=&#8221;|0px||0px&#8221; custom_css_main_element=&#8221;width:100%;||padding-left: 40px!important;&#8221; transparent_background=&#8221;off&#8221; make_fullwidth=&#8221;off&#8221; use_custom_width=&#8221;off&#8221; width_unit=&#8221;on&#8221; global_colors_info=&#8221;{}&#8221;][et_pb_row _builder_version=&#8221;4.16&#8243; background_size=&#8221;initial&#8221; background_position=&#8221;top_left&#8221; background_repeat=&#8221;repeat&#8221; width=&#8221;100%&#8221; max_width=&#8221;100%&#8221; custom_css_main_element=&#8221;width:100%!important;&#8221; make_fullwidth=&#8221;on&#8221; use_custom_width=&#8221;on&#8221; width_unit=&#8221;off&#8221; custom_width_percent=&#8221;100%&#8221; global_colors_info=&#8221;{}&#8221;][et_pb_column type=&#8221;4_4&#8243; _builder_version=&#8221;4.16&#8243; custom_padding=&#8221;|0px||0px&#8221; global_colors_info=&#8221;{}&#8221; custom_padding__hover=&#8221;|||&#8221;][et_pb_text admin_label=&#8221;Galeria fotos&#8221; _builder_version=&#8221;4.16&#8243; background_size=&#8221;initial&#8221; background_position=&#8221;top_left&#8221; background_repeat=&#8221;repeat&#8221; use_border_color=&#8221;off&#8221; border_color=&#8221;#ffffff&#8221; border_style=&#8221;solid&#8221; global_colors_info=&#8221;{}&#8221;][photo_gallery_wp id=&#8221;3&#8243;]<br \/>\n[\/et_pb_text][\/et_pb_column][\/et_pb_row][\/et_pb_section][et_pb_section fb_built=&#8221;1&#8243; fullwidth=&#8221;on&#8221; _builder_version=&#8221;4.16&#8243; global_colors_info=&#8221;{}&#8221;][et_pb_fullwidth_header title=&#8221;Discograf\u00eda&#8221; content_max_width=&#8221;none&#8221; title_font_color=&#8221;#ffffff&#8221; admin_label=&#8221;T\u00edtulo discografia&#8221; _builder_version=&#8221;4.16&#8243; title_text_color=&#8221;#ffffff&#8221; background_layout=&#8221;light&#8221; custom_css_main_element=&#8221;padding:10px 0;&#8221; button_one_letter_spacing_hover=&#8221;0&#8243; button_two_letter_spacing_hover=&#8221;0&#8243; global_colors_info=&#8221;{}&#8221; button_one_text_size__hover_enabled=&#8221;off&#8221; button_one_text_size__hover=&#8221;null&#8221; button_two_text_size__hover_enabled=&#8221;off&#8221; button_two_text_size__hover=&#8221;null&#8221; button_one_text_color__hover_enabled=&#8221;off&#8221; button_one_text_color__hover=&#8221;null&#8221; button_two_text_color__hover_enabled=&#8221;off&#8221; button_two_text_color__hover=&#8221;null&#8221; button_one_border_width__hover_enabled=&#8221;off&#8221; button_one_border_width__hover=&#8221;null&#8221; button_two_border_width__hover_enabled=&#8221;off&#8221; button_two_border_width__hover=&#8221;null&#8221; button_one_border_color__hover_enabled=&#8221;off&#8221; button_one_border_color__hover=&#8221;null&#8221; button_two_border_color__hover_enabled=&#8221;off&#8221; button_two_border_color__hover=&#8221;null&#8221; button_one_border_radius__hover_enabled=&#8221;off&#8221; button_one_border_radius__hover=&#8221;null&#8221; button_two_border_radius__hover_enabled=&#8221;off&#8221; button_two_border_radius__hover=&#8221;null&#8221; button_one_letter_spacing__hover_enabled=&#8221;on&#8221; button_one_letter_spacing__hover=&#8221;0&#8243; button_two_letter_spacing__hover_enabled=&#8221;on&#8221; button_two_letter_spacing__hover=&#8221;0&#8243; button_one_bg_color__hover_enabled=&#8221;off&#8221; button_one_bg_color__hover=&#8221;null&#8221; button_two_bg_color__hover_enabled=&#8221;off&#8221; button_two_bg_color__hover=&#8221;null&#8221;][\/et_pb_fullwidth_header][et_pb_fullwidth_portfolio include_categories=&#8221;39,41,40,38&#8243; show_date=&#8221;off&#8221; admin_label=&#8221;Carrusel discografia&#8221; _builder_version=&#8221;4.16&#8243; background_size=&#8221;initial&#8221; background_position=&#8221;top_left&#8221; background_repeat=&#8221;repeat&#8221; auto=&#8221;on&#8221; use_border_color=&#8221;off&#8221; border_color=&#8221;#ffffff&#8221; border_style=&#8221;solid&#8221; global_colors_info=&#8221;{}&#8221;][\/et_pb_fullwidth_portfolio][\/et_pb_section]<\/p>\n","protected":false},"excerpt":{"rendered":"<p>(V.O. valenci\u00e0) \u201cHomer: L&#8217;Odissea\u201d \u00e9s una recreaci\u00f3 on diverses manifestacions art\u00edstiques s&#8217;uneixen per donar forma al fam\u00f3s viatge d&#8217;Ulisses i el seu retorn a casa. Es tracta d&#8217;un espectacle poeticomusical il\u00b7lustrat amb la projecci\u00f3 de dibuixos de Joan Castej\u00f3n i dirigit a un p\u00fablic de totes les edats.<\/p>\n","protected":false},"author":1,"featured_media":492,"comment_status":"open","ping_status":"closed","template":"","meta":{"_et_pb_use_builder":"on","_et_pb_old_content":"","_et_gb_content_width":"","footnotes":"","_links_to":"","_links_to_target":""},"project_category":[432,456,181,103],"project_tag":[],"class_list":["post-1239","project","type-project","status-publish","has-post-thumbnail","hentry","project_category-musica-i-literatura","project_category-musica-i-media","project_category-projectes-actuals","project_category-projectes-de-creacio-propia"],"_links":{"self":[{"href":"https:\/\/miquelperez.com\/ca\/wp-json\/wp\/v2\/project\/1239","targetHints":{"allow":["GET"]}}],"collection":[{"href":"https:\/\/miquelperez.com\/ca\/wp-json\/wp\/v2\/project"}],"about":[{"href":"https:\/\/miquelperez.com\/ca\/wp-json\/wp\/v2\/types\/project"}],"author":[{"embeddable":true,"href":"https:\/\/miquelperez.com\/ca\/wp-json\/wp\/v2\/users\/1"}],"replies":[{"embeddable":true,"href":"https:\/\/miquelperez.com\/ca\/wp-json\/wp\/v2\/comments?post=1239"}],"version-history":[{"count":0,"href":"https:\/\/miquelperez.com\/ca\/wp-json\/wp\/v2\/project\/1239\/revisions"}],"wp:featuredmedia":[{"embeddable":true,"href":"https:\/\/miquelperez.com\/ca\/wp-json\/wp\/v2\/media\/492"}],"wp:attachment":[{"href":"https:\/\/miquelperez.com\/ca\/wp-json\/wp\/v2\/media?parent=1239"}],"wp:term":[{"taxonomy":"project_category","embeddable":true,"href":"https:\/\/miquelperez.com\/ca\/wp-json\/wp\/v2\/project_category?post=1239"},{"taxonomy":"project_tag","embeddable":true,"href":"https:\/\/miquelperez.com\/ca\/wp-json\/wp\/v2\/project_tag?post=1239"}],"curies":[{"name":"wp","href":"https:\/\/api.w.org\/{rel}","templated":true}]}}