{"id":1237,"date":"2017-06-02T11:05:10","date_gmt":"2017-06-02T11:05:10","guid":{"rendered":"http:\/\/miquelperez.com\/project\/esta-la-vida-en-tot\/"},"modified":"2023-05-23T08:18:35","modified_gmt":"2023-05-23T08:18:35","slug":"esta-la-vida-en-tot","status":"publish","type":"project","link":"https:\/\/miquelperez.com\/ca\/project\/esta-la-vida-en-tot\/","title":{"rendered":"Est\u00e0 la vida en tot"},"content":{"rendered":"<p>[et_pb_section fb_built=&#8221;1&#8243; admin_label=&#8221;section&#8221; _builder_version=&#8221;4.16&#8243; global_colors_info=&#8221;{}&#8221;][et_pb_row column_structure=&#8221;1_2,1_2&#8243; admin_label=&#8221;row&#8221; _builder_version=&#8221;4.16&#8243; background_size=&#8221;initial&#8221; background_position=&#8221;top_left&#8221; background_repeat=&#8221;repeat&#8221; global_colors_info=&#8221;{}&#8221;][et_pb_column type=&#8221;1_2&#8243; _builder_version=&#8221;4.16&#8243; custom_padding=&#8221;|||&#8221; global_colors_info=&#8221;{}&#8221; custom_padding__hover=&#8221;|||&#8221;][et_pb_gallery gallery_ids=&#8221;601,604&#8243; fullwidth=&#8221;on&#8221; admin_label=&#8221;Galer\u00eda&#8221; _builder_version=&#8221;4.16&#8243; use_border_color=&#8221;off&#8221; border_color=&#8221;#ffffff&#8221; border_style=&#8221;solid&#8221; global_colors_info=&#8221;{}&#8221;][\/et_pb_gallery][et_pb_text admin_label=&#8221;C\u00f3digo lista de audio&#8221; _builder_version=&#8221;4.16&#8243; text_text_color=&#8221;#ffffff&#8221; background_color=&#8221;#d9922c&#8221; background_size=&#8221;initial&#8221; background_position=&#8221;top_left&#8221; background_repeat=&#8221;repeat&#8221; custom_padding=&#8221;10px|10px|10px|10px&#8221; use_border_color=&#8221;off&#8221; border_color=&#8221;#ffffff&#8221; border_style=&#8221;solid&#8221; global_colors_info=&#8221;{}&#8221;]<div class=\"cue-playlist-container\">\n<div class=\"cue-playlist cue-theme-default\" itemscope itemtype=\"http:\/\/schema.org\/MusicPlaylist\">\n\t\n\t<meta itemprop=\"numTracks\" content=\"7\" \/>\n\n\t<audio src=\"http:\/\/miquelperez.com\/wp-content\/uploads\/2017\/06\/e-Atotloquevinga.mp3\" controls preload=\"none\" class=\"cue-audio\" style=\"width: 100%; height: auto\"><\/audio>\n\n\t<ol class=\"cue-tracks\">\n\t\t\t\t\t<li class=\"cue-track\" itemprop=\"track\" itemscope itemtype=\"http:\/\/schema.org\/MusicRecording\">\n\t\t\t\t\n\t\t\t\t<span class=\"cue-track-details cue-track-cell\">\n\t\t\t\t\t<span class=\"cue-track-title\" itemprop=\"name\">A tot lo que vinga<\/span>\n\t\t\t\t\t<span class=\"cue-track-artist\" itemprop=\"byArtist\">Miquel P\u00e9rez<\/span>\n\t\t\t\t<\/span>\n\n\t\t\t\t\n\t\t\t\t<span class=\"cue-track-length cue-track-cell\">3:20<\/span>\n\n\t\t\t\t\t\t\t<\/li>\n\t\t\t\t\t<li class=\"cue-track\" itemprop=\"track\" itemscope itemtype=\"http:\/\/schema.org\/MusicRecording\">\n\t\t\t\t\n\t\t\t\t<span class=\"cue-track-details cue-track-cell\">\n\t\t\t\t\t<span class=\"cue-track-title\" itemprop=\"name\">Els temps estan canviant<\/span>\n\t\t\t\t\t<span class=\"cue-track-artist\" itemprop=\"byArtist\">Miquel P\u00e9rez<\/span>\n\t\t\t\t<\/span>\n\n\t\t\t\t\n\t\t\t\t<span class=\"cue-track-length cue-track-cell\">3:09<\/span>\n\n\t\t\t\t\t\t\t<\/li>\n\t\t\t\t\t<li class=\"cue-track\" itemprop=\"track\" itemscope itemtype=\"http:\/\/schema.org\/MusicRecording\">\n\t\t\t\t\n\t\t\t\t<span class=\"cue-track-details cue-track-cell\">\n\t\t\t\t\t<span class=\"cue-track-title\" itemprop=\"name\">Est\u00e0 la vida en tot<\/span>\n\t\t\t\t\t<span class=\"cue-track-artist\" itemprop=\"byArtist\">Miquel P\u00e9rez<\/span>\n\t\t\t\t<\/span>\n\n\t\t\t\t\n\t\t\t\t<span class=\"cue-track-length cue-track-cell\">3:45<\/span>\n\n\t\t\t\t\t\t\t<\/li>\n\t\t\t\t\t<li class=\"cue-track\" itemprop=\"track\" itemscope itemtype=\"http:\/\/schema.org\/MusicRecording\">\n\t\t\t\t\n\t\t\t\t<span class=\"cue-track-details cue-track-cell\">\n\t\t\t\t\t<span class=\"cue-track-title\" itemprop=\"name\">Passa l\u2019hivern<\/span>\n\t\t\t\t\t<span class=\"cue-track-artist\" itemprop=\"byArtist\">Miquel P\u00e9rez<\/span>\n\t\t\t\t<\/span>\n\n\t\t\t\t\n\t\t\t\t<span class=\"cue-track-length cue-track-cell\">4:08<\/span>\n\n\t\t\t\t\t\t\t<\/li>\n\t\t\t\t\t<li class=\"cue-track\" itemprop=\"track\" itemscope itemtype=\"http:\/\/schema.org\/MusicRecording\">\n\t\t\t\t\n\t\t\t\t<span class=\"cue-track-details cue-track-cell\">\n\t\t\t\t\t<span class=\"cue-track-title\" itemprop=\"name\">Tot<\/span>\n\t\t\t\t\t<span class=\"cue-track-artist\" itemprop=\"byArtist\">Miquel P\u00e9rez<\/span>\n\t\t\t\t<\/span>\n\n\t\t\t\t\n\t\t\t\t<span class=\"cue-track-length cue-track-cell\">3:29<\/span>\n\n\t\t\t\t\t\t\t<\/li>\n\t\t\t\t\t<li class=\"cue-track\" itemprop=\"track\" itemscope itemtype=\"http:\/\/schema.org\/MusicRecording\">\n\t\t\t\t\n\t\t\t\t<span class=\"cue-track-details cue-track-cell\">\n\t\t\t\t\t<span class=\"cue-track-title\" itemprop=\"name\">Tot l\u2019amor en tu<\/span>\n\t\t\t\t\t<span class=\"cue-track-artist\" itemprop=\"byArtist\">Miquel P\u00e9rez<\/span>\n\t\t\t\t<\/span>\n\n\t\t\t\t\n\t\t\t\t<span class=\"cue-track-length cue-track-cell\">2:57<\/span>\n\n\t\t\t\t\t\t\t<\/li>\n\t\t\t\t\t<li class=\"cue-track\" itemprop=\"track\" itemscope itemtype=\"http:\/\/schema.org\/MusicRecording\">\n\t\t\t\t\n\t\t\t\t<span class=\"cue-track-details cue-track-cell\">\n\t\t\t\t\t<span class=\"cue-track-title\" itemprop=\"name\">Viatjant pel Temps<\/span>\n\t\t\t\t\t<span class=\"cue-track-artist\" itemprop=\"byArtist\">Miquel P\u00e9rez<\/span>\n\t\t\t\t<\/span>\n\n\t\t\t\t\n\t\t\t\t<span class=\"cue-track-length cue-track-cell\">3:13<\/span>\n\n\t\t\t\t\t\t\t<\/li>\n\t\t\t<\/ol>\n\n\t<\/div>\n\t\t<script type=\"application\/json\" class=\"cue-playlist-data\">{\"embed_link\":\"https:\\\/\\\/miquelperez.com\\\/ca\\\/?cue_embed=esta-la-vida-en-tot&cue_theme=default\",\"permalink\":\"https:\\\/\\\/miquelperez.com\\\/ca\\\/?cue_playlist=esta-la-vida-en-tot\",\"skin\":\"cue-skin-default\",\"thumbnail\":\"https:\\\/\\\/miquelperez.com\\\/wp-content\\\/uploads\\\/2017\\\/06\\\/esta-la-vida-en-tot-portada-300x300.jpg\",\"tracks\":[{\"artist\":\"Miquel P\\u00e9rez\",\"artworkId\":0,\"artworkUrl\":\"\",\"audioId\":626,\"audioUrl\":\"http:\\\/\\\/miquelperez.com\\\/wp-content\\\/uploads\\\/2017\\\/06\\\/e-Atotloquevinga.mp3\",\"format\":\"mp3\",\"length\":\"3:20\",\"title\":\"A tot lo que vinga\",\"order\":0,\"mp3\":\"http:\\\/\\\/miquelperez.com\\\/wp-content\\\/uploads\\\/2017\\\/06\\\/e-Atotloquevinga.mp3\",\"meta\":{\"artist\":\"Miquel P\\u00e9rez\",\"length_formatted\":\"3:20\"},\"src\":\"http:\\\/\\\/miquelperez.com\\\/wp-content\\\/uploads\\\/2017\\\/06\\\/e-Atotloquevinga.mp3\",\"thumb\":{\"src\":\"\"}},{\"artist\":\"Miquel P\\u00e9rez\",\"artworkId\":0,\"artworkUrl\":\"\",\"audioId\":629,\"audioUrl\":\"http:\\\/\\\/miquelperez.com\\\/wp-content\\\/uploads\\\/2017\\\/06\\\/e-Elstempsestancanviant.mp3\",\"format\":\"mp3\",\"length\":\"3:09\",\"title\":\"Els temps estan canviant\",\"order\":1,\"mp3\":\"http:\\\/\\\/miquelperez.com\\\/wp-content\\\/uploads\\\/2017\\\/06\\\/e-Elstempsestancanviant.mp3\",\"meta\":{\"artist\":\"Miquel P\\u00e9rez\",\"length_formatted\":\"3:09\"},\"src\":\"http:\\\/\\\/miquelperez.com\\\/wp-content\\\/uploads\\\/2017\\\/06\\\/e-Elstempsestancanviant.mp3\",\"thumb\":{\"src\":\"\"}},{\"artist\":\"Miquel P\\u00e9rez\",\"artworkId\":0,\"artworkUrl\":\"\",\"audioId\":632,\"audioUrl\":\"http:\\\/\\\/miquelperez.com\\\/wp-content\\\/uploads\\\/2017\\\/06\\\/e-Estalavidaentot.mp3\",\"format\":\"mp3\",\"length\":\"3:45\",\"title\":\"Est\\u00e0 la vida en tot\",\"order\":2,\"mp3\":\"http:\\\/\\\/miquelperez.com\\\/wp-content\\\/uploads\\\/2017\\\/06\\\/e-Estalavidaentot.mp3\",\"meta\":{\"artist\":\"Miquel P\\u00e9rez\",\"length_formatted\":\"3:45\"},\"src\":\"http:\\\/\\\/miquelperez.com\\\/wp-content\\\/uploads\\\/2017\\\/06\\\/e-Estalavidaentot.mp3\",\"thumb\":{\"src\":\"\"}},{\"artist\":\"Miquel P\\u00e9rez\",\"artworkId\":0,\"artworkUrl\":\"\",\"audioId\":635,\"audioUrl\":\"http:\\\/\\\/miquelperez.com\\\/wp-content\\\/uploads\\\/2017\\\/06\\\/e-Passalhivern.mp3\",\"format\":\"mp3\",\"length\":\"4:08\",\"title\":\"Passa l\\u2019hivern\",\"order\":3,\"mp3\":\"http:\\\/\\\/miquelperez.com\\\/wp-content\\\/uploads\\\/2017\\\/06\\\/e-Passalhivern.mp3\",\"meta\":{\"artist\":\"Miquel P\\u00e9rez\",\"length_formatted\":\"4:08\"},\"src\":\"http:\\\/\\\/miquelperez.com\\\/wp-content\\\/uploads\\\/2017\\\/06\\\/e-Passalhivern.mp3\",\"thumb\":{\"src\":\"\"}},{\"artist\":\"Miquel P\\u00e9rez\",\"artworkId\":0,\"artworkUrl\":\"\",\"audioId\":638,\"audioUrl\":\"http:\\\/\\\/miquelperez.com\\\/wp-content\\\/uploads\\\/2017\\\/06\\\/e-Tot.mp3\",\"format\":\"mp3\",\"length\":\"3:29\",\"title\":\"Tot\",\"order\":4,\"mp3\":\"http:\\\/\\\/miquelperez.com\\\/wp-content\\\/uploads\\\/2017\\\/06\\\/e-Tot.mp3\",\"meta\":{\"artist\":\"Miquel P\\u00e9rez\",\"length_formatted\":\"3:29\"},\"src\":\"http:\\\/\\\/miquelperez.com\\\/wp-content\\\/uploads\\\/2017\\\/06\\\/e-Tot.mp3\",\"thumb\":{\"src\":\"\"}},{\"artist\":\"Miquel P\\u00e9rez\",\"artworkId\":0,\"artworkUrl\":\"\",\"audioId\":641,\"audioUrl\":\"http:\\\/\\\/miquelperez.com\\\/wp-content\\\/uploads\\\/2017\\\/06\\\/e-Totlamorentu.mp3\",\"format\":\"mp3\",\"length\":\"2:57\",\"title\":\"Tot l\\u2019amor en tu\",\"order\":5,\"mp3\":\"http:\\\/\\\/miquelperez.com\\\/wp-content\\\/uploads\\\/2017\\\/06\\\/e-Totlamorentu.mp3\",\"meta\":{\"artist\":\"Miquel P\\u00e9rez\",\"length_formatted\":\"2:57\"},\"src\":\"http:\\\/\\\/miquelperez.com\\\/wp-content\\\/uploads\\\/2017\\\/06\\\/e-Totlamorentu.mp3\",\"thumb\":{\"src\":\"\"}},{\"artist\":\"Miquel P\\u00e9rez\",\"artworkId\":0,\"artworkUrl\":\"\",\"audioId\":644,\"audioUrl\":\"http:\\\/\\\/miquelperez.com\\\/wp-content\\\/uploads\\\/2017\\\/06\\\/e-Viatjantpeltemps.mp3\",\"format\":\"mp3\",\"length\":\"3:13\",\"title\":\"Viatjant pel Temps\",\"order\":6,\"mp3\":\"http:\\\/\\\/miquelperez.com\\\/wp-content\\\/uploads\\\/2017\\\/06\\\/e-Viatjantpeltemps.mp3\",\"meta\":{\"artist\":\"Miquel P\\u00e9rez\",\"length_formatted\":\"3:13\"},\"src\":\"http:\\\/\\\/miquelperez.com\\\/wp-content\\\/uploads\\\/2017\\\/06\\\/e-Viatjantpeltemps.mp3\",\"thumb\":{\"src\":\"\"}}]}<\/script>\n\t\t<\/div><br \/>\n[\/et_pb_text][\/et_pb_column][et_pb_column type=&#8221;1_2&#8243; _builder_version=&#8221;4.16&#8243; custom_padding=&#8221;|||&#8221; global_colors_info=&#8221;{}&#8221; custom_padding__hover=&#8221;|||&#8221;][et_pb_text admin_label=&#8221;Texto CD&#8221; _builder_version=&#8221;4.19.5&#8243; background_size=&#8221;initial&#8221; background_position=&#8221;top_left&#8221; background_repeat=&#8221;repeat&#8221; use_border_color=&#8221;off&#8221; border_color=&#8221;#ffffff&#8221; border_style=&#8221;solid&#8221; global_colors_info=&#8221;{}&#8221;]<\/p>\n<h2>Est\u00e0 la vida en tot. 2012<\/h2>\n<p style=\"text-align: justify;\">Aquest cd \u00e9s la primera incursi\u00f3 professional en la m\u00fasica popular de Miquel P\u00e9rez.<\/p>\n<p style=\"text-align: justify;\">Conte onze temes de l\u2019autor, un tema de Ana Gracia, i una versi\u00f3 del m\u00edtic tema de Bob Dylan: \u201cThe times they are a chanching\u201d totes en valenci\u00e0.<\/p>\n<p style=\"text-align: justify;\">Ha estat produ\u00eft per Mark Dasousa a \u201cAtomic estudis\u201d a D\u00e8nia de febrer a setembre del 2012.<\/p>\n<p>[\/et_pb_text][et_pb_button button_url=&#8221;https:\/\/open.spotify.com\/album\/5cahgSBZvi0urZtvg3UDef?si=pEpEmjI3RxaU6p7ylQ2oTg&#8221; url_new_window=&#8221;on&#8221; button_text=&#8221;Acc\u00e9s al disc en Spotify&#8221; _builder_version=&#8221;4.17.6&#8243; _module_preset=&#8221;default&#8221; global_colors_info=&#8221;{}&#8221;][\/et_pb_button][et_pb_button button_url=&#8221;https:\/\/www.amazon.com\/music\/player\/albums\/B07LCGNMMT&#8221; url_new_window=&#8221;on&#8221; button_text=&#8221;Acc\u00e9s a compra de tracks i disc a Amaz\u00f3n&#8221; _builder_version=&#8221;4.17.6&#8243; _module_preset=&#8221;default&#8221; global_colors_info=&#8221;{}&#8221;][\/et_pb_button][et_pb_button button_url=&#8221;https:\/\/miquelperez.com\/ca\/contratacion\/&#8221; url_new_window=&#8221;on&#8221; button_text=&#8221;Contractaci\u00f3 i reserva.&#8221; _builder_version=&#8221;4.17.6&#8243; _module_preset=&#8221;default&#8221; custom_button=&#8221;on&#8221; button_text_color=&#8221;#ffffff&#8221; button_bg_color=&#8221;#e09900&#8243; global_colors_info=&#8221;{}&#8221;][\/et_pb_button][et_pb_text admin_label=&#8221;lista de temas&#8221; _builder_version=&#8221;4.16&#8243; text_text_color=&#8221;#ffffff&#8221; background_color=&#8221;#d9922c&#8221; background_size=&#8221;initial&#8221; background_position=&#8221;top_left&#8221; background_repeat=&#8221;repeat&#8221; custom_padding=&#8221;10px|10px|10px|10px&#8221; use_border_color=&#8221;off&#8221; border_color=&#8221;#ffffff&#8221; border_style=&#8221;solid&#8221; global_colors_info=&#8221;{}&#8221;]<strong>TEMES DEL DISC<\/strong><\/p>\n<ol>\n<li><strong>A tot lo que vinga<\/strong> 3:19<\/li>\n<li><strong>Viatjant pel temps<\/strong> (Llegint a Brian Weiss) 3:13<\/li>\n<li><strong>Tot<\/strong> 3:28<\/li>\n<li><strong>Tot l&#8217;amor en tu<\/strong> 2:56<\/li>\n<li><strong>Passa l&#8217;hivern<\/strong> (A Maria Jes\u00fas) 4:07<\/li>\n<li><strong>En el teu somr\u00eds<\/strong> 3:22<\/li>\n<li><strong>Els temps estan canviant<\/strong> 3:08<\/li>\n<li><strong>Torna&#8217;m la fe<\/strong> 3:35<\/li>\n<li><strong>Entenc<\/strong> 4:21<\/li>\n<li><strong>Est\u00e0 la vida en tot<\/strong> 3:46<\/li>\n<li><strong>T&#8217;agafar\u00e0 la son<\/strong> 2:54<\/li>\n<li><strong>Moltes gr\u00e0cies<\/strong> (A Miquel, mon pare) 3:50<\/li>\n<li><strong>Lluna<\/strong> (&#8220;Can\u00e7\u00f3 de bressol&#8221; A la cantant Arantxa Dom\u00ednguez) 3:20<\/li>\n<\/ol>\n<p>[\/et_pb_text][et_pb_video src=&#8221;https:\/\/youtu.be\/fX2z96VTnjg&#8221; admin_label=&#8221;V\u00eddeo&#8221; _builder_version=&#8221;4.16&#8243; global_colors_info=&#8221;{}&#8221;][\/et_pb_video][\/et_pb_column][\/et_pb_row][et_pb_row admin_label=&#8221;Fila&#8221; _builder_version=&#8221;4.16&#8243; background_size=&#8221;initial&#8221; background_position=&#8221;top_left&#8221; background_repeat=&#8221;repeat&#8221; global_colors_info=&#8221;{}&#8221;][et_pb_column type=&#8221;4_4&#8243; _builder_version=&#8221;4.16&#8243; custom_padding=&#8221;|||&#8221; global_colors_info=&#8221;{}&#8221; custom_padding__hover=&#8221;|||&#8221;][et_pb_text admin_label=&#8221;Galeria fotos&#8221; _builder_version=&#8221;4.16&#8243; background_size=&#8221;initial&#8221; background_position=&#8221;top_left&#8221; background_repeat=&#8221;repeat&#8221; use_border_color=&#8221;off&#8221; border_color=&#8221;#ffffff&#8221; border_style=&#8221;solid&#8221; global_colors_info=&#8221;{}&#8221;] [photo_gallery_wp id=&#8221;5&#8243;] [\/et_pb_text][\/et_pb_column][\/et_pb_row][\/et_pb_section][et_pb_section fb_built=&#8221;1&#8243; fullwidth=&#8221;on&#8221; admin_label=&#8221;Secci\u00f3n&#8221; _builder_version=&#8221;4.16&#8243; global_colors_info=&#8221;{}&#8221;][et_pb_fullwidth_header title=&#8221;Discografia&#8221; content_max_width=&#8221;none&#8221; title_font_color=&#8221;#ffffff&#8221; admin_label=&#8221;T\u00edtulo discografia&#8221; _builder_version=&#8221;4.16&#8243; title_text_color=&#8221;#ffffff&#8221; background_layout=&#8221;light&#8221; custom_css_main_element=&#8221;padding:10px 0;&#8221; button_one_letter_spacing_hover=&#8221;0&#8243; button_two_letter_spacing_hover=&#8221;0&#8243; global_colors_info=&#8221;{}&#8221; button_one_text_size__hover_enabled=&#8221;off&#8221; button_two_text_size__hover_enabled=&#8221;off&#8221; button_one_text_color__hover_enabled=&#8221;off&#8221; button_two_text_color__hover_enabled=&#8221;off&#8221; button_one_border_width__hover_enabled=&#8221;off&#8221; button_two_border_width__hover_enabled=&#8221;off&#8221; button_one_border_color__hover_enabled=&#8221;off&#8221; button_two_border_color__hover_enabled=&#8221;off&#8221; button_one_border_radius__hover_enabled=&#8221;off&#8221; button_two_border_radius__hover_enabled=&#8221;off&#8221; button_one_letter_spacing__hover_enabled=&#8221;on&#8221; button_one_letter_spacing__hover=&#8221;0&#8243; button_two_letter_spacing__hover_enabled=&#8221;on&#8221; button_two_letter_spacing__hover=&#8221;0&#8243; button_one_bg_color__hover_enabled=&#8221;off&#8221; button_two_bg_color__hover_enabled=&#8221;off&#8221;][\/et_pb_fullwidth_header][et_pb_fullwidth_portfolio include_categories=&#8221;39,41,40,38&#8243; show_date=&#8221;off&#8221; admin_label=&#8221;Carrusel discografia&#8221; _builder_version=&#8221;4.16&#8243; background_size=&#8221;initial&#8221; background_position=&#8221;top_left&#8221; background_repeat=&#8221;repeat&#8221; auto=&#8221;on&#8221; use_border_color=&#8221;off&#8221; border_color=&#8221;#ffffff&#8221; border_style=&#8221;solid&#8221; global_colors_info=&#8221;{}&#8221;][\/et_pb_fullwidth_portfolio][\/et_pb_section]<\/p>\n","protected":false},"excerpt":{"rendered":"<p>Conte onze temes de l\u2019autor, un tema de Ana Gracia, i una versi\u00f3 del m\u00edtic tema de Bob Dylan: \u201cThe times they are a chanching\u201d totes en valenci\u00e0.<\/p>\n","protected":false},"author":1,"featured_media":501,"comment_status":"open","ping_status":"closed","template":"","meta":{"_et_pb_use_builder":"on","_et_pb_old_content":"","_et_gb_content_width":"","footnotes":"","_links_to":"","_links_to_target":""},"project_category":[453,95,181,103],"project_tag":[],"class_list":["post-1237","project","type-project","status-publish","has-post-thumbnail","hentry","project_category-canco","project_category-canco-dautor","project_category-projectes-actuals","project_category-projectes-de-creacio-propia"],"_links":{"self":[{"href":"https:\/\/miquelperez.com\/ca\/wp-json\/wp\/v2\/project\/1237","targetHints":{"allow":["GET"]}}],"collection":[{"href":"https:\/\/miquelperez.com\/ca\/wp-json\/wp\/v2\/project"}],"about":[{"href":"https:\/\/miquelperez.com\/ca\/wp-json\/wp\/v2\/types\/project"}],"author":[{"embeddable":true,"href":"https:\/\/miquelperez.com\/ca\/wp-json\/wp\/v2\/users\/1"}],"replies":[{"embeddable":true,"href":"https:\/\/miquelperez.com\/ca\/wp-json\/wp\/v2\/comments?post=1237"}],"version-history":[{"count":0,"href":"https:\/\/miquelperez.com\/ca\/wp-json\/wp\/v2\/project\/1237\/revisions"}],"wp:featuredmedia":[{"embeddable":true,"href":"https:\/\/miquelperez.com\/ca\/wp-json\/wp\/v2\/media\/501"}],"wp:attachment":[{"href":"https:\/\/miquelperez.com\/ca\/wp-json\/wp\/v2\/media?parent=1237"}],"wp:term":[{"taxonomy":"project_category","embeddable":true,"href":"https:\/\/miquelperez.com\/ca\/wp-json\/wp\/v2\/project_category?post=1237"},{"taxonomy":"project_tag","embeddable":true,"href":"https:\/\/miquelperez.com\/ca\/wp-json\/wp\/v2\/project_tag?post=1237"}],"curies":[{"name":"wp","href":"https:\/\/api.w.org\/{rel}","templated":true}]}}