{"id":1223,"date":"2017-06-02T11:20:28","date_gmt":"2017-06-02T11:20:28","guid":{"rendered":"http:\/\/miquelperez.com\/project\/musica-espanola-para-dos-guitarras\/"},"modified":"2023-05-23T09:11:24","modified_gmt":"2023-05-23T09:11:24","slug":"musica-espanola-para-dos-guitarras","status":"publish","type":"project","link":"https:\/\/miquelperez.com\/ca\/project\/musica-espanola-para-dos-guitarras\/","title":{"rendered":"M\u00fasica espa\u00f1ola para dos guitarras"},"content":{"rendered":"<p>[et_pb_section fb_built=&#8221;1&#8243; admin_label=&#8221;section&#8221; _builder_version=&#8221;4.16&#8243; global_colors_info=&#8221;{}&#8221;][et_pb_row column_structure=&#8221;1_2,1_2&#8243; admin_label=&#8221;row&#8221; _builder_version=&#8221;4.16&#8243; background_size=&#8221;initial&#8221; background_position=&#8221;top_left&#8221; background_repeat=&#8221;repeat&#8221; global_colors_info=&#8221;{}&#8221;][et_pb_column type=&#8221;1_2&#8243; _builder_version=&#8221;4.16&#8243; custom_padding=&#8221;|||&#8221; global_colors_info=&#8221;{}&#8221; custom_padding__hover=&#8221;|||&#8221;][et_pb_gallery gallery_ids=&#8221;483&#8243; fullwidth=&#8221;on&#8221; admin_label=&#8221;Galer\u00eda&#8221; _builder_version=&#8221;4.16&#8243; use_border_color=&#8221;off&#8221; border_color=&#8221;#ffffff&#8221; border_style=&#8221;solid&#8221; global_colors_info=&#8221;{}&#8221;][\/et_pb_gallery][et_pb_text admin_label=&#8221;C\u00f3digo lista de audio&#8221; _builder_version=&#8221;4.16&#8243; text_text_color=&#8221;#ffffff&#8221; background_color=&#8221;#d9922c&#8221; background_size=&#8221;initial&#8221; background_position=&#8221;top_left&#8221; background_repeat=&#8221;repeat&#8221; custom_padding=&#8221;10px|10px|10px|10px&#8221; use_border_color=&#8221;off&#8221; border_color=&#8221;#ffffff&#8221; border_style=&#8221;solid&#8221; global_colors_info=&#8221;{}&#8221;]<div class=\"cue-playlist-container\">\n<div class=\"cue-playlist cue-theme-default\" itemscope itemtype=\"http:\/\/schema.org\/MusicPlaylist\">\n\t\n\t<meta itemprop=\"numTracks\" content=\"3\" \/>\n\n\t<audio src=\"http:\/\/miquelperez.com\/wp-content\/uploads\/2017\/06\/danza_corregidor.mp3\" controls preload=\"none\" class=\"cue-audio\" style=\"width: 100%; height: auto\"><\/audio>\n\n\t<ol class=\"cue-tracks\">\n\t\t\t\t\t<li class=\"cue-track\" itemprop=\"track\" itemscope itemtype=\"http:\/\/schema.org\/MusicRecording\">\n\t\t\t\t\n\t\t\t\t<span class=\"cue-track-details cue-track-cell\">\n\t\t\t\t\t<span class=\"cue-track-title\" itemprop=\"name\">DANZA DEL CORREGIDOR<\/span>\n\t\t\t\t\t<span class=\"cue-track-artist\" itemprop=\"byArtist\">Miguel P\u00e9rez &amp; Vicent Ballester<\/span>\n\t\t\t\t<\/span>\n\n\t\t\t\t\n\t\t\t\t<span class=\"cue-track-length cue-track-cell\">1:52<\/span>\n\n\t\t\t\t\t\t\t<\/li>\n\t\t\t\t\t<li class=\"cue-track\" itemprop=\"track\" itemscope itemtype=\"http:\/\/schema.org\/MusicRecording\">\n\t\t\t\t\n\t\t\t\t<span class=\"cue-track-details cue-track-cell\">\n\t\t\t\t\t<span class=\"cue-track-title\" itemprop=\"name\">DANZA DE LA VIDA BREVE<\/span>\n\t\t\t\t\t<span class=\"cue-track-artist\" itemprop=\"byArtist\">Miguel P\u00e9rez &amp; Vicent Ballester<\/span>\n\t\t\t\t<\/span>\n\n\t\t\t\t\n\t\t\t\t<span class=\"cue-track-length cue-track-cell\">3:38<\/span>\n\n\t\t\t\t\t\t\t<\/li>\n\t\t\t\t\t<li class=\"cue-track\" itemprop=\"track\" itemscope itemtype=\"http:\/\/schema.org\/MusicRecording\">\n\t\t\t\t\n\t\t\t\t<span class=\"cue-track-details cue-track-cell\">\n\t\t\t\t\t<span class=\"cue-track-title\" itemprop=\"name\">DANZA ORIENTAL<\/span>\n\t\t\t\t\t<span class=\"cue-track-artist\" itemprop=\"byArtist\">Miguel P\u00e9rez &amp; Vicent Ballester<\/span>\n\t\t\t\t<\/span>\n\n\t\t\t\t\n\t\t\t\t<span class=\"cue-track-length cue-track-cell\">5:49<\/span>\n\n\t\t\t\t\t\t\t<\/li>\n\t\t\t<\/ol>\n\n\t<\/div>\n\t\t<script type=\"application\/json\" class=\"cue-playlist-data\">{\"embed_link\":\"https:\\\/\\\/miquelperez.com\\\/ca\\\/?cue_embed=musica-espanola-para-dos-guitarras&cue_theme=default\",\"permalink\":\"https:\\\/\\\/miquelperez.com\\\/ca\\\/?cue_playlist=musica-espanola-para-dos-guitarras\",\"skin\":\"cue-skin-default\",\"thumbnail\":\"https:\\\/\\\/miquelperez.com\\\/wp-content\\\/uploads\\\/2017\\\/06\\\/portadacd_grande-400x400.jpg\",\"tracks\":[{\"artist\":\"Miguel P\\u00e9rez & Vicent Ballester\",\"artworkId\":0,\"artworkUrl\":\"\",\"audioId\":717,\"audioUrl\":\"http:\\\/\\\/miquelperez.com\\\/wp-content\\\/uploads\\\/2017\\\/06\\\/danza_corregidor.mp3\",\"format\":\"mp3\",\"length\":\"1:52\",\"title\":\"DANZA DEL CORREGIDOR\",\"order\":0,\"mp3\":\"http:\\\/\\\/miquelperez.com\\\/wp-content\\\/uploads\\\/2017\\\/06\\\/danza_corregidor.mp3\",\"meta\":{\"artist\":\"Miguel P\\u00e9rez & Vicent Ballester\",\"length_formatted\":\"1:52\"},\"src\":\"http:\\\/\\\/miquelperez.com\\\/wp-content\\\/uploads\\\/2017\\\/06\\\/danza_corregidor.mp3\",\"thumb\":{\"src\":\"\"}},{\"artist\":\"Miguel P\\u00e9rez & Vicent Ballester\",\"artworkId\":0,\"artworkUrl\":\"\",\"audioId\":720,\"audioUrl\":\"http:\\\/\\\/miquelperez.com\\\/wp-content\\\/uploads\\\/2017\\\/06\\\/danza_vida_breve.mp3\",\"format\":\"mp3\",\"length\":\"3:38\",\"title\":\"DANZA DE LA VIDA BREVE\",\"order\":1,\"mp3\":\"http:\\\/\\\/miquelperez.com\\\/wp-content\\\/uploads\\\/2017\\\/06\\\/danza_vida_breve.mp3\",\"meta\":{\"artist\":\"Miguel P\\u00e9rez & Vicent Ballester\",\"length_formatted\":\"3:38\"},\"src\":\"http:\\\/\\\/miquelperez.com\\\/wp-content\\\/uploads\\\/2017\\\/06\\\/danza_vida_breve.mp3\",\"thumb\":{\"src\":\"\"}},{\"artist\":\"Miguel P\\u00e9rez & Vicent Ballester\",\"artworkId\":0,\"artworkUrl\":\"\",\"audioId\":723,\"audioUrl\":\"http:\\\/\\\/miquelperez.com\\\/wp-content\\\/uploads\\\/2017\\\/06\\\/granados.mp3\",\"format\":\"mp3\",\"length\":\"5:49\",\"title\":\"DANZA ORIENTAL\",\"order\":2,\"mp3\":\"http:\\\/\\\/miquelperez.com\\\/wp-content\\\/uploads\\\/2017\\\/06\\\/granados.mp3\",\"meta\":{\"artist\":\"Miguel P\\u00e9rez & Vicent Ballester\",\"length_formatted\":\"5:49\"},\"src\":\"http:\\\/\\\/miquelperez.com\\\/wp-content\\\/uploads\\\/2017\\\/06\\\/granados.mp3\",\"thumb\":{\"src\":\"\"}}]}<\/script>\n\t\t<\/div><br \/>\n[\/et_pb_text][et_pb_text admin_label=&#8221;Texto CD&#8221; _builder_version=&#8221;4.16&#8243; background_size=&#8221;initial&#8221; background_position=&#8221;top_left&#8221; background_repeat=&#8221;repeat&#8221; use_border_color=&#8221;off&#8221; border_color=&#8221;#ffffff&#8221; border_style=&#8221;solid&#8221; global_colors_info=&#8221;{}&#8221;]<\/p>\n<h3>Curr\u00edculum<\/h3>\n<p style=\"text-align: justify;\">Col\u00b7laborant amb Vicent Ballester, Miquel P\u00e9rez forma part d&#8217;un duet de guitarres. Aquest duet realitz\u00e0 el seu primer concert el Desembre del 2001 a D\u00e9nia, al sal\u00f3 de m\u00fasica de &#8220;La Campanera&#8221;, antiga mansi\u00f3 de l&#8217;il\u00b7lustre tenor denier Antonio Cortis. De llavors en\u00e7\u00e0 ha actuat amb assidu\u00eftat en diverses ciutats espanyoles, en festivals com &#8220;La Ruta de las ermitas de Altea&#8221;, la Setmana Internacional de M\u00fasica de D\u00e9nia, i ha realitzat una gira de concerts en ciutats de la Proven\u00e7a Francesa en qu\u00e8 destaquen els concerts al &#8220;Ch\u00e2teu de Pioline&#8221; a Aix en Provence i Chateau de Saumane.<\/p>\n<p style=\"text-align: justify;\">El Duet tamb\u00e9 ha actuat en el concert inagural del &#8220;Baronissi Europa Festival&#8221; (Italia), dintre de la programaci\u00f3 de la Fundaci\u00f3 Juan March a Madrid i en diversos Festivals de la Uni\u00f3 Europea. A m\u00e9s, ha realitat i estrenat transcripcions de m\u00fasica espanyola com Garve i Fandango de L. Boccherini (Editorial Piles) i &#8220;Danza Oriental&#8221; de Granados.<\/p>\n<p style=\"text-align: justify;\">La discografia consta, fins ara, d&#8217;un CD de m\u00fasica espanyola amb el segell barcelon\u00e8s &#8220;Audiovisuals de Sarri\u00e0&#8221;, que ha estat em\u00e8s per diversos mitjans de r\u00e0dio i televisi\u00f3 com Radio Cl\u00e0ssica.<\/p>\n<p style=\"text-align: justify;\">Han participat en diversos Festivals de la Comunitat Europea.<\/p>\n<p style=\"text-align: justify;\">Compositors com Antonio G\u00f3mez Scneekloth i Vicente Roncero han compost obra per a aquest duo.<\/p>\n<p style=\"text-align: justify;\">Formen part de la selecci\u00f3 d&#8217;artistes del SARC de la Diputaci\u00f3 Valenciana. Han participat en el 1\u00ba BARONISSI Europa festival (It\u00e0lia) com a Concert Inaugural d&#8217;aquest esdeveniment. Han estat seleccionats per a la programaci\u00f3 2005 de la Fundaci\u00f3 March a Madrid.<\/p>\n<p style=\"text-align: justify;\">Han opinat sobre aquest duo:<\/p>\n<table border=\"0\" width=\"100%\">\n<tbody>\n<tr>\n<td style=\"text-align: justify;\">&#8220;Un grande esemplo di musica spagnoli, i due chuitarristi hanno creato una magica atm\u00f3sfera mediterr\u00e1nea, cosi sugestiva e intim\u00edstica&#8221;.<\/td>\n<\/tr>\n<tr>\n<td>\n<div align=\"right\">Salerno notizie<\/div>\n<\/td>\n<\/tr>\n<\/tbody>\n<\/table>\n<p style=\"text-align: justify;\">El duet de guitarres constitueix una agrupaci\u00f3 de l&#8217;instrument espanyol per excel\u00b7l\u00e8ncia per al qual guitarristes cl\u00e0ssics com F. Sor o M. Giuliani escrigueren obres de gran densitat musical i bellesa. Per la seva riquesa quant a textures, timbres, expressi\u00f3 harm\u00f2nica i mel\u00f2dica, apassiona, inspira i incita a compositors i guitarristes dels nostres dies a realitzar composicions i transcripcions que enriqueixen el seu repertori.<\/p>\n<p>[\/et_pb_text][\/et_pb_column][et_pb_column type=&#8221;1_2&#8243; _builder_version=&#8221;4.16&#8243; custom_padding=&#8221;|||&#8221; global_colors_info=&#8221;{}&#8221; custom_padding__hover=&#8221;|||&#8221;][et_pb_text admin_label=&#8221;Texto CD&#8221; _builder_version=&#8221;4.16&#8243; background_size=&#8221;initial&#8221; background_position=&#8221;top_left&#8221; background_repeat=&#8221;repeat&#8221; use_border_color=&#8221;off&#8221; border_color=&#8221;#ffffff&#8221; border_style=&#8221;solid&#8221; global_colors_info=&#8221;{}&#8221;]<\/p>\n<h3>M\u00fasica espa\u00f1ola para dos guitarras. 2002<\/h3>\n<p style=\"text-align: justify;\">Aquest disc \u00e9s un treball del duet de guitarres format per Vicent Ballester i Miquel P\u00e9rez Perell\u00f3 (veure del duet). La gravaci\u00f3 del disc fou enregistrada a l&#8217;ermita de Sant Joan de D\u00e9nia, durant el mes d&#8217;Agost de 2002, per al segell barcelon\u00e8s\u00a0<a href=\"http:\/\/www.audiovisualsarria.com\/\" target=\"_blank\" rel=\"noopener noreferrer\">Audiovisuals de Sarri\u00e1<\/a>.<\/p>\n<p>[\/et_pb_text][et_pb_button button_url=&#8221;https:\/\/open.spotify.com\/album\/0YB4h1IrO2ZVdzaPH4rzXK?si=yN26gf_0TIaPUDGQnuK-Qw&#8221; url_new_window=&#8221;on&#8221; button_text=&#8221;Acc\u00e9s al disc en Spotify&#8221; _builder_version=&#8221;4.17.6&#8243; _module_preset=&#8221;default&#8221; global_colors_info=&#8221;{}&#8221;][\/et_pb_button][et_pb_button button_url=&#8221;https:\/\/www.amazon.com\/music\/player\/albums\/B07L768TC5&#8243; url_new_window=&#8221;on&#8221; button_text=&#8221;Acc\u00e9s a compra de tracks i disc en Amaz\u00f3n&#8221; _builder_version=&#8221;4.17.6&#8243; _module_preset=&#8221;default&#8221; global_colors_info=&#8221;{}&#8221;][\/et_pb_button][et_pb_text admin_label=&#8221;lista de temas&#8221; _builder_version=&#8221;4.16&#8243; text_text_color=&#8221;#ffffff&#8221; background_color=&#8221;#d9922c&#8221; background_size=&#8221;initial&#8221; background_position=&#8221;top_left&#8221; background_repeat=&#8221;repeat&#8221; custom_padding=&#8221;10px|10px|10px|10px&#8221; use_border_color=&#8221;off&#8221; border_color=&#8221;#ffffff&#8221; border_style=&#8221;solid&#8221; global_colors_info=&#8221;{}&#8221;]<strong>TEMES DEL DISC<\/strong><\/p>\n<p style=\"padding-bottom: 0em!important;\"><strong>LUIGI BOCCHERINI (1743-1805)<br \/>\n<\/strong><strong>QUINTETO EN RE MAYOR G 448 *<\/strong>\n<\/p>\n<ol>\n<li>Grave 1.29<\/li>\n<li>Fandango 10.21<br \/><strong>FERNANDO SOR (1770-1837)<\/strong><br \/>\n<strong>FANTASIA OP. 54<\/strong><\/li>\n<li>Andante allegro 1.23<\/li>\n<li>Andantino 1.06<\/li>\n<li>Minore2.11<\/li>\n<li>Variacion 1.37<\/li>\n<li>Dans le genre Espagnol 5.29\n<p><strong>L\u00b4ENCOURAGEMENT<\/strong><\/li>\n<li>Cantabile 5.22<\/li>\n<li>Theme 0.58<\/li>\n<li>Variacion I 0.59<\/li>\n<li>Variacion II 1.47<\/li>\n<li>Variacion III 1.40<\/li>\n<li>Valse 3.33\n<p><strong>ENRIQUE GRANADOS (1867-1916)<\/strong><\/li>\n<li>DANZA ORIENTAL ** 5.49\n<p><strong>MANUEL DE FALLA (1876-1946)<\/strong><\/li>\n<li>DANZA DEL CORREGIDOR *** 1.52<\/li>\n<li>DANZA DE LA VIDA BREVE **** 3.36<\/li>\n<\/ol>\n<p>* Arr. Vicent Ballester<\/p>\n<p>** Arr. Miguel P\u00e9rez &amp; Vicent Ballester<\/p>\n<p>*** Arr. Graciano Tarrag\u00f3<\/p>\n<p>**** Arr. Emilio Pujol<br \/>\n[\/et_pb_text][et_pb_video src=&#8221;https:\/\/www.youtube.com\/watch?v=1Yvh8UixwKU&#8221; admin_label=&#8221;V\u00eddeo&#8221; _builder_version=&#8221;4.16&#8243; global_colors_info=&#8221;{}&#8221;][\/et_pb_video][et_pb_video src=&#8221;https:\/\/www.youtube.com\/watch?v=KKle_bd6GAc&#8221; admin_label=&#8221;V\u00eddeo&#8221; _builder_version=&#8221;4.16&#8243; global_colors_info=&#8221;{}&#8221;][\/et_pb_video][et_pb_video src=&#8221;https:\/\/www.youtube.com\/watch?v=BIPL-x19BN0&#8243; admin_label=&#8221;V\u00eddeo&#8221; _builder_version=&#8221;4.16&#8243; global_colors_info=&#8221;{}&#8221;][\/et_pb_video][\/et_pb_column][\/et_pb_row][et_pb_row admin_label=&#8221;Fila&#8221; _builder_version=&#8221;4.16&#8243; background_size=&#8221;initial&#8221; background_position=&#8221;top_left&#8221; background_repeat=&#8221;repeat&#8221; custom_css_main_element=&#8221;display:none;&#8221; make_fullwidth=&#8221;off&#8221; use_custom_width=&#8221;off&#8221; width_unit=&#8221;on&#8221; global_colors_info=&#8221;{}&#8221;][et_pb_column type=&#8221;4_4&#8243; _builder_version=&#8221;4.16&#8243; custom_padding=&#8221;|||&#8221; global_colors_info=&#8221;{}&#8221; custom_padding__hover=&#8221;|||&#8221;][et_pb_text admin_label=&#8221;Galeria fotos&#8221; _builder_version=&#8221;4.16&#8243; background_size=&#8221;initial&#8221; background_position=&#8221;top_left&#8221; background_repeat=&#8221;repeat&#8221; use_border_color=&#8221;off&#8221; border_color=&#8221;#ffffff&#8221; border_style=&#8221;solid&#8221; global_colors_info=&#8221;{}&#8221;][photo_gallery_wp id=&#8221;5&#8243;]<br \/>\n[\/et_pb_text][\/et_pb_column][\/et_pb_row][\/et_pb_section][et_pb_section fb_built=&#8221;1&#8243; fullwidth=&#8221;on&#8221; admin_label=&#8221;Secci\u00f3n&#8221; _builder_version=&#8221;4.16&#8243; global_colors_info=&#8221;{}&#8221;][et_pb_fullwidth_header title=&#8221;Discografia&#8221; content_max_width=&#8221;none&#8221; title_font_color=&#8221;#ffffff&#8221; admin_label=&#8221;T\u00edtulo discografia&#8221; _builder_version=&#8221;4.16&#8243; title_text_color=&#8221;#ffffff&#8221; background_layout=&#8221;light&#8221; custom_css_main_element=&#8221;padding:10px 0;&#8221; button_one_letter_spacing_hover=&#8221;0&#8243; button_two_letter_spacing_hover=&#8221;0&#8243; global_colors_info=&#8221;{}&#8221; button_one_text_size__hover_enabled=&#8221;off&#8221; button_two_text_size__hover_enabled=&#8221;off&#8221; button_one_text_color__hover_enabled=&#8221;off&#8221; button_two_text_color__hover_enabled=&#8221;off&#8221; button_one_border_width__hover_enabled=&#8221;off&#8221; button_two_border_width__hover_enabled=&#8221;off&#8221; button_one_border_color__hover_enabled=&#8221;off&#8221; button_two_border_color__hover_enabled=&#8221;off&#8221; button_one_border_radius__hover_enabled=&#8221;off&#8221; button_two_border_radius__hover_enabled=&#8221;off&#8221; button_one_letter_spacing__hover_enabled=&#8221;on&#8221; button_one_letter_spacing__hover=&#8221;0&#8243; button_two_letter_spacing__hover_enabled=&#8221;on&#8221; button_two_letter_spacing__hover=&#8221;0&#8243; button_one_bg_color__hover_enabled=&#8221;off&#8221; button_two_bg_color__hover_enabled=&#8221;off&#8221;][\/et_pb_fullwidth_header][et_pb_fullwidth_portfolio include_categories=&#8221;39,41,40,38&#8243; show_date=&#8221;off&#8221; admin_label=&#8221;Carrusel discografia&#8221; _builder_version=&#8221;4.16&#8243; background_size=&#8221;initial&#8221; background_position=&#8221;top_left&#8221; background_repeat=&#8221;repeat&#8221; auto=&#8221;on&#8221; use_border_color=&#8221;off&#8221; border_color=&#8221;#ffffff&#8221; border_style=&#8221;solid&#8221; global_colors_info=&#8221;{}&#8221;][\/et_pb_fullwidth_portfolio][\/et_pb_section]<\/p>\n","protected":false},"excerpt":{"rendered":"<p>Duo de guitarres format per Vicent Ballester i Miguel P\u00e9rez Perell\u00f3<\/p>\n","protected":false},"author":1,"featured_media":483,"comment_status":"open","ping_status":"closed","template":"","meta":{"_et_pb_use_builder":"on","_et_pb_old_content":"","_et_gb_content_width":"","footnotes":"","_links_to":"","_links_to_target":""},"project_category":[97,455,99],"project_tag":[],"class_list":["post-1223","project","type-project","status-publish","has-post-thumbnail","hentry","project_category-colablaboracions","project_category-guitarra-ca","project_category-guitarra-classica"],"_links":{"self":[{"href":"https:\/\/miquelperez.com\/ca\/wp-json\/wp\/v2\/project\/1223","targetHints":{"allow":["GET"]}}],"collection":[{"href":"https:\/\/miquelperez.com\/ca\/wp-json\/wp\/v2\/project"}],"about":[{"href":"https:\/\/miquelperez.com\/ca\/wp-json\/wp\/v2\/types\/project"}],"author":[{"embeddable":true,"href":"https:\/\/miquelperez.com\/ca\/wp-json\/wp\/v2\/users\/1"}],"replies":[{"embeddable":true,"href":"https:\/\/miquelperez.com\/ca\/wp-json\/wp\/v2\/comments?post=1223"}],"version-history":[{"count":0,"href":"https:\/\/miquelperez.com\/ca\/wp-json\/wp\/v2\/project\/1223\/revisions"}],"wp:featuredmedia":[{"embeddable":true,"href":"https:\/\/miquelperez.com\/ca\/wp-json\/wp\/v2\/media\/483"}],"wp:attachment":[{"href":"https:\/\/miquelperez.com\/ca\/wp-json\/wp\/v2\/media?parent=1223"}],"wp:term":[{"taxonomy":"project_category","embeddable":true,"href":"https:\/\/miquelperez.com\/ca\/wp-json\/wp\/v2\/project_category?post=1223"},{"taxonomy":"project_tag","embeddable":true,"href":"https:\/\/miquelperez.com\/ca\/wp-json\/wp\/v2\/project_tag?post=1223"}],"curies":[{"name":"wp","href":"https:\/\/api.w.org\/{rel}","templated":true}]}}