{"id":1215,"date":"2017-06-13T16:12:54","date_gmt":"2017-06-13T16:12:54","guid":{"rendered":"http:\/\/miquelperez.com\/project\/miguel-hernandez\/"},"modified":"2026-04-20T15:33:24","modified_gmt":"2026-04-20T15:33:24","slug":"miguel-hernandez","status":"publish","type":"project","link":"https:\/\/miquelperez.com\/ca\/project\/miguel-hernandez\/","title":{"rendered":"Miguel Hern\u00e1ndez."},"content":{"rendered":"<p>[et_pb_section fb_built=&#8221;1&#8243; admin_label=&#8221;section&#8221; _builder_version=&#8221;4.16&#8243; global_colors_info=&#8221;{}&#8221;][et_pb_row column_structure=&#8221;1_2,1_2&#8243; admin_label=&#8221;row&#8221; _builder_version=&#8221;4.16&#8243; background_size=&#8221;initial&#8221; background_position=&#8221;top_left&#8221; background_repeat=&#8221;repeat&#8221; global_colors_info=&#8221;{}&#8221;][et_pb_column type=&#8221;1_2&#8243; _builder_version=&#8221;4.16&#8243; custom_padding=&#8221;|||&#8221; global_colors_info=&#8221;{}&#8221; custom_padding__hover=&#8221;|||&#8221;][et_pb_gallery gallery_ids=&#8221;908,905&#8243; fullwidth=&#8221;on&#8221; admin_label=&#8221;Galer\u00eda&#8221; _builder_version=&#8221;4.16&#8243; use_border_color=&#8221;off&#8221; border_color=&#8221;#ffffff&#8221; border_style=&#8221;solid&#8221; global_colors_info=&#8221;{}&#8221;][\/et_pb_gallery][et_pb_text admin_label=&#8221;C\u00f3digo lista de audio&#8221; _builder_version=&#8221;4.16&#8243; text_text_color=&#8221;#ffffff&#8221; background_color=&#8221;#d9922c&#8221; background_size=&#8221;initial&#8221; background_position=&#8221;top_left&#8221; background_repeat=&#8221;repeat&#8221; custom_padding=&#8221;10px|10px|10px|10px&#8221; use_border_color=&#8221;off&#8221; border_color=&#8221;#ffffff&#8221; border_style=&#8221;solid&#8221; global_colors_info=&#8221;{}&#8221;]<div class=\"cue-playlist-container\">\n<div class=\"cue-playlist cue-theme-default\" itemscope itemtype=\"http:\/\/schema.org\/MusicPlaylist\">\n\t\n\t<meta itemprop=\"numTracks\" content=\"4\" \/>\n\n\t<audio src=\"http:\/\/miquelperez.com\/wp-content\/uploads\/2017\/06\/4-MIS-OJOS-SIN-TUS-OJOS.mp3\" controls preload=\"none\" class=\"cue-audio\" style=\"width: 100%; height: auto\"><\/audio>\n\n\t<ol class=\"cue-tracks\">\n\t\t\t\t\t<li class=\"cue-track\" itemprop=\"track\" itemscope itemtype=\"http:\/\/schema.org\/MusicRecording\">\n\t\t\t\t\n\t\t\t\t<span class=\"cue-track-details cue-track-cell\">\n\t\t\t\t\t<span class=\"cue-track-title\" itemprop=\"name\">MIS OJOS SIN TUS OJOS<\/span>\n\t\t\t\t\t<span class=\"cue-track-artist\" itemprop=\"byArtist\">Vicent Camps - Miquel P\u00e9rez<\/span>\n\t\t\t\t<\/span>\n\n\t\t\t\t\n\t\t\t\t<span class=\"cue-track-length cue-track-cell\">1:18<\/span>\n\n\t\t\t\t\t\t\t<\/li>\n\t\t\t\t\t<li class=\"cue-track\" itemprop=\"track\" itemscope itemtype=\"http:\/\/schema.org\/MusicRecording\">\n\t\t\t\t\n\t\t\t\t<span class=\"cue-track-details cue-track-cell\">\n\t\t\t\t\t<span class=\"cue-track-title\" itemprop=\"name\">COMO EL TORO<\/span>\n\t\t\t\t\t<span class=\"cue-track-artist\" itemprop=\"byArtist\">Vicent Camps - Miquel P\u00e9rez<\/span>\n\t\t\t\t<\/span>\n\n\t\t\t\t\n\t\t\t\t<span class=\"cue-track-length cue-track-cell\">2:05<\/span>\n\n\t\t\t\t\t\t\t<\/li>\n\t\t\t\t\t<li class=\"cue-track\" itemprop=\"track\" itemscope itemtype=\"http:\/\/schema.org\/MusicRecording\">\n\t\t\t\t\n\t\t\t\t<span class=\"cue-track-details cue-track-cell\">\n\t\t\t\t\t<span class=\"cue-track-title\" itemprop=\"name\">ELEGIA A RAMON<\/span>\n\t\t\t\t\t<span class=\"cue-track-artist\" itemprop=\"byArtist\">Vicent Camps - Miquel P\u00e9rez<\/span>\n\t\t\t\t<\/span>\n\n\t\t\t\t\n\t\t\t\t<span class=\"cue-track-length cue-track-cell\">2:54<\/span>\n\n\t\t\t\t\t\t\t<\/li>\n\t\t\t\t\t<li class=\"cue-track\" itemprop=\"track\" itemscope itemtype=\"http:\/\/schema.org\/MusicRecording\">\n\t\t\t\t\n\t\t\t\t<span class=\"cue-track-details cue-track-cell\">\n\t\t\t\t\t<span class=\"cue-track-title\" itemprop=\"name\">NANAS DE LA CEBOLLA<\/span>\n\t\t\t\t\t<span class=\"cue-track-artist\" itemprop=\"byArtist\">Vicent Camps - Miquel P\u00e9rez<\/span>\n\t\t\t\t<\/span>\n\n\t\t\t\t\n\t\t\t\t<span class=\"cue-track-length cue-track-cell\">3:28<\/span>\n\n\t\t\t\t\t\t\t<\/li>\n\t\t\t<\/ol>\n\n\t<\/div>\n\t\t<script type=\"application\/json\" class=\"cue-playlist-data\">{\"embed_link\":\"https:\\\/\\\/miquelperez.com\\\/ca\\\/?cue_embed=miguel-hernandez&cue_theme=default\",\"permalink\":\"https:\\\/\\\/miquelperez.com\\\/ca\\\/?cue_playlist=miguel-hernandez\",\"skin\":\"cue-skin-default\",\"thumbnail\":\"https:\\\/\\\/miquelperez.com\\\/wp-content\\\/uploads\\\/2017\\\/06\\\/Miguel-Herna\\u0301ndez-Portada1-400x400.jpg\",\"tracks\":[{\"artist\":\"Vicent Camps - Miquel P\\u00e9rez\",\"artworkId\":0,\"artworkUrl\":\"\",\"audioId\":912,\"audioUrl\":\"http:\\\/\\\/miquelperez.com\\\/wp-content\\\/uploads\\\/2017\\\/06\\\/4-MIS-OJOS-SIN-TUS-OJOS.mp3\",\"format\":\"mp3\",\"length\":\"1:18\",\"title\":\"MIS OJOS SIN TUS OJOS\",\"order\":0,\"mp3\":\"http:\\\/\\\/miquelperez.com\\\/wp-content\\\/uploads\\\/2017\\\/06\\\/4-MIS-OJOS-SIN-TUS-OJOS.mp3\",\"meta\":{\"artist\":\"Vicent Camps - Miquel P\\u00e9rez\",\"length_formatted\":\"1:18\"},\"src\":\"http:\\\/\\\/miquelperez.com\\\/wp-content\\\/uploads\\\/2017\\\/06\\\/4-MIS-OJOS-SIN-TUS-OJOS.mp3\",\"thumb\":{\"src\":\"\"}},{\"artist\":\"Vicent Camps - Miquel P\\u00e9rez\",\"artworkId\":0,\"artworkUrl\":\"\",\"audioId\":915,\"audioUrl\":\"http:\\\/\\\/miquelperez.com\\\/wp-content\\\/uploads\\\/2017\\\/06\\\/8-COMO-EL-TORO.mp3\",\"format\":\"mp3\",\"length\":\"2:05\",\"title\":\"COMO EL TORO\",\"order\":1,\"mp3\":\"http:\\\/\\\/miquelperez.com\\\/wp-content\\\/uploads\\\/2017\\\/06\\\/8-COMO-EL-TORO.mp3\",\"meta\":{\"artist\":\"Vicent Camps - Miquel P\\u00e9rez\",\"length_formatted\":\"2:05\"},\"src\":\"http:\\\/\\\/miquelperez.com\\\/wp-content\\\/uploads\\\/2017\\\/06\\\/8-COMO-EL-TORO.mp3\",\"thumb\":{\"src\":\"\"}},{\"artist\":\"Vicent Camps - Miquel P\\u00e9rez\",\"artworkId\":0,\"artworkUrl\":\"\",\"audioId\":918,\"audioUrl\":\"http:\\\/\\\/miquelperez.com\\\/wp-content\\\/uploads\\\/2017\\\/06\\\/10-ELEGIA-A-RAMON.mp3\",\"format\":\"mp3\",\"length\":\"2:54\",\"title\":\"ELEGIA A RAMON\",\"order\":2,\"mp3\":\"http:\\\/\\\/miquelperez.com\\\/wp-content\\\/uploads\\\/2017\\\/06\\\/10-ELEGIA-A-RAMON.mp3\",\"meta\":{\"artist\":\"Vicent Camps - Miquel P\\u00e9rez\",\"length_formatted\":\"2:54\"},\"src\":\"http:\\\/\\\/miquelperez.com\\\/wp-content\\\/uploads\\\/2017\\\/06\\\/10-ELEGIA-A-RAMON.mp3\",\"thumb\":{\"src\":\"\"}},{\"artist\":\"Vicent Camps - Miquel P\\u00e9rez\",\"artworkId\":0,\"artworkUrl\":\"\",\"audioId\":921,\"audioUrl\":\"http:\\\/\\\/miquelperez.com\\\/wp-content\\\/uploads\\\/2017\\\/06\\\/17-NANAS-DE-LA-CEBOLLA.mp3\",\"format\":\"mp3\",\"length\":\"3:28\",\"title\":\"NANAS DE LA CEBOLLA\",\"order\":3,\"mp3\":\"http:\\\/\\\/miquelperez.com\\\/wp-content\\\/uploads\\\/2017\\\/06\\\/17-NANAS-DE-LA-CEBOLLA.mp3\",\"meta\":{\"artist\":\"Vicent Camps - Miquel P\\u00e9rez\",\"length_formatted\":\"3:28\"},\"src\":\"http:\\\/\\\/miquelperez.com\\\/wp-content\\\/uploads\\\/2017\\\/06\\\/17-NANAS-DE-LA-CEBOLLA.mp3\",\"thumb\":{\"src\":\"\"}}]}<\/script>\n\t\t<\/div><br \/>\n[\/et_pb_text][et_pb_video src=&#8221;https:\/\/www.youtube.com\/watch?v=ePdXZYg2mhM&#8221; _builder_version=&#8221;4.27.6&#8243; _module_preset=&#8221;default&#8221; hover_enabled=&#8221;0&#8243; sticky_enabled=&#8221;0&#8243;][\/et_pb_video][\/et_pb_column][et_pb_column type=&#8221;1_2&#8243; _builder_version=&#8221;4.16&#8243; custom_padding=&#8221;|||&#8221; global_colors_info=&#8221;{}&#8221; custom_padding__hover=&#8221;|||&#8221;][et_pb_text admin_label=&#8221;Texto CD&#8221; _builder_version=&#8221;4.19.5&#8243; background_size=&#8221;initial&#8221; background_position=&#8221;top_left&#8221; background_repeat=&#8221;repeat&#8221; use_border_color=&#8221;off&#8221; border_color=&#8221;#ffffff&#8221; border_style=&#8221;solid&#8221; global_colors_info=&#8221;{}&#8221;]<\/p>\n<h2>Miguel Hern\u00e1ndez.<\/h2>\n<p>Recita: Vicent Camps<br \/>M\u00fasica original: Miquel P\u00e9rez<\/p>\n<p><strong>La poes\u00eda de Miguel ha sido le\u00edda, recitada y cantada por un n\u00famero incalculable de artistas y a ellos se suman Vicent Camps y Miquel P\u00e9rez Perell\u00f3 con este trabajo que nace de muy antiguo, puede ser desde siempre, Miquel P\u00e9rez Perell\u00f3 alicantino como Miguel Hern\u00e1ndez, lleva la poes\u00eda hecha m\u00fasica desde el coraz\u00f3n a los dedos, mientras comparte nombre y latidos con Miguel Hern\u00e1ndez<\/strong><\/p>\n<p>[\/et_pb_text][et_pb_button button_url=&#8221;https:\/\/open.spotify.com\/album\/1Kh3q9wiX8cEfdiIlVVo2n?si=VXdsjMEbSJOBCLbtegeTkQ&#8221; url_new_window=&#8221;on&#8221; button_text=&#8221;Acceso al disco en Spotify&#8221; _builder_version=&#8221;4.17.6&#8243; _module_preset=&#8221;default&#8221; global_colors_info=&#8221;{}&#8221;][\/et_pb_button][et_pb_button button_url=&#8221;https:\/\/miquelperez.com\/wp-content\/uploads\/2023\/02\/Dossier_MH-castellano.pdf&#8221; url_new_window=&#8221;on&#8221; button_text=&#8221;Dossier, contrataci\u00f3n y reserva&#8221; _builder_version=&#8221;4.19.5&#8243; _module_preset=&#8221;default&#8221; custom_button=&#8221;on&#8221; button_text_color=&#8221;#ffffff&#8221; button_bg_color=&#8221;#e09900&#8243; global_colors_info=&#8221;{}&#8221;][\/et_pb_button][et_pb_button button_url=&#8221;https:\/\/www.amazon.com\/music\/player\/albums\/B07M92KXC5&#8243; url_new_window=&#8221;on&#8221; button_text=&#8221;Acceso a compra de tracks y disco en Amaz\u00f3n&#8221; _builder_version=&#8221;4.17.6&#8243; _module_preset=&#8221;default&#8221; global_colors_info=&#8221;{}&#8221;][\/et_pb_button][et_pb_text admin_label=&#8221;lista de temas&#8221; _builder_version=&#8221;4.16&#8243; text_text_color=&#8221;#ffffff&#8221; background_color=&#8221;#d9922c&#8221; background_size=&#8221;initial&#8221; background_position=&#8221;top_left&#8221; background_repeat=&#8221;repeat&#8221; custom_padding=&#8221;10px|10px|10px|10px&#8221; use_border_color=&#8221;off&#8221; border_color=&#8221;#ffffff&#8221; border_style=&#8221;solid&#8221; global_colors_info=&#8221;{}&#8221;]<strong>TEMAS DEL DISCO<\/strong><\/p>\n<ol>\n<li>A\u00a0todos los oriolanos 2:49<\/li>\n<li>En cuclillas orde\u00f1o 1:12<\/li>\n<li>El silbo de afirmaci\u00f3n en la aldea 3:00<\/li>\n<li>Mis ojos sin tus ojos 1:17<\/li>\n<li>Me tiraste un lim\u00f3n 1:04<\/li>\n<li>Te me mueres 1:32<\/li>\n<li>Por tu pie 1:22<\/li>\n<li>Como el toro 2:04<\/li>\n<li>Unbr\u00edo por la pena 1:08<\/li>\n<li>Eleg\u00eda a Ram\u00f3n Sij\u00e9 2:53<\/li>\n<li>Las desiertas abarcas 1:53<\/li>\n<li>Vientos del pueblo me llevan 2:57<\/li>\n<li>Aceituneros * 2:22<\/li>\n<li>El ni\u00f1o yuntero 2:32<\/li>\n<li>Fragmentos del Cancionero y romancero de ausencias 2:56<\/li>\n<li>Antes del odio 3:23<\/li>\n<li>Las nanas de la cebolla * 3:28<\/li>\n<\/ol>\n<p>[\/et_pb_text][et_pb_video src=&#8221;https:\/\/www.youtube.com\/watch?v=Ga9tJh3sLUs&#8221; _builder_version=&#8221;4.17.6&#8243; _module_preset=&#8221;default&#8221; global_colors_info=&#8221;{}&#8221;][\/et_pb_video][et_pb_video src=&#8221;https:\/\/youtu.be\/fX2z96VTnjg&#8221; admin_label=&#8221;V\u00eddeo&#8221; _builder_version=&#8221;4.16&#8243; custom_css_main_element=&#8221;display:none;&#8221; global_colors_info=&#8221;{}&#8221;][\/et_pb_video][\/et_pb_column][\/et_pb_row][et_pb_row admin_label=&#8221;Fila&#8221; _builder_version=&#8221;4.16&#8243; background_size=&#8221;initial&#8221; background_position=&#8221;top_left&#8221; background_repeat=&#8221;repeat&#8221; custom_css_main_element=&#8221;display:none;&#8221; make_fullwidth=&#8221;off&#8221; use_custom_width=&#8221;off&#8221; width_unit=&#8221;on&#8221; global_colors_info=&#8221;{}&#8221;][et_pb_column type=&#8221;4_4&#8243; _builder_version=&#8221;4.16&#8243; custom_padding=&#8221;|||&#8221; global_colors_info=&#8221;{}&#8221; custom_padding__hover=&#8221;|||&#8221;][et_pb_gallery gallery_ids=&#8221;5847,5850,5853&#8243; _builder_version=&#8221;4.19.5&#8243; _module_preset=&#8221;default&#8221; global_colors_info=&#8221;{}&#8221;][\/et_pb_gallery][\/et_pb_column][\/et_pb_row][\/et_pb_section][et_pb_section fb_built=&#8221;1&#8243; fullwidth=&#8221;on&#8221; admin_label=&#8221;Secci\u00f3n&#8221; _builder_version=&#8221;4.16&#8243; global_colors_info=&#8221;{}&#8221;][et_pb_fullwidth_header title=&#8221;OTROS PROYECTOS DE M\u00daSICA Y LITERATURA&#8221; content_max_width=&#8221;none&#8221; title_font_color=&#8221;#ffffff&#8221; admin_label=&#8221;T\u00edtulo discografia&#8221; _builder_version=&#8221;4.19.5&#8243; title_text_color=&#8221;#ffffff&#8221; background_layout=&#8221;light&#8221; custom_css_main_element=&#8221;padding:10px 0;&#8221; button_one_letter_spacing_hover=&#8221;0&#8243; button_two_letter_spacing_hover=&#8221;0&#8243; global_colors_info=&#8221;{}&#8221; button_one_text_size__hover_enabled=&#8221;off&#8221; button_two_text_size__hover_enabled=&#8221;off&#8221; button_one_text_color__hover_enabled=&#8221;off&#8221; button_two_text_color__hover_enabled=&#8221;off&#8221; button_one_border_width__hover_enabled=&#8221;off&#8221; button_two_border_width__hover_enabled=&#8221;off&#8221; button_one_border_color__hover_enabled=&#8221;off&#8221; button_two_border_color__hover_enabled=&#8221;off&#8221; button_one_border_radius__hover_enabled=&#8221;off&#8221; button_two_border_radius__hover_enabled=&#8221;off&#8221; button_one_letter_spacing__hover_enabled=&#8221;on&#8221; button_one_letter_spacing__hover=&#8221;0&#8243; button_two_letter_spacing__hover_enabled=&#8221;on&#8221; button_two_letter_spacing__hover=&#8221;0&#8243; button_one_bg_color__hover_enabled=&#8221;off&#8221; button_two_bg_color__hover_enabled=&#8221;off&#8221;][\/et_pb_fullwidth_header][et_pb_fullwidth_portfolio include_categories=&#8221;431&#8243; show_date=&#8221;off&#8221; admin_label=&#8221;Carrusel discografia&#8221; _builder_version=&#8221;4.19.5&#8243; background_size=&#8221;initial&#8221; background_position=&#8221;top_left&#8221; background_repeat=&#8221;repeat&#8221; auto=&#8221;on&#8221; use_border_color=&#8221;off&#8221; border_color=&#8221;#ffffff&#8221; border_style=&#8221;solid&#8221; global_colors_info=&#8221;{}&#8221;][\/et_pb_fullwidth_portfolio][\/et_pb_section]<\/p>\n","protected":false},"excerpt":{"rendered":"<p>Con este trabajo que nace de muy antiguo, puede ser desde siempre,  Vicent Camps recitando y Miquel P\u00e9rez Perell\u00f3 alicantino como Miguel Hern\u00e1ndez, llevan la poes\u00eda hecha m\u00fasica desde el coraz\u00f3n a los dedos y la voz.<\/p>\n","protected":false},"author":1,"featured_media":908,"comment_status":"open","ping_status":"closed","template":"","meta":{"_et_pb_use_builder":"on","_et_pb_old_content":"","_et_gb_content_width":"","footnotes":"","_links_to":"","_links_to_target":""},"project_category":[97,432,181,103],"project_tag":[],"class_list":["post-1215","project","type-project","status-publish","has-post-thumbnail","hentry","project_category-colablaboracions","project_category-musica-i-literatura","project_category-projectes-actuals","project_category-projectes-de-creacio-propia"],"_links":{"self":[{"href":"https:\/\/miquelperez.com\/ca\/wp-json\/wp\/v2\/project\/1215","targetHints":{"allow":["GET"]}}],"collection":[{"href":"https:\/\/miquelperez.com\/ca\/wp-json\/wp\/v2\/project"}],"about":[{"href":"https:\/\/miquelperez.com\/ca\/wp-json\/wp\/v2\/types\/project"}],"author":[{"embeddable":true,"href":"https:\/\/miquelperez.com\/ca\/wp-json\/wp\/v2\/users\/1"}],"replies":[{"embeddable":true,"href":"https:\/\/miquelperez.com\/ca\/wp-json\/wp\/v2\/comments?post=1215"}],"version-history":[{"count":2,"href":"https:\/\/miquelperez.com\/ca\/wp-json\/wp\/v2\/project\/1215\/revisions"}],"predecessor-version":[{"id":8245,"href":"https:\/\/miquelperez.com\/ca\/wp-json\/wp\/v2\/project\/1215\/revisions\/8245"}],"wp:featuredmedia":[{"embeddable":true,"href":"https:\/\/miquelperez.com\/ca\/wp-json\/wp\/v2\/media\/908"}],"wp:attachment":[{"href":"https:\/\/miquelperez.com\/ca\/wp-json\/wp\/v2\/media?parent=1215"}],"wp:term":[{"taxonomy":"project_category","embeddable":true,"href":"https:\/\/miquelperez.com\/ca\/wp-json\/wp\/v2\/project_category?post=1215"},{"taxonomy":"project_tag","embeddable":true,"href":"https:\/\/miquelperez.com\/ca\/wp-json\/wp\/v2\/project_tag?post=1215"}],"curies":[{"name":"wp","href":"https:\/\/api.w.org\/{rel}","templated":true}]}}