{"id":1213,"date":"2017-06-14T15:05:29","date_gmt":"2017-06-14T15:05:29","guid":{"rendered":"http:\/\/miquelperez.com\/project\/926\/"},"modified":"2023-05-23T08:33:04","modified_gmt":"2023-05-23T08:33:04","slug":"homenaje-joaquin-rodrigo-concierto-aranjuez","status":"publish","type":"project","link":"https:\/\/miquelperez.com\/ca\/project\/homenaje-joaquin-rodrigo-concierto-aranjuez\/","title":{"rendered":"Homenatge a Joaqu\u00edn Rodrigo"},"content":{"rendered":"<p>[et_pb_section fb_built=&#8221;1&#8243; admin_label=&#8221;section&#8221; _builder_version=&#8221;4.16&#8243; global_colors_info=&#8221;{}&#8221;][et_pb_row column_structure=&#8221;1_2,1_2&#8243; admin_label=&#8221;row&#8221; _builder_version=&#8221;4.16&#8243; background_size=&#8221;initial&#8221; background_position=&#8221;top_left&#8221; background_repeat=&#8221;repeat&#8221; global_colors_info=&#8221;{}&#8221;][et_pb_column type=&#8221;1_2&#8243; _builder_version=&#8221;4.16&#8243; custom_padding=&#8221;|||&#8221; global_colors_info=&#8221;{}&#8221; custom_padding__hover=&#8221;|||&#8221;][et_pb_gallery gallery_ids=&#8221;928,931&#8243; fullwidth=&#8221;on&#8221; admin_label=&#8221;Galer\u00eda&#8221; _builder_version=&#8221;4.16&#8243; auto=&#8221;on&#8221; auto_speed=&#8221;5000&#8243; use_border_color=&#8221;off&#8221; border_color=&#8221;#ffffff&#8221; border_style=&#8221;solid&#8221; global_colors_info=&#8221;{}&#8221;][\/et_pb_gallery][et_pb_text admin_label=&#8221;C\u00f3digo lista de audio&#8221; _builder_version=&#8221;4.16&#8243; text_text_color=&#8221;#ffffff&#8221; background_color=&#8221;#d9922c&#8221; background_size=&#8221;initial&#8221; background_position=&#8221;top_left&#8221; background_repeat=&#8221;repeat&#8221; custom_padding=&#8221;10px|10px|10px|10px&#8221; use_border_color=&#8221;off&#8221; border_color=&#8221;#ffffff&#8221; border_style=&#8221;solid&#8221; global_colors_info=&#8221;{}&#8221;]<div class=\"cue-playlist-container\">\n<div class=\"cue-playlist cue-theme-default\" itemscope itemtype=\"http:\/\/schema.org\/MusicPlaylist\">\n\t\n\t<meta itemprop=\"numTracks\" content=\"4\" \/>\n\n\t<audio src=\"http:\/\/miquelperez.com\/wp-content\/uploads\/2017\/06\/01-Artista-desconocido-Ti\u0301tulo-desconocido.mp3\" controls preload=\"none\" class=\"cue-audio\" style=\"width: 100%; height: auto\"><\/audio>\n\n\t<ol class=\"cue-tracks\">\n\t\t\t\t\t<li class=\"cue-track\" itemprop=\"track\" itemscope itemtype=\"http:\/\/schema.org\/MusicRecording\">\n\t\t\t\t\n\t\t\t\t<span class=\"cue-track-details cue-track-cell\">\n\t\t\t\t\t<span class=\"cue-track-title\" itemprop=\"name\">Allegro con sp\u00edrito<\/span>\n\t\t\t\t\t<span class=\"cue-track-artist\" itemprop=\"byArtist\">Homenatge a Joaqu\u00edn Rodrigo<\/span>\n\t\t\t\t<\/span>\n\n\t\t\t\t\n\t\t\t\t<span class=\"cue-track-length cue-track-cell\">6:23<\/span>\n\n\t\t\t\t\t\t\t<\/li>\n\t\t\t\t\t<li class=\"cue-track\" itemprop=\"track\" itemscope itemtype=\"http:\/\/schema.org\/MusicRecording\">\n\t\t\t\t\n\t\t\t\t<span class=\"cue-track-details cue-track-cell\">\n\t\t\t\t\t<span class=\"cue-track-title\" itemprop=\"name\">Adagio<\/span>\n\t\t\t\t\t<span class=\"cue-track-artist\" itemprop=\"byArtist\">Homenatge a Joaqu\u00edn Rodrigo<\/span>\n\t\t\t\t<\/span>\n\n\t\t\t\t\n\t\t\t\t<span class=\"cue-track-length cue-track-cell\">11:29<\/span>\n\n\t\t\t\t\t\t\t<\/li>\n\t\t\t\t\t<li class=\"cue-track\" itemprop=\"track\" itemscope itemtype=\"http:\/\/schema.org\/MusicRecording\">\n\t\t\t\t\n\t\t\t\t<span class=\"cue-track-details cue-track-cell\">\n\t\t\t\t\t<span class=\"cue-track-title\" itemprop=\"name\">Danza de las Hachas<\/span>\n\t\t\t\t\t<span class=\"cue-track-artist\" itemprop=\"byArtist\">Homenatge a Joaqu\u00edn Rodrigo<\/span>\n\t\t\t\t<\/span>\n\n\t\t\t\t\n\t\t\t\t<span class=\"cue-track-length cue-track-cell\">2:18<\/span>\n\n\t\t\t\t\t\t\t<\/li>\n\t\t\t\t\t<li class=\"cue-track\" itemprop=\"track\" itemscope itemtype=\"http:\/\/schema.org\/MusicRecording\">\n\t\t\t\t\n\t\t\t\t<span class=\"cue-track-details cue-track-cell\">\n\t\t\t\t\t<span class=\"cue-track-title\" itemprop=\"name\">Zapateado<\/span>\n\t\t\t\t\t<span class=\"cue-track-artist\" itemprop=\"byArtist\">Homenatge a Joaqu\u00edn Rodrigo<\/span>\n\t\t\t\t<\/span>\n\n\t\t\t\t\n\t\t\t\t<span class=\"cue-track-length cue-track-cell\">3:13<\/span>\n\n\t\t\t\t\t\t\t<\/li>\n\t\t\t<\/ol>\n\n\t<\/div>\n\t\t<script type=\"application\/json\" class=\"cue-playlist-data\">{\"embed_link\":\"https:\\\/\\\/miquelperez.com\\\/ca\\\/?cue_embed=homenatge-a-joaquin-rodrigo&cue_theme=default\",\"permalink\":\"https:\\\/\\\/miquelperez.com\\\/ca\\\/?cue_playlist=homenatge-a-joaquin-rodrigo\",\"skin\":\"cue-skin-default\",\"thumbnail\":\"https:\\\/\\\/miquelperez.com\\\/wp-content\\\/uploads\\\/2017\\\/06\\\/joaquin-rodrigo-cd-portada-300x300.jpg\",\"tracks\":[{\"artist\":\"Homenatge a Joaqu\\u00edn Rodrigo\",\"artworkId\":0,\"artworkUrl\":\"\",\"audioId\":937,\"audioUrl\":\"http:\\\/\\\/miquelperez.com\\\/wp-content\\\/uploads\\\/2017\\\/06\\\/01-Artista-desconocido-Ti\\u0301tulo-desconocido.mp3\",\"format\":\"mp3\",\"length\":\"6:23\",\"title\":\"Allegro con sp\\u00edrito\",\"order\":0,\"mp3\":\"http:\\\/\\\/miquelperez.com\\\/wp-content\\\/uploads\\\/2017\\\/06\\\/01-Artista-desconocido-Ti\\u0301tulo-desconocido.mp3\",\"meta\":{\"artist\":\"Homenatge a Joaqu\\u00edn Rodrigo\",\"length_formatted\":\"6:23\"},\"src\":\"http:\\\/\\\/miquelperez.com\\\/wp-content\\\/uploads\\\/2017\\\/06\\\/01-Artista-desconocido-Ti\\u0301tulo-desconocido.mp3\",\"thumb\":{\"src\":\"\"}},{\"artist\":\"Homenatge a Joaqu\\u00edn Rodrigo\",\"artworkId\":0,\"artworkUrl\":\"\",\"audioId\":940,\"audioUrl\":\"http:\\\/\\\/miquelperez.com\\\/wp-content\\\/uploads\\\/2017\\\/06\\\/02-Artista-desconocido-Ti\\u0301tulo-desconocido.mp3\",\"format\":\"mp3\",\"length\":\"11:29\",\"title\":\"Adagio\",\"order\":1,\"mp3\":\"http:\\\/\\\/miquelperez.com\\\/wp-content\\\/uploads\\\/2017\\\/06\\\/02-Artista-desconocido-Ti\\u0301tulo-desconocido.mp3\",\"meta\":{\"artist\":\"Homenatge a Joaqu\\u00edn Rodrigo\",\"length_formatted\":\"11:29\"},\"src\":\"http:\\\/\\\/miquelperez.com\\\/wp-content\\\/uploads\\\/2017\\\/06\\\/02-Artista-desconocido-Ti\\u0301tulo-desconocido.mp3\",\"thumb\":{\"src\":\"\"}},{\"artist\":\"Homenatge a Joaqu\\u00edn Rodrigo\",\"artworkId\":0,\"artworkUrl\":\"\",\"audioId\":943,\"audioUrl\":\"http:\\\/\\\/miquelperez.com\\\/wp-content\\\/uploads\\\/2017\\\/06\\\/06-Artista-desconocido-Ti\\u0301tulo-desconocido.mp3\",\"format\":\"mp3\",\"length\":\"2:18\",\"title\":\"Danza de las Hachas\",\"order\":2,\"mp3\":\"http:\\\/\\\/miquelperez.com\\\/wp-content\\\/uploads\\\/2017\\\/06\\\/06-Artista-desconocido-Ti\\u0301tulo-desconocido.mp3\",\"meta\":{\"artist\":\"Homenatge a Joaqu\\u00edn Rodrigo\",\"length_formatted\":\"2:18\"},\"src\":\"http:\\\/\\\/miquelperez.com\\\/wp-content\\\/uploads\\\/2017\\\/06\\\/06-Artista-desconocido-Ti\\u0301tulo-desconocido.mp3\",\"thumb\":{\"src\":\"\"}},{\"artist\":\"Homenatge a Joaqu\\u00edn Rodrigo\",\"artworkId\":0,\"artworkUrl\":\"\",\"audioId\":946,\"audioUrl\":\"http:\\\/\\\/miquelperez.com\\\/wp-content\\\/uploads\\\/2017\\\/06\\\/11-Artista-desconocido-Ti\\u0301tulo-desconocido.mp3\",\"format\":\"mp3\",\"length\":\"3:13\",\"title\":\"Zapateado\",\"order\":3,\"mp3\":\"http:\\\/\\\/miquelperez.com\\\/wp-content\\\/uploads\\\/2017\\\/06\\\/11-Artista-desconocido-Ti\\u0301tulo-desconocido.mp3\",\"meta\":{\"artist\":\"Homenatge a Joaqu\\u00edn Rodrigo\",\"length_formatted\":\"3:13\"},\"src\":\"http:\\\/\\\/miquelperez.com\\\/wp-content\\\/uploads\\\/2017\\\/06\\\/11-Artista-desconocido-Ti\\u0301tulo-desconocido.mp3\",\"thumb\":{\"src\":\"\"}}]}<\/script>\n\t\t<\/div><br \/>\n[\/et_pb_text][et_pb_video src=&#8221;https:\/\/www.youtube.com\/watch?v=5WIOaxf0gZ0&#8243; _builder_version=&#8221;4.17.6&#8243; _module_preset=&#8221;default&#8221; global_colors_info=&#8221;{}&#8221;][\/et_pb_video][\/et_pb_column][et_pb_column type=&#8221;1_2&#8243; _builder_version=&#8221;4.16&#8243; custom_padding=&#8221;|||&#8221; global_colors_info=&#8221;{}&#8221; custom_padding__hover=&#8221;|||&#8221;][et_pb_text admin_label=&#8221;Texto CD&#8221; _builder_version=&#8221;4.17.6&#8243; background_size=&#8221;initial&#8221; background_position=&#8221;top_left&#8221; background_repeat=&#8221;repeat&#8221; use_border_color=&#8221;off&#8221; border_color=&#8221;#ffffff&#8221; border_style=&#8221;solid&#8221; global_colors_info=&#8221;{}&#8221;]<\/p>\n<h2>Homenatge a Joaqu\u00edn Rodrigo<br \/>Concierto de Aranjuez. 2017<\/h2>\n<p><strong>T\u00edtol del projecte:<\/strong><br \/>\u201cHomenatge a Joaqu\u00edn Rodrigo\u201d \u2013Concierto de Aranjuez<br \/><strong>Orquestra: <\/strong>O.M.A Orquestra de la Marina Alta<br \/><strong>Guitarra solista:\u00a0<\/strong>Miquel P\u00e9rez Perell\u00f3<br \/><strong>Director:\u00a0<\/strong>Francesc Est\u00e9vez<br \/><strong>Portada:\u00a0<\/strong>\u201cEnsayo 10\u201d de Miguel \u00c1ngel Moya<\/p>\n<p style=\"text-align: justify;\">Aquest projecte presenta un programa de concert basat en dues de les obres m\u00e9s conegudes del mestre de Sagunt: \u201cEl Concert d&#8217;Aranjuez i la \u201cFanasia per a un gentil home\u201d.<br \/>Ambdues obres presenten el format de concert per a guitarra solista i orquestra.<\/p>\n<p>[\/et_pb_text][et_pb_button button_url=&#8221;https:\/\/miquelperez.com\/wp-content\/uploads\/2023\/01\/PROJECTE_Homenatge-a-Rodrigo.pdf&#8221; url_new_window=&#8221;on&#8221; button_text=&#8221;Contractaci\u00f3 i reserva. Dossier&#8221; _builder_version=&#8221;4.17.6&#8243; _module_preset=&#8221;default&#8221; custom_button=&#8221;on&#8221; button_text_color=&#8221;#ffffff&#8221; button_bg_color=&#8221;#e09900&#8243; global_colors_info=&#8221;{}&#8221;][\/et_pb_button][et_pb_button button_url=&#8221;https:\/\/open.spotify.com\/album\/7G6SobxuE42wttR1CfpoX2?si=3oQa0DdvSPexTX6wWrWVMg&#8221; url_new_window=&#8221;on&#8221; button_text=&#8221;Acc\u00e9s al disc a Spotify&#8221; _builder_version=&#8221;4.17.6&#8243; _module_preset=&#8221;default&#8221; global_colors_info=&#8221;{}&#8221;][\/et_pb_button][et_pb_button button_url=&#8221;https:\/\/www.amazon.com\/music\/player\/albums\/B07LFVM269&#8243; url_new_window=&#8221;on&#8221; button_text=&#8221;Acc\u00e9s a compra de tracks i disc a Amaz\u00f3n&#8221; _builder_version=&#8221;4.17.6&#8243; _module_preset=&#8221;default&#8221; global_colors_info=&#8221;{}&#8221;][\/et_pb_button][et_pb_text admin_label=&#8221;lista de temas&#8221; _builder_version=&#8221;4.16&#8243; text_text_color=&#8221;#ffffff&#8221; background_color=&#8221;#d9922c&#8221; background_size=&#8221;initial&#8221; background_position=&#8221;top_left&#8221; background_repeat=&#8221;repeat&#8221; custom_padding=&#8221;10px|10px|10px|10px&#8221; use_border_color=&#8221;off&#8221; border_color=&#8221;#ffffff&#8221; border_style=&#8221;solid&#8221; global_colors_info=&#8221;{}&#8221;]<strong>Concierto de Aranjuez \u00a0(1939)<\/strong><\/p>\n<ol>\n<li>Allegro con sp\u00edrito 6:23<\/li>\n<li>Adagio 11:29<\/li>\n<li>Allegro gentile 5:19<strong><br \/>\nFantas\u00eda para un gentil hombre (1954)<\/strong><\/li>\n<li>Villano y Ricercar 5:15<\/li>\n<li>Espa\u00f1oleta y Fanfare de la Caballer\u00eda de N\u00e1poles 10:26<\/li>\n<li>Danza de las Hachas 2:17<\/li>\n<li>Canario 5:11<\/li>\n<li>En los trigales (1938)* 4:10<strong><br \/>\nTres Piezas Espa\u00f1olas \u00a0(1954)*<\/strong><\/li>\n<li>Fandango 3:56<\/li>\n<li>Passacaglia 5:16<\/li>\n<li>Zapateado 3:13*guitarra sola<\/li>\n<\/ol>\n<p>[\/et_pb_text][et_pb_video src=&#8221;https:\/\/youtu.be\/fX2z96VTnjg&#8221; admin_label=&#8221;V\u00eddeo&#8221; _builder_version=&#8221;4.16&#8243; custom_css_main_element=&#8221;display:none;&#8221; global_colors_info=&#8221;{}&#8221;][\/et_pb_video][\/et_pb_column][\/et_pb_row][et_pb_row admin_label=&#8221;Fila&#8221; _builder_version=&#8221;4.16&#8243; background_size=&#8221;initial&#8221; background_position=&#8221;top_left&#8221; background_repeat=&#8221;repeat&#8221; custom_css_main_element=&#8221;display:none;&#8221; make_fullwidth=&#8221;off&#8221; use_custom_width=&#8221;off&#8221; width_unit=&#8221;on&#8221; global_colors_info=&#8221;{}&#8221;][et_pb_column type=&#8221;4_4&#8243; _builder_version=&#8221;4.16&#8243; custom_padding=&#8221;|||&#8221; global_colors_info=&#8221;{}&#8221; custom_padding__hover=&#8221;|||&#8221;][et_pb_text admin_label=&#8221;Galeria fotos&#8221; _builder_version=&#8221;4.16&#8243; background_size=&#8221;initial&#8221; background_position=&#8221;top_left&#8221; background_repeat=&#8221;repeat&#8221; use_border_color=&#8221;off&#8221; border_color=&#8221;#ffffff&#8221; border_style=&#8221;solid&#8221; global_colors_info=&#8221;{}&#8221;] [photo_gallery_wp id=&#8221;5&#8243;] [\/et_pb_text][\/et_pb_column][\/et_pb_row][\/et_pb_section][et_pb_section fb_built=&#8221;1&#8243; fullwidth=&#8221;on&#8221; admin_label=&#8221;Secci\u00f3n&#8221; _builder_version=&#8221;4.16&#8243; global_colors_info=&#8221;{}&#8221;][et_pb_fullwidth_header title=&#8221;Discograf\u00eda&#8221; content_max_width=&#8221;none&#8221; title_font_color=&#8221;#ffffff&#8221; admin_label=&#8221;T\u00edtulo discografia&#8221; _builder_version=&#8221;4.16&#8243; title_text_color=&#8221;#ffffff&#8221; background_layout=&#8221;light&#8221; custom_css_main_element=&#8221;padding:10px 0;&#8221; button_one_letter_spacing_hover=&#8221;0&#8243; button_two_letter_spacing_hover=&#8221;0&#8243; global_colors_info=&#8221;{}&#8221; button_one_text_size__hover_enabled=&#8221;off&#8221; button_two_text_size__hover_enabled=&#8221;off&#8221; button_one_text_color__hover_enabled=&#8221;off&#8221; button_two_text_color__hover_enabled=&#8221;off&#8221; button_one_border_width__hover_enabled=&#8221;off&#8221; button_two_border_width__hover_enabled=&#8221;off&#8221; button_one_border_color__hover_enabled=&#8221;off&#8221; button_two_border_color__hover_enabled=&#8221;off&#8221; button_one_border_radius__hover_enabled=&#8221;off&#8221; button_two_border_radius__hover_enabled=&#8221;off&#8221; button_one_letter_spacing__hover_enabled=&#8221;on&#8221; button_one_letter_spacing__hover=&#8221;0&#8243; button_two_letter_spacing__hover_enabled=&#8221;on&#8221; button_two_letter_spacing__hover=&#8221;0&#8243; button_one_bg_color__hover_enabled=&#8221;off&#8221; button_two_bg_color__hover_enabled=&#8221;off&#8221;][\/et_pb_fullwidth_header][et_pb_fullwidth_portfolio include_categories=&#8221;39,41,40,38&#8243; show_date=&#8221;off&#8221; admin_label=&#8221;Carrusel discografia&#8221; _builder_version=&#8221;4.16&#8243; background_size=&#8221;initial&#8221; background_position=&#8221;top_left&#8221; background_repeat=&#8221;repeat&#8221; auto=&#8221;on&#8221; use_border_color=&#8221;off&#8221; border_color=&#8221;#ffffff&#8221; border_style=&#8221;solid&#8221; global_colors_info=&#8221;{}&#8221;][\/et_pb_fullwidth_portfolio][\/et_pb_section]<\/p>\n","protected":false},"excerpt":{"rendered":"<p>Aquest projecte presenta un programa de concert basat en dues de les obres m\u00e9s conegudes del mestre de Sagunt: \u201cEl Concert d&#8217;Aranjuez i la \u201cFanasia per a un gentil home\u201d.<\/p>\n","protected":false},"author":1,"featured_media":928,"comment_status":"open","ping_status":"closed","template":"","meta":{"_et_pb_use_builder":"on","_et_pb_old_content":"","_et_gb_content_width":"","footnotes":"","_links_to":"","_links_to_target":""},"project_category":[97,455,99,181,103],"project_tag":[],"class_list":["post-1213","project","type-project","status-publish","has-post-thumbnail","hentry","project_category-colablaboracions","project_category-guitarra-ca","project_category-guitarra-classica","project_category-projectes-actuals","project_category-projectes-de-creacio-propia"],"_links":{"self":[{"href":"https:\/\/miquelperez.com\/ca\/wp-json\/wp\/v2\/project\/1213","targetHints":{"allow":["GET"]}}],"collection":[{"href":"https:\/\/miquelperez.com\/ca\/wp-json\/wp\/v2\/project"}],"about":[{"href":"https:\/\/miquelperez.com\/ca\/wp-json\/wp\/v2\/types\/project"}],"author":[{"embeddable":true,"href":"https:\/\/miquelperez.com\/ca\/wp-json\/wp\/v2\/users\/1"}],"replies":[{"embeddable":true,"href":"https:\/\/miquelperez.com\/ca\/wp-json\/wp\/v2\/comments?post=1213"}],"version-history":[{"count":0,"href":"https:\/\/miquelperez.com\/ca\/wp-json\/wp\/v2\/project\/1213\/revisions"}],"wp:featuredmedia":[{"embeddable":true,"href":"https:\/\/miquelperez.com\/ca\/wp-json\/wp\/v2\/media\/928"}],"wp:attachment":[{"href":"https:\/\/miquelperez.com\/ca\/wp-json\/wp\/v2\/media?parent=1213"}],"wp:term":[{"taxonomy":"project_category","embeddable":true,"href":"https:\/\/miquelperez.com\/ca\/wp-json\/wp\/v2\/project_category?post=1213"},{"taxonomy":"project_tag","embeddable":true,"href":"https:\/\/miquelperez.com\/ca\/wp-json\/wp\/v2\/project_tag?post=1213"}],"curies":[{"name":"wp","href":"https:\/\/api.w.org\/{rel}","templated":true}]}}