{"id":3085,"date":"2018-12-07T08:15:07","date_gmt":"2018-12-07T08:15:07","guid":{"rendered":"http:\/\/miquelperez.com\/producto\/sense-meta-ni-rumb-miquel-perez-i-maria-moreno\/"},"modified":"2018-12-18T09:49:59","modified_gmt":"2018-12-18T09:49:59","slug":"sense-meta-ni-rumb-miquel-perez-i-maria-moreno","status":"publish","type":"product","link":"https:\/\/miquelperez.com\/ca\/producto\/sense-meta-ni-rumb-miquel-perez-i-maria-moreno\/","title":{"rendered":"Sense meta ni rumb. Miquel P\u00e9rez i Mar\u00eda Moreno"},"content":{"rendered":"<p><strong>Sense meta ni rumb. Miquel P\u00e9rez &amp;Maria Moreno<\/strong><\/p>\n<ol>\n<li>Terra de mar entre muntanyes. Lletrai m\u00fasica Miquel P\u00e9rez<\/li>\n<li>Foscos amants.Poema deVicent Andr\u00e9s Estell\u00e9s.<\/li>\n<li>Jo so molttrist. Poema d\u2019Ausi\u00e0sMarch.<\/li>\n<li>Olor de terrahumida. Poema de Tom\u00e0sLlopis<\/li>\n<li>El silenci\u00e9s el llen\u00e7. Lletra i m\u00fasica Miquel P\u00e9rez.<\/li>\n<li>La fira del m\u00f3n. Lletra i m\u00fasica Miquel P\u00e9rez.<\/li>\n<li>Il\u2022lusi\u00f3. Poema de MariaIbars.<\/li>\n<li>Abs\u00e8ncia. Poema de Abu Bakr al-Turtux\u00ed de Tortosa (Josep Piera)<\/li>\n<li>No t\u2019heperdut. Poema de Josep Piera.<\/li>\n<li>Silenci de fanals. Poema de Maria Josep Escriv\u00e0<\/li>\n<li>Can\u00e7\u00f3 per a Emma. Lletra i m\u00fasica Miquel P\u00e9rez. ( Can\u00e7\u00f3 de Bressol)<\/li>\n<li>Obrir\u00e9 totes les portes. Lletra i m\u00fasica Miquel P\u00e9rez.<\/li>\n<li>Cap pena avui. Lletra i m\u00fasica Miquel P\u00e9rez.<\/li>\n<\/ol>\n<div class=\"cue-playlist-container\">\n<div class=\"cue-playlist cue-theme-default\" itemscope itemtype=\"http:\/\/schema.org\/MusicPlaylist\">\n\t\n\t<meta itemprop=\"numTracks\" content=\"3\" \/>\n\n\t<audio src=\"http:\/\/miquelperez.com\/wp-content\/uploads\/2018\/12\/ABSENCIA_01.mp3\" controls preload=\"none\" class=\"cue-audio\" style=\"width: 100%; height: auto\"><\/audio>\n\n\t<ol class=\"cue-tracks\">\n\t\t\t\t\t<li class=\"cue-track\" itemprop=\"track\" itemscope itemtype=\"http:\/\/schema.org\/MusicRecording\">\n\t\t\t\t\n\t\t\t\t<span class=\"cue-track-details cue-track-cell\">\n\t\t\t\t\t<span class=\"cue-track-title\" itemprop=\"name\">ABSENCIA<\/span>\n\t\t\t\t\t<span class=\"cue-track-artist\" itemprop=\"byArtist\">Miquel P\u00e9rez i Mar\u00eda Moreno<\/span>\n\t\t\t\t<\/span>\n\n\t\t\t\t\n\t\t\t\t<span class=\"cue-track-length cue-track-cell\">4:58<\/span>\n\n\t\t\t\t\t\t\t<\/li>\n\t\t\t\t\t<li class=\"cue-track\" itemprop=\"track\" itemscope itemtype=\"http:\/\/schema.org\/MusicRecording\">\n\t\t\t\t\n\t\t\t\t<span class=\"cue-track-details cue-track-cell\">\n\t\t\t\t\t<span class=\"cue-track-title\" itemprop=\"name\">EL SILENCI ES LLEN\u00c7<\/span>\n\t\t\t\t\t<span class=\"cue-track-artist\" itemprop=\"byArtist\">Miquel P\u00e9rez i Mar\u00eda Moreno<\/span>\n\t\t\t\t<\/span>\n\n\t\t\t\t\n\t\t\t\t<span class=\"cue-track-length cue-track-cell\">3:33<\/span>\n\n\t\t\t\t\t\t\t<\/li>\n\t\t\t\t\t<li class=\"cue-track\" itemprop=\"track\" itemscope itemtype=\"http:\/\/schema.org\/MusicRecording\">\n\t\t\t\t\n\t\t\t\t<span class=\"cue-track-details cue-track-cell\">\n\t\t\t\t\t<span class=\"cue-track-title\" itemprop=\"name\">LA FIRA DEL MON<\/span>\n\t\t\t\t\t<span class=\"cue-track-artist\" itemprop=\"byArtist\">Miquel P\u00e9rez i Mar\u00eda Moreno<\/span>\n\t\t\t\t<\/span>\n\n\t\t\t\t\n\t\t\t\t<span class=\"cue-track-length cue-track-cell\">4:46<\/span>\n\n\t\t\t\t\t\t\t<\/li>\n\t\t\t<\/ol>\n\n\t<\/div>\n\t\t<script type=\"application\/json\" class=\"cue-playlist-data\">{\"embed_link\":\"https:\\\/\\\/miquelperez.com\\\/ca\\\/?cue_embed=sense-meta-ni-rumb&cue_theme=default\",\"permalink\":\"https:\\\/\\\/miquelperez.com\\\/ca\\\/?cue_playlist=sense-meta-ni-rumb\",\"skin\":\"cue-skin-default\",\"thumbnail\":\"https:\\\/\\\/miquelperez.com\\\/wp-content\\\/uploads\\\/2018\\\/12\\\/Sense-meta-ni-rumb-portada-400x400.jpg\",\"tracks\":[{\"artist\":\"Miquel P\\u00e9rez i Mar\\u00eda Moreno\",\"artworkId\":0,\"artworkUrl\":\"\",\"audioId\":3070,\"audioUrl\":\"http:\\\/\\\/miquelperez.com\\\/wp-content\\\/uploads\\\/2018\\\/12\\\/ABSENCIA_01.mp3\",\"format\":\"mp3\",\"length\":\"4:58\",\"title\":\"ABSENCIA\",\"order\":0,\"mp3\":\"http:\\\/\\\/miquelperez.com\\\/wp-content\\\/uploads\\\/2018\\\/12\\\/ABSENCIA_01.mp3\",\"meta\":{\"artist\":\"Miquel P\\u00e9rez i Mar\\u00eda Moreno\",\"length_formatted\":\"4:58\"},\"src\":\"http:\\\/\\\/miquelperez.com\\\/wp-content\\\/uploads\\\/2018\\\/12\\\/ABSENCIA_01.mp3\",\"thumb\":{\"src\":\"\"}},{\"artist\":\"Miquel P\\u00e9rez i Mar\\u00eda Moreno\",\"artworkId\":0,\"artworkUrl\":\"\",\"audioId\":3073,\"audioUrl\":\"http:\\\/\\\/miquelperez.com\\\/wp-content\\\/uploads\\\/2018\\\/12\\\/EL-SILENCI-ES-LLEN\\u00c7_01.mp3\",\"format\":\"mp3\",\"length\":\"3:33\",\"title\":\"EL SILENCI ES LLEN\\u00c7\",\"order\":1,\"mp3\":\"http:\\\/\\\/miquelperez.com\\\/wp-content\\\/uploads\\\/2018\\\/12\\\/EL-SILENCI-ES-LLEN\\u00c7_01.mp3\",\"meta\":{\"artist\":\"Miquel P\\u00e9rez i Mar\\u00eda Moreno\",\"length_formatted\":\"3:33\"},\"src\":\"http:\\\/\\\/miquelperez.com\\\/wp-content\\\/uploads\\\/2018\\\/12\\\/EL-SILENCI-ES-LLEN\\u00c7_01.mp3\",\"thumb\":{\"src\":\"\"}},{\"artist\":\"Miquel P\\u00e9rez i Mar\\u00eda Moreno\",\"artworkId\":0,\"artworkUrl\":\"\",\"audioId\":3076,\"audioUrl\":\"http:\\\/\\\/miquelperez.com\\\/wp-content\\\/uploads\\\/2018\\\/12\\\/LA-FIRA-DEL-MON_01.mp3\",\"format\":\"mp3\",\"length\":\"4:46\",\"title\":\"LA FIRA DEL MON\",\"order\":2,\"mp3\":\"http:\\\/\\\/miquelperez.com\\\/wp-content\\\/uploads\\\/2018\\\/12\\\/LA-FIRA-DEL-MON_01.mp3\",\"meta\":{\"artist\":\"Miquel P\\u00e9rez i Mar\\u00eda Moreno\",\"length_formatted\":\"4:46\"},\"src\":\"http:\\\/\\\/miquelperez.com\\\/wp-content\\\/uploads\\\/2018\\\/12\\\/LA-FIRA-DEL-MON_01.mp3\",\"thumb\":{\"src\":\"\"}}]}<\/script>\n\t\t<\/div>\n<p><iframe loading=\"lazy\" width=\"1080\" height=\"810\" src=\"https:\/\/www.youtube.com\/embed\/02GOiT3bKxg?feature=oembed\" frameborder=\"0\" allow=\"accelerometer; autoplay; encrypted-media; gyroscope; picture-in-picture\" allowfullscreen><\/iframe><\/p>\n<p>&nbsp;<\/p>\n<p><iframe loading=\"lazy\" width=\"1080\" height=\"608\" src=\"https:\/\/www.youtube.com\/embed\/fOKAEKb2rNA?feature=oembed\" frameborder=\"0\" allow=\"accelerometer; autoplay; encrypted-media; gyroscope; picture-in-picture\" allowfullscreen><\/iframe><\/p>\n<p><iframe loading=\"lazy\" width=\"1080\" height=\"608\" src=\"https:\/\/www.youtube.com\/embed\/BM41Scqh9L4?feature=oembed\" frameborder=\"0\" allow=\"accelerometer; autoplay; encrypted-media; gyroscope; picture-in-picture\" allowfullscreen><\/iframe><\/p>\n<p>&nbsp;<\/p>\n","protected":false},"excerpt":{"rendered":"<p><strong>&#8220;Sense meta ni rumb&#8221;<\/strong><\/p>\n<p>\u00abMaria i Miquel presenten un projecte amb registres molt variats, que han arranjat de manera cuidada i que abasta una \u00e0mplia diversitat d\u2019estils.<\/p>\n<p>El treball compta amb set poemes de poetes valencians que Miquel ha fet can\u00e7\u00f3.<br \/>\nEls poetes elegits son Ausias March, Vicent Andr\u00e9s Estell\u00e9s, Maria Ibars, Josep Piera, Abu Bakr al-Turtux\u00ed de Tortosa, Maria Josep Escriv\u00e0 i Tom\u00e0s Llopis, que inclou a banda vuit temes propis.<\/p>\n<p>La barreja d\u2019estils que es presenten, fan d\u2019ell un recorregut per la bossanova, la can\u00e7\u00f3 tradicional el pop, la m\u00fasica mediterr\u00e0nia, el tango i la can\u00e7\u00f3 d\u2019autor.<\/p>\n","protected":false},"featured_media":3067,"comment_status":"open","ping_status":"closed","template":"","meta":{"_et_pb_use_builder":"on","_et_pb_old_content":"","_et_gb_content_width":"","_links_to":"","_links_to_target":""},"product_brand":[],"product_cat":[124],"product_tag":[348,349],"class_list":{"0":"post-3085","1":"product","2":"type-product","3":"status-publish","4":"has-post-thumbnail","6":"product_cat-discos-ca","7":"product_tag-marnia-moreno-ca","8":"product_tag-miquel-perez-ca","10":"first","11":"instock","12":"taxable","13":"shipping-taxable","14":"purchasable","15":"product-type-simple"},"_links":{"self":[{"href":"https:\/\/miquelperez.com\/ca\/wp-json\/wp\/v2\/product\/3085","targetHints":{"allow":["GET"]}}],"collection":[{"href":"https:\/\/miquelperez.com\/ca\/wp-json\/wp\/v2\/product"}],"about":[{"href":"https:\/\/miquelperez.com\/ca\/wp-json\/wp\/v2\/types\/product"}],"replies":[{"embeddable":true,"href":"https:\/\/miquelperez.com\/ca\/wp-json\/wp\/v2\/comments?post=3085"}],"wp:featuredmedia":[{"embeddable":true,"href":"https:\/\/miquelperez.com\/ca\/wp-json\/wp\/v2\/media\/3067"}],"wp:attachment":[{"href":"https:\/\/miquelperez.com\/ca\/wp-json\/wp\/v2\/media?parent=3085"}],"wp:term":[{"taxonomy":"product_brand","embeddable":true,"href":"https:\/\/miquelperez.com\/ca\/wp-json\/wp\/v2\/product_brand?post=3085"},{"taxonomy":"product_cat","embeddable":true,"href":"https:\/\/miquelperez.com\/ca\/wp-json\/wp\/v2\/product_cat?post=3085"},{"taxonomy":"product_tag","embeddable":true,"href":"https:\/\/miquelperez.com\/ca\/wp-json\/wp\/v2\/product_tag?post=3085"}],"curies":[{"name":"wp","href":"https:\/\/api.w.org\/{rel}","templated":true}]}}